{"id":1349,"date":"2017-06-05T11:04:56","date_gmt":"2017-06-05T09:04:56","guid":{"rendered":"http:\/\/ops.radlin.pl\/ops\/?page_id=1349"},"modified":"2018-10-30T16:48:19","modified_gmt":"2018-10-30T15:48:19","slug":"infolinie","status":"publish","type":"page","link":"https:\/\/ops.radlin.pl\/ops\/infolinie\/","title":{"rendered":"Infolinie"},"content":{"rendered":"<p style=\"text-align: left;\"><strong>1. Telefon zaufania dla os\u00f3b cierpi\u0105cych z powodu uzale\u017cnie\u0144 behawioralnych oraz ich bliskich (Instytut Psychologii Zdrowia Polskiego Towarzystwa Psychologicznego)<\/strong><\/p>\n<p style=\"text-align: left;\"><img loading=\"lazy\" decoding=\"async\" id=\"longdesc-return-1350\" class=\"aligncenter size-full wp-image-1350\" tabindex=\"-1\" src=\"http:\/\/ops.radlin.pl\/ops\/wp-content\/uploads\/2017\/06\/TEL-uzaleznieniabehawioralne.png\" alt=\"Logo telefonu zaufania uzale\u017cnienia behawioralne 801 889 880\" longdesc=\"http:\/\/ops.radlin.pl\/ops?longdesc=1350&amp;referrer=1349\" width=\"850\" height=\"250\" srcset=\"https:\/\/ops.radlin.pl\/ops\/wp-content\/uploads\/2017\/06\/TEL-uzaleznieniabehawioralne.png 850w, https:\/\/ops.radlin.pl\/ops\/wp-content\/uploads\/2017\/06\/TEL-uzaleznieniabehawioralne-300x88.png 300w, https:\/\/ops.radlin.pl\/ops\/wp-content\/uploads\/2017\/06\/TEL-uzaleznieniabehawioralne-768x226.png 768w\" sizes=\"auto, (max-width: 850px) 100vw, 850px\" \/><\/p>\n<ul>\n<li style=\"text-align: left;\">telefon jest czynny:\n<ul>\n<li style=\"text-align: left;\">codziennie w godz. 17:00 &#8211; 22:00<\/li>\n<\/ul>\n<\/li>\n<li style=\"text-align: left;\">koszt po\u0142\u0105czenia to koszt jednego impulsu wg taryfy operatora<\/li>\n<\/ul>\n<p style=\"text-align: left;\">Czym s\u0105 uzale\u017cnienia behawioralne? S\u0105 to wszystkie uzale\u017cnienia, kt\u00f3re nie s\u0105 zwi\u0105zane z za\u017cywaniem substancji psychoaktywnych (alkoholu, narkotyk\u00f3w), czyli na przyk\u0142ad uzale\u017cnienie od hazardu, uzale\u017cnienie od Internetu lub komputera, seksoholizm, pracoholizm, uzale\u017cnienie od zakup\u00f3w czy objadania si\u0119.<\/p>\n<p style=\"text-align: left;\">&nbsp;<\/p>\n<p style=\"text-align: left;\"><strong>2. Infolinia obywatelska Rzecznika Praw Obywatelskich<\/strong><\/p>\n<p style=\"text-align: left;\"><img loading=\"lazy\" decoding=\"async\" id=\"longdesc-return-1368\" class=\"aligncenter size-full wp-image-1368\" tabindex=\"-1\" src=\"http:\/\/ops.radlin.pl\/ops\/wp-content\/uploads\/2017\/06\/TEL-RPO.png\" alt=\"Logo - Infolinia Rzecznika Praw Obywatelskich \u2013 800 676 676\" longdesc=\"http:\/\/ops.radlin.pl\/ops?longdesc=1368&amp;referrer=1349\" width=\"850\" height=\"150\" srcset=\"https:\/\/ops.radlin.pl\/ops\/wp-content\/uploads\/2017\/06\/TEL-RPO.png 850w, https:\/\/ops.radlin.pl\/ops\/wp-content\/uploads\/2017\/06\/TEL-RPO-300x53.png 300w, https:\/\/ops.radlin.pl\/ops\/wp-content\/uploads\/2017\/06\/TEL-RPO-768x136.png 768w\" sizes=\"auto, (max-width: 850px) 100vw, 850px\" \/><\/p>\n<ul>\n<li style=\"text-align: left;\">telefon jest czynny:\n<ul>\n<li style=\"text-align: left;\">poniedzia\u0142ek w godz. 10:00 &#8211; 18:00<\/li>\n<li style=\"text-align: left;\">wtorek &#8211; pi\u0105tek w godz. 8:00 &#8211; 16:00<\/li>\n<\/ul>\n<\/li>\n<li style=\"text-align: left;\">po\u0142\u0105czenie jest bezp\u0142atne z telefon\u00f3w stacjonarnych oraz telefon\u00f3w kom\u00f3rkowych<\/li>\n<\/ul>\n<p style=\"text-align: left;\">Pracownicy Infolinii udzielaj\u0105 informacji o przys\u0142uguj\u0105cych obywatelom prawach oraz wskazuj\u0105 mo\u017cliwe sposoby post\u0119powania.<\/p>\n<p style=\"text-align: left;\">&nbsp;<\/p>\n<p style=\"text-align: left;\"><strong>3. Infolinia dla os\u00f3b bezdomnych<\/strong><\/p>\n<p style=\"text-align: left;\">&nbsp;<\/p>\n<p style=\"text-align: left;\"><img loading=\"lazy\" decoding=\"async\" tabindex=\"-1\" id=\"longdesc-return-3243\" longdesc=\"http:\/\/ops.radlin.pl\/ops?longdesc=3243&#038;referrer=1349\" src=\"http:\/\/ops.radlin.pl\/ops\/wp-content\/uploads\/2018\/10\/pb2018.png\" alt=\"Plakat Pomoc Bezdomnym 2017\" width=\"850\" height=\"460\" class=\"aligncenter size-full wp-image-3243\" srcset=\"https:\/\/ops.radlin.pl\/ops\/wp-content\/uploads\/2018\/10\/pb2018.png 850w, https:\/\/ops.radlin.pl\/ops\/wp-content\/uploads\/2018\/10\/pb2018-300x162.png 300w, https:\/\/ops.radlin.pl\/ops\/wp-content\/uploads\/2018\/10\/pb2018-768x416.png 768w\" sizes=\"auto, (max-width: 850px) 100vw, 850px\" \/><\/p>\n<p style=\"text-align: left;\">&nbsp;<\/p>\n<ul>\n<li style=\"text-align: left;\">telefon jest czynny:\n<ul>\n<li style=\"text-align: left;\">od 1 listopada do 31 marca<\/li>\n<\/ul>\n<\/li>\n<li style=\"text-align: left;\">po\u0142\u0105czenie jest bezp\u0142atne<\/li>\n<\/ul>\n<p style=\"text-align: left;\">&nbsp;<\/p>\n<p style=\"text-align: left;\"><strong>4. Dzieci\u0119cy Telefon Zaufania Rzecznika Praw Dziecka<\/strong><\/p>\n<p style=\"text-align: left;\"><img loading=\"lazy\" decoding=\"async\" id=\"longdesc-return-1363\" class=\"aligncenter size-full wp-image-1363\" tabindex=\"-1\" src=\"http:\/\/ops.radlin.pl\/ops\/wp-content\/uploads\/2017\/06\/TEL-RPD.png\" alt=\"800 12 12 12 Dzieci\u0119cy Telefon Zaufania Rzecznika Praw Dziecka\" longdesc=\"http:\/\/ops.radlin.pl\/ops?longdesc=1363&amp;referrer=1349\" width=\"850\" height=\"250\" srcset=\"https:\/\/ops.radlin.pl\/ops\/wp-content\/uploads\/2017\/06\/TEL-RPD.png 850w, https:\/\/ops.radlin.pl\/ops\/wp-content\/uploads\/2017\/06\/TEL-RPD-300x88.png 300w, https:\/\/ops.radlin.pl\/ops\/wp-content\/uploads\/2017\/06\/TEL-RPD-768x226.png 768w\" sizes=\"auto, (max-width: 850px) 100vw, 850px\" \/><\/p>\n<ul>\n<li style=\"text-align: left;\">telefon jest czynny:\n<ul>\n<li>dy\u017cur od poniedzia\u0142ku do pi\u0105tku w godz. 8:15 &#8211; 20:00<\/li>\n<li>telefon jest ca\u0142odobowy &#8211; po godzinach dy\u017curu oraz w dni wolne ka\u017cdy dzwoni\u0105cy mo\u017ce przedstawi\u0107 sw\u00f3j problem i zostawi\u0107 numer kontaktowy &#8211; pracownik telefonu zaufania oddzwoni nast\u0119pnego dnia<\/li>\n<\/ul>\n<\/li>\n<li style=\"text-align: left;\">po\u0142\u0105czenie jest bezp\u0142atne<\/li>\n<\/ul>\n<p>&nbsp;<\/p>\n<p style=\"text-align: left;\"><strong>5. Poradnia Telefoniczna dla Os\u00f3b Doros\u0142ych w Kryzysie Emocjonalnym<\/strong><\/p>\n<p style=\"text-align: left;\"><img loading=\"lazy\" decoding=\"async\" id=\"longdesc-return-1366\" class=\"aligncenter size-full wp-image-1366\" tabindex=\"-1\" src=\"http:\/\/ops.radlin.pl\/ops\/wp-content\/uploads\/2017\/06\/TEL-Kryzysemocjonalny.png\" alt=\"116123\" longdesc=\"http:\/\/ops.radlin.pl\/ops?longdesc=1366&amp;referrer=1349\" width=\"850\" height=\"150\" srcset=\"https:\/\/ops.radlin.pl\/ops\/wp-content\/uploads\/2017\/06\/TEL-Kryzysemocjonalny.png 850w, https:\/\/ops.radlin.pl\/ops\/wp-content\/uploads\/2017\/06\/TEL-Kryzysemocjonalny-300x53.png 300w, https:\/\/ops.radlin.pl\/ops\/wp-content\/uploads\/2017\/06\/TEL-Kryzysemocjonalny-768x136.png 768w\" sizes=\"auto, (max-width: 850px) 100vw, 850px\" \/><\/p>\n<ul>\n<li style=\"text-align: left;\">telefon jest czynny:\n<ul>\n<li>codziennie w godz. 14:00 &#8211; 22:00<\/li>\n<\/ul>\n<\/li>\n<li style=\"text-align: left;\">po\u0142\u0105czenie jest bezp\u0142atne<\/li>\n<\/ul>\n<p>&nbsp;<\/p>\n<p style=\"text-align: left;\"><strong>6. Og\u00f3lnopolskie Pogotowie dla Ofiar Przemocy w Rodzinie &#8222;Niebieska Linia&#8221;<\/strong><\/p>\n<p style=\"text-align: left;\"><img loading=\"lazy\" decoding=\"async\" id=\"longdesc-return-1371\" class=\"aligncenter size-full wp-image-1371\" tabindex=\"-1\" src=\"http:\/\/ops.radlin.pl\/ops\/wp-content\/uploads\/2017\/06\/TEL-NL.png\" alt=\"Logo Niebieska Linia 800 12 00 02\" longdesc=\"http:\/\/ops.radlin.pl\/ops?longdesc=1371&amp;referrer=1349\" width=\"850\" height=\"250\" srcset=\"https:\/\/ops.radlin.pl\/ops\/wp-content\/uploads\/2017\/06\/TEL-NL.png 850w, https:\/\/ops.radlin.pl\/ops\/wp-content\/uploads\/2017\/06\/TEL-NL-300x88.png 300w, https:\/\/ops.radlin.pl\/ops\/wp-content\/uploads\/2017\/06\/TEL-NL-768x226.png 768w\" sizes=\"auto, (max-width: 850px) 100vw, 850px\" \/><\/p>\n<ul>\n<li style=\"text-align: left;\">telefon jest czynny:\n<ul>\n<li>ca\u0142\u0105 dob\u0119 w tym:\n<ul>\n<li>dy\u017cur w j\u0119zyku angielskim (poniedzia\u0142ki w godzinach 18-22)<\/li>\n<li>dy\u017cur w j\u0119zyku rosyjskim (wtorki w godzinach 18-22)<\/li>\n<li>dy\u017cur prawny (\u015brody w godzinach 18-22)<\/li>\n<\/ul>\n<\/li>\n<\/ul>\n<\/li>\n<\/ul>\n<p>&nbsp;<\/p>\n<p style=\"text-align: left;\"><strong>7. Infolinia dla bezrobotnych<\/strong><\/p>\n<p style=\"text-align: left;\"><img loading=\"lazy\" decoding=\"async\" id=\"longdesc-return-1374\" class=\"aligncenter size-full wp-image-1374\" tabindex=\"-1\" src=\"http:\/\/ops.radlin.pl\/ops\/wp-content\/uploads\/2017\/06\/TEL-zielonalinia.png\" alt=\"Zielona Linia 19524\" longdesc=\"http:\/\/ops.radlin.pl\/ops?longdesc=1374&amp;referrer=1349\" width=\"850\" height=\"200\" srcset=\"https:\/\/ops.radlin.pl\/ops\/wp-content\/uploads\/2017\/06\/TEL-zielonalinia.png 850w, https:\/\/ops.radlin.pl\/ops\/wp-content\/uploads\/2017\/06\/TEL-zielonalinia-300x71.png 300w, https:\/\/ops.radlin.pl\/ops\/wp-content\/uploads\/2017\/06\/TEL-zielonalinia-768x181.png 768w\" sizes=\"auto, (max-width: 850px) 100vw, 850px\" \/><\/p>\n<ul>\n<li style=\"text-align: left;\">telefon jest czynny:\n<ul>\n<li style=\"text-align: left;\">od poniedzia\u0142ku do pi\u0105tku w godz. 8:00 &#8211; 18:00<\/li>\n<\/ul>\n<\/li>\n<li style=\"text-align: left;\">infolinia jest p\u0142atna &#8211; op\u0142ata jak za po\u0142\u0105czenie lokalne wg taryfy operatora<\/li>\n<\/ul>\n<p style=\"text-align: left;\">&nbsp;<\/p>\n<p style=\"text-align: left;\"><strong>8. Infolinia AA<\/strong><\/p>\n<p style=\"text-align: left;\"><img loading=\"lazy\" decoding=\"async\" id=\"longdesc-return-1376\" class=\"aligncenter size-full wp-image-1376\" tabindex=\"-1\" src=\"http:\/\/ops.radlin.pl\/ops\/wp-content\/uploads\/2017\/06\/TEL-AA.png\" alt=\"Infolinia AA 801 033 242\" longdesc=\"http:\/\/ops.radlin.pl\/ops?longdesc=1376&amp;referrer=1349\" width=\"850\" height=\"150\" srcset=\"https:\/\/ops.radlin.pl\/ops\/wp-content\/uploads\/2017\/06\/TEL-AA.png 850w, https:\/\/ops.radlin.pl\/ops\/wp-content\/uploads\/2017\/06\/TEL-AA-300x53.png 300w, https:\/\/ops.radlin.pl\/ops\/wp-content\/uploads\/2017\/06\/TEL-AA-768x136.png 768w\" sizes=\"auto, (max-width: 850px) 100vw, 850px\" \/><\/p>\n<ul>\n<li>telefon jest czynny:\n<ul>\n<li>codziennie w godz. 8:00 &#8211; 22:00<\/li>\n<\/ul>\n<\/li>\n<li>infolinia jest p\u0142atna &#8211; op\u0142ata jak za po\u0142\u0105czenie lokalne wg taryfy operatora<\/li>\n<\/ul>\n","protected":false},"excerpt":{"rendered":"<p>1. Telefon zaufania dla os\u00f3b cierpi\u0105cych z powodu uzale\u017cnie\u0144 behawioralnych oraz ich bliskich (Instytut Psychologii Zdrowia Polskiego Towarzystwa Psychologicznego) telefon jest czynny: codziennie w godz. 17:00 &#8211; 22:00 koszt po\u0142\u0105czenia to koszt jednego impulsu wg taryfy operatora Czym s\u0105 uzale\u017cnienia behawioralne? S\u0105 to wszystkie uzale\u017cnienia, kt\u00f3re nie s\u0105 zwi\u0105zane z za\u017cywaniem substancji psychoaktywnych (alkoholu, narkotyk\u00f3w),&hellip; <a class=\"continue\" href=\"https:\/\/ops.radlin.pl\/ops\/infolinie\/\"><strong>Czytaj wi\u0119cej:<\/strong><span> Infolinie<\/span><\/a><\/p>\n","protected":false},"author":1,"featured_media":0,"parent":0,"menu_order":0,"comment_status":"closed","ping_status":"closed","template":"","meta":{"footnotes":""},"class_list":["post-1349","page","type-page","status-publish","czr-hentry"],"aioseo_notices":[],"_links":{"self":[{"href":"https:\/\/ops.radlin.pl\/ops\/wp-json\/wp\/v2\/pages\/1349","targetHints":{"allow":["GET"]}}],"collection":[{"href":"https:\/\/ops.radlin.pl\/ops\/wp-json\/wp\/v2\/pages"}],"about":[{"href":"https:\/\/ops.radlin.pl\/ops\/wp-json\/wp\/v2\/types\/page"}],"author":[{"embeddable":true,"href":"https:\/\/ops.radlin.pl\/ops\/wp-json\/wp\/v2\/users\/1"}],"replies":[{"embeddable":true,"href":"https:\/\/ops.radlin.pl\/ops\/wp-json\/wp\/v2\/comments?post=1349"}],"version-history":[{"count":20,"href":"https:\/\/ops.radlin.pl\/ops\/wp-json\/wp\/v2\/pages\/1349\/revisions"}],"predecessor-version":[{"id":3244,"href":"https:\/\/ops.radlin.pl\/ops\/wp-json\/wp\/v2\/pages\/1349\/revisions\/3244"}],"wp:attachment":[{"href":"https:\/\/ops.radlin.pl\/ops\/wp-json\/wp\/v2\/media?parent=1349"}],"curies":[{"name":"wp","href":"https:\/\/api.w.org\/{rel}","templated":true}]}}