{"id":1468,"date":"2017-06-06T13:20:02","date_gmt":"2017-06-06T11:20:02","guid":{"rendered":"http:\/\/ops.radlin.pl\/ops\/?page_id=1468"},"modified":"2019-05-30T12:32:44","modified_gmt":"2019-05-30T10:32:44","slug":"fundusz-alimentacyjny","status":"publish","type":"page","link":"https:\/\/ops.radlin.pl\/ops\/fundusz-alimentacyjny\/","title":{"rendered":"Fundusz alimentacyjny"},"content":{"rendered":"<div class=\"su-box su-box-style-default\" id=\"\" style=\"border-color:#a0a93b;border-radius:3px;max-width:none\"><div class=\"su-box-title\" style=\"background-color:#d3dc6e;color:#FFFFFF;border-top-left-radius:1px;border-top-right-radius:1px\">Wa\u017cne!<\/div><div class=\"su-box-content su-u-clearfix su-u-trim\" style=\"border-bottom-left-radius:1px;border-bottom-right-radius:1px\">\n<p style=\"text-align: center;\">Zmianie ulega kryterium dochodowe uprawniaj\u0105ce do \u015bwiadcze\u0144 z funduszu alimentacyjnego dla wniosk\u00f3w rozpatrywanych na okres \u015bwiadczeniowy <strong>2019\/2020<\/strong>.<\/br><br \/>\nKryterium zostanie podwy\u017cszone do <strong>800 z\u0142<\/strong> na osob\u0119 w rodzinie.<\/p>\n<\/div><\/div>\n\n\n\n<p style=\"text-align:left\">\u015awiadczenia z funduszu alimentacyjnego przyznawane s\u0105 na warunkach okre\u015blonych w ustawie z dnia 7 wrze\u015bnia 2007 r. o pomocy osobom uprawnionym do aliment\u00f3w (t.j.: Dz. U z 2017 r. poz. 489, z p\u00f3\u017an. zm.).<\/p>\n\n\n\n<p style=\"text-align:left\"><strong>\u015awiadczenia z funduszu alimentacyjnego przys\u0142uguj\u0105:<\/strong><\/p>\n\n\n\n<ul class=\"wp-block-list\"><li style=\"text-align: left;\">obywatelom polskim;<\/li><li style=\"text-align: left;\">cudzoziemcom:\n<ul>\n<li style=\"text-align: left;\">je\u017celi wynika to z wi\u0105\u017c\u0105cych Rzeczpospolit\u0105 Polsk\u0105 um\u00f3w dwustronnych o zabezpieczeniu spo\u0142ecznym,<\/li>\n<li style=\"text-align: left;\">przebywaj\u0105cym na terytorium Rzeczypospolitej Polskiej na podstawie zezwolenia na pobyt sta\u0142y, zezwolenia na pobyt rezydenta d\u0142ugoterminowego Unii Europejskiej oraz zezwolenia na pobyt czasowy udzielonego w zwi\u0105zku z okoliczno\u015bci\u0105, o kt\u00f3rej mowa w art. 186 ust. 1 pkt 3 ustawy z dnia 12 grudnia 2013 r. o cudzoziemcach (Dz. U. poz. 1650oraz z 2014 r. poz. 463 i 1004),<\/li>\n<li style=\"text-align: left;\">przebywaj\u0105cym na terytorium Rzeczypospolitej Polskiej w zwi\u0105zku z uzyskaniem statusu uchod\u017acy lub ochrony uzupe\u0142niaj\u0105cej.<\/li>\n<\/ul>\n<\/li><\/ul>\n\n\n\n<p style=\"text-align:left\">&#8211; je\u017celi osoby te zamieszkuj\u0105 na terytorium Rzeczypospolitej Polskiej przez okres \u015bwiadczeniowy, w kt\u00f3rym otrzymuj\u0105 \u015bwiadczenia z funduszu alimentacyjnego, chyba \u017ce dwustronne umowy mi\u0119dzynarodowe o zabezpieczeniu spo\u0142ecznym stanowi\u0105 inaczej.<\/p>\n\n\n\n<p style=\"text-align:left\"><strong>\u015awiadczenia z funduszu alimentacyjnego przys\u0142uguj\u0105 w wysoko\u015bci bie\u017c\u0105co ustalonych aliment\u00f3w, jednak\u017ce nie wy\u017cszej ni\u017c 500 z\u0142 miesi\u0119cznie.<\/strong><\/p>\n\n\n\n<p style=\"text-align:left\">Przyznanie prawa do \u015bwiadczenia z funduszu alimentacyjnego uzale\u017cnione jest od spe\u0142nienia kryterium dochodowego. \u015awiadczenia te przys\u0142uguj\u0105, je\u017celi doch\u00f3d rodziny w przeliczeniu na osob\u0119 w rodzinie nie przekracza kwoty <strong>725 z\u0142<\/strong>.<\/p>\n\n\n\n<p style=\"text-align:left\">Do \u015bwiadczenia z funduszu alimentacyjnego ma prawo osoba uprawniona do aliment\u00f3w od rodzica na podstawie tytu\u0142u wykonawczego pochodz\u0105cego lub zatwierdzonego przez s\u0105d, je\u017celi egzekucja okaza\u0142a si\u0119 bezskuteczna.<\/p>\n\n\n\n<p style=\"text-align:left\">Bezskuteczno\u015b\u0107 egzekucji w rozumieniu ww. ustawy oznacza egzekucj\u0119, w wyniku kt\u00f3rej w okresie ostatnich dw\u00f3ch miesi\u0119cy nie wyegzekwowano pe\u0142nej nale\u017cno\u015bci z tytu\u0142u zaleg\u0142ych i bie\u017c\u0105cych zobowi\u0105za\u0144 alimentacyjnych.<\/p>\n\n\n\n<p style=\"text-align:left\">Za bezskuteczn\u0105 egzekucj\u0119 uwa\u017ca si\u0119 r\u00f3wnie\u017c niemo\u017cno\u015b\u0107 wszcz\u0119cia lub prowadzenia egzekucji aliment\u00f3w przeciwko d\u0142u\u017cnikowi alimentacyjnemu przebywaj\u0105cemu poza granicami Rzeczypospolitej Polskiej, w szczeg\u00f3lno\u015bci z powodu:<\/p>\n\n\n\n<ul class=\"wp-block-list\"><li style=\"text-align: left;\">braku podstawy prawnej do poj\u0119cia czynno\u015bci zmierzaj\u0105cych do wykonania tytu\u0142u wykonawczego w miejscu zamieszkania d\u0142u\u017cnika,<\/li><li style=\"text-align: left;\">braku mo\u017cliwo\u015bci wskazania przez osob\u0119 uprawnion\u0105 miejsca zamieszkania d\u0142u\u017cnika alimentacyjnego za granic\u0105.<\/li><\/ul>\n\n\n\n<p style=\"text-align:left\">\u015awiadczenia z funduszu alimentacyjnego przys\u0142uguj\u0105 osobie uprawnionej do uko\u0144czenia przez ni\u0105 18 roku \u017cycia albo w przypadku gdy uczy si\u0119 w szkole lub szkole wy\u017cszej do uko\u0144czenia przez ni\u0105 25 roku \u017cycia, albo w przypadku posiadania orzeczenia o znacznym stopniu niepe\u0142nosprawno\u015bci &#8211; bezterminowo.<\/p>\n\n\n\n<p style=\"text-align:left\">Zmiany w wysoko\u015bci \u015bwiadcze\u0144 z funduszu alimentacyjnego na skutek zmiany wysoko\u015bci zas\u0105dzonych aliment\u00f3w dokonuje si\u0119 po wp\u0142ywie tytu\u0142u wykonawczego do komornika s\u0105dowego prowadz\u0105cego post\u0119powanie egzekucyjne od miesi\u0105ca, w kt\u00f3rym nast\u0105pi\u0142a zmiana wysoko\u015bci zas\u0105dzonych aliment\u00f3w.<\/p>\n\n\n\n<p style=\"text-align:left\"><strong>\u015awiadczenia z funduszu alimentacyjnego nie przys\u0142uguj\u0105, je\u017celi osoba uprawniona:<\/strong><\/p>\n\n\n\n<ul class=\"wp-block-list\"><li style=\"text-align: left;\">zosta\u0142a umieszczona w instytucji zapewniaj\u0105cej ca\u0142odobowe utrzymanie&nbsp;lub w pieczy&nbsp;zast\u0119pczej;<\/li><li style=\"text-align: left;\">zawar\u0142a zwi\u0105zek ma\u0142\u017ce\u0144ski.<\/li><\/ul>\n\n\n\n<div style=\"height:20px\" aria-hidden=\"true\" class=\"wp-block-spacer\"><\/div>\n\n\n\n<h3 class=\"wp-block-heading\" style=\"text-align:center\"><strong>Pliki do pobrania<\/strong><\/h3>\n\n\n\n<div style=\"height:20px\" aria-hidden=\"true\" class=\"wp-block-spacer\"><\/div>\n\n\n\n<h4 class=\"wp-block-heading\" style=\"text-align:center\">Akty Prawne<\/h4>\n\n\n\n<div style=\"height:20px\" aria-hidden=\"true\" class=\"wp-block-spacer\"><\/div>\n\n\n\n<table id=\"tablepress-10\" class=\"tablepress tablepress-id-10\">\n<thead>\n<tr class=\"row-1\">\n\t<th class=\"column-1\">Nazwa aktu prawnego<\/th><td class=\"column-2\"><\/td>\n<\/tr>\n<\/thead>\n<tbody class=\"row-striping row-hover\">\n<tr class=\"row-2\">\n\t<td class=\"column-1\"><a href=\"http:\/\/ops.radlin.pl\/ops\/pliki\/akty_prawne\/lex-dz-u-2023-1993-t-j-pomoc-osobom-uprawnionym-do.pdf\" target=\"_blank\" rel=\"noopener\">Ustawa z dnia 7 wrze\u015bnia 2007 r. o pomocy osobom uprawnionym do aliment\u00f3w<br \/>\n(tekst jednolity z 2023 r. poz. 1993 z p\u00f3\u017an. zm.)<\/a><\/td><td class=\"column-2\"><img loading=\"lazy\" decoding=\"async\" src=\"http:\/\/ops.radlin.pl\/ops\/wp-content\/uploads\/2017\/05\/pdf_ico.png\" alt=\"\" width=\"32\" height=\"32\" class=\"aligncenter size-full wp-image-790\" \/><\/td>\n<\/tr>\n<tr class=\"row-3\">\n\t<td class=\"column-1\"><a href=\"http:\/\/ops.radlin.pl\/ops\/pliki\/akty_prawne\/lex-dz-u-2023-1341-sposob-i-tryb-postepowania.pdf\" target=\"_blank\" rel=\"noopener\">Rozporz\u0105dzenie Ministra Rodziny, Pracy i Polityki Spo\u0142ecznej z dnia 27 lipca 2017 r. w sprawie sposobu i trybu post\u0119powania, sposobu ustalania dochodu oraz zakresu informacji, jakie maj\u0105 by\u0107 zawarte we wniosku, za\u015bwiadczeniach i o\u015bwiadczeniach w sprawach o ustalenie prawa do \u015bwiadczenia z funduszu alimentacyjnego (Dz.U. 2023 poz. 1341)<\/a><\/td><td class=\"column-2\"><img loading=\"lazy\" decoding=\"async\" src=\"http:\/\/ops.radlin.pl\/ops\/wp-content\/uploads\/2017\/05\/pdf_ico.png\" alt=\"\" width=\"32\" height=\"32\" class=\"aligncenter size-full wp-image-790\" \/><\/td>\n<\/tr>\n<\/tbody>\n<\/table>\n<!-- #tablepress-10 from cache -->\n\n\n\n<div style=\"height:20px\" aria-hidden=\"true\" class=\"wp-block-spacer\"><\/div>\n\n\n\n<h4 class=\"wp-block-heading\" style=\"text-align:center\">Druki<\/h4>\n\n\n\n<div style=\"height:20px\" aria-hidden=\"true\" class=\"wp-block-spacer\"><\/div>\n\n\n\n<table id=\"tablepress-14\" class=\"tablepress tablepress-id-14\">\n<thead>\n<tr class=\"row-1\">\n\t<td class=\"column-1\"><\/td><th class=\"column-2\">Opis pliku<\/th><td class=\"column-3\"><\/td>\n<\/tr>\n<\/thead>\n<tbody class=\"row-striping row-hover\">\n<tr class=\"row-2\">\n\t<td class=\"column-1\">1.<\/td><td class=\"column-2\"><a href=\"https:\/\/www.gov.pl\/web\/rodzina\/swiadczenia-z-funduszu-alimentacyjnego---wzor-wniosku-i-zalacznikow-do-stosowania-na-nowy-okres-20212022\" target=\"_blank\" rel=\"noopener noreferrer\">\u015awiadczenia z funduszu alimentacyjnego - wz\u00f3r wniosku do stosowania na obecny i kolejny okres 2023\/2024<\/a><\/td><td class=\"column-3\"><img loading=\"lazy\" decoding=\"async\" src=\"http:\/\/ops.radlin.pl\/ops\/wp-content\/uploads\/2017\/06\/link.png\" alt=\"\" width=\"32\" height=\"31\" class=\"aligncenter size-full wp-image-1094\" \/><\/td>\n<\/tr>\n<tr class=\"row-3\">\n\t<td class=\"column-1\">2.<\/td><td class=\"column-2\"><a href=\"http:\/\/ops.radlin.pl\/ops\/pliki\/druki\/SRiA-01 (2) Zaswiadczenie o dochodzie.pdf\" target=\"_blank\" rel=\"noopener noreferrer\">Za\u015bwiadczenie o dochodzie dla os\u00f3b zg\u0142aszaj\u0105cych uzyskanie dochodu [SRiA-01]<\/a><\/td><td class=\"column-3\"><img loading=\"lazy\" decoding=\"async\" src=\"http:\/\/ops.radlin.pl\/ops\/wp-content\/uploads\/2017\/05\/pdf_ico.png\" alt=\"\" width=\"32\" height=\"32\" class=\"aligncenter size-full wp-image-790\" \/><\/td>\n<\/tr>\n<tr class=\"row-4\">\n\t<td class=\"column-1\">3.<\/td><td class=\"column-2\"><a href=\"http:\/\/ops.radlin.pl\/ops\/pliki\/druki\/SRiA-02 (2) Oswiadczenie o dochodzie.pdf\" target=\"_blank\" rel=\"noopener noreferrer\">O\u015bwiadczenie o dochodzie dla os\u00f3b zg\u0142aszaj\u0105cych uzyskanie dochodu [SRiA-02]<\/a><\/td><td class=\"column-3\"><img loading=\"lazy\" decoding=\"async\" src=\"http:\/\/ops.radlin.pl\/ops\/wp-content\/uploads\/2017\/05\/pdf_ico.png\" alt=\"\" width=\"32\" height=\"32\" class=\"aligncenter size-full wp-image-790\" \/><\/td>\n<\/tr>\n<tr class=\"row-5\">\n\t<td class=\"column-1\">4.<\/td><td class=\"column-2\"><a href=\"http:\/\/ops.radlin.pl\/ops\/pliki\/druki\/FA\/Wniosek_o_przekazywanie_\u015bwiadcze\u0144.pdf\" target=\"_blank\" rel=\"noopener noreferrer\">Wniosek o przekazywanie \u015bwiadcze\u0144<\/a><\/td><td class=\"column-3\"><img loading=\"lazy\" decoding=\"async\" src=\"http:\/\/ops.radlin.pl\/ops\/wp-content\/uploads\/2017\/05\/pdf_ico.png\" alt=\"\" width=\"32\" height=\"32\" class=\"aligncenter size-full wp-image-790\" \/><\/td>\n<\/tr>\n<tr class=\"row-6\">\n\t<td class=\"column-1\">5.<\/td><td class=\"column-2\"><a href=\"http:\/\/ops.radlin.pl\/ops\/pliki\/druki\/oswiadczenie.pdf\" target=\"_blank\" rel=\"noopener noreferrer\">O\u015bwiadczenie pod odpowiedzialno\u015bci\u0105 karn\u0105<\/a><\/td><td class=\"column-3\"><img loading=\"lazy\" decoding=\"async\" src=\"http:\/\/ops.radlin.pl\/ops\/wp-content\/uploads\/2017\/05\/pdf_ico.png\" alt=\"\" width=\"32\" height=\"32\" class=\"aligncenter size-full wp-image-790\" \/><\/td>\n<\/tr>\n<\/tbody>\n<\/table>\n<!-- #tablepress-14 from cache -->\n","protected":false},"excerpt":{"rendered":"<p>\u015awiadczenia z funduszu alimentacyjnego przyznawane s\u0105 na warunkach okre\u015blonych w ustawie z dnia 7 wrze\u015bnia 2007 r. o pomocy osobom uprawnionym do aliment\u00f3w (t.j.: Dz. U z 2017 r. poz. 489, z p\u00f3\u017an. zm.). \u015awiadczenia z funduszu alimentacyjnego przys\u0142uguj\u0105: obywatelom polskim; cudzoziemcom: je\u017celi wynika to z wi\u0105\u017c\u0105cych Rzeczpospolit\u0105 Polsk\u0105 um\u00f3w dwustronnych o zabezpieczeniu spo\u0142ecznym, przebywaj\u0105cym&hellip; <a class=\"continue\" href=\"https:\/\/ops.radlin.pl\/ops\/fundusz-alimentacyjny\/\"><strong>Czytaj wi\u0119cej:<\/strong><span> Fundusz alimentacyjny<\/span><\/a><\/p>\n","protected":false},"author":1,"featured_media":0,"parent":0,"menu_order":0,"comment_status":"closed","ping_status":"closed","template":"","meta":{"footnotes":""},"class_list":["post-1468","page","type-page","status-publish","czr-hentry"],"aioseo_notices":[],"_links":{"self":[{"href":"https:\/\/ops.radlin.pl\/ops\/wp-json\/wp\/v2\/pages\/1468","targetHints":{"allow":["GET"]}}],"collection":[{"href":"https:\/\/ops.radlin.pl\/ops\/wp-json\/wp\/v2\/pages"}],"about":[{"href":"https:\/\/ops.radlin.pl\/ops\/wp-json\/wp\/v2\/types\/page"}],"author":[{"embeddable":true,"href":"https:\/\/ops.radlin.pl\/ops\/wp-json\/wp\/v2\/users\/1"}],"replies":[{"embeddable":true,"href":"https:\/\/ops.radlin.pl\/ops\/wp-json\/wp\/v2\/comments?post=1468"}],"version-history":[{"count":18,"href":"https:\/\/ops.radlin.pl\/ops\/wp-json\/wp\/v2\/pages\/1468\/revisions"}],"predecessor-version":[{"id":3751,"href":"https:\/\/ops.radlin.pl\/ops\/wp-json\/wp\/v2\/pages\/1468\/revisions\/3751"}],"wp:attachment":[{"href":"https:\/\/ops.radlin.pl\/ops\/wp-json\/wp\/v2\/media?parent=1468"}],"curies":[{"name":"wp","href":"https:\/\/api.w.org\/{rel}","templated":true}]}}