{"id":1846,"date":"2017-09-14T12:49:59","date_gmt":"2017-09-14T10:49:59","guid":{"rendered":"http:\/\/ops.radlin.pl\/ops\/?page_id=1846"},"modified":"2017-09-18T13:29:56","modified_gmt":"2017-09-18T11:29:56","slug":"projekt-lepsze-jutro","status":"publish","type":"page","link":"https:\/\/ops.radlin.pl\/ops\/projekt-lepsze-jutro\/","title":{"rendered":"Projekt &#8222;Lepsze Jutro&#8221;"},"content":{"rendered":"<p style=\"text-align: left;\"><img loading=\"lazy\" decoding=\"async\" id=\"longdesc-return-1795\" class=\"aligncenter size-full wp-image-1795\" tabindex=\"-1\" src=\"http:\/\/ops.radlin.pl\/ops\/wp-content\/uploads\/2017\/09\/logotyp-EFS-slaskie.png\" alt=\"\" width=\"850\" height=\"200\" longdesc=\"http:\/\/ops.radlin.pl\/ops?longdesc=1795&amp;referrer=1846\" srcset=\"https:\/\/ops.radlin.pl\/ops\/wp-content\/uploads\/2017\/09\/logotyp-EFS-slaskie.png 850w, https:\/\/ops.radlin.pl\/ops\/wp-content\/uploads\/2017\/09\/logotyp-EFS-slaskie-300x71.png 300w, https:\/\/ops.radlin.pl\/ops\/wp-content\/uploads\/2017\/09\/logotyp-EFS-slaskie-768x181.png 768w\" sizes=\"auto, (max-width: 850px) 100vw, 850px\" \/><\/p>\n<p style=\"text-align: left;\">Projekt \u201eLepsze Jutro\u201d realizowany jest w ramach Regionalnego Programu Operacyjnego Wojew\u00f3dztwa \u015al\u0105skiego na lata 2014-2020 (Europejski Fundusz Spo\u0142eczny) dla osi priorytetowej: IX. W\u0142\u0105czenie spo\u0142eczne dzia\u0142ania: 9.1. Aktywna integracja poddzia\u0142ania: 9.1.6. Programy aktywnej integracji os\u00f3b i grup zagro\u017conych wykluczeniem spo\u0142ecznym.<\/p>\n<p style=\"text-align: left;\">Projekt realizowany jest przez Powiatowe Centrum Pomocy Rodzinie w Wodzis\u0142awiu \u015al\u0105skim w partnerstwie z:<\/p>\n<ol>\n<li style=\"text-align: left;\">O\u015brodkiem Pomocy Spo\u0142ecznej w Lubomi,<\/li>\n<li style=\"text-align: left;\">O\u015brodkiem Pomocy Spo\u0142ecznej w Mszanie,<\/li>\n<li style=\"text-align: left;\">O\u015brodkiem Pomocy Spo\u0142ecznej w Pszowie,<\/li>\n<li style=\"text-align: left;\"><strong>O\u015brodkiem Pomocy Spo\u0142ecznej w Radlinie<\/strong>,<\/li>\n<li style=\"text-align: left;\">Miejskim O\u015brodkiem Pomocy Spo\u0142ecznej w Rydu\u0142towach,<\/li>\n<li style=\"text-align: left;\">Miejskim O\u015brodkiem Pomocy Spo\u0142ecznej w Wodzis\u0142awiu \u015al\u0105skim.<\/li>\n<\/ol>\n<p style=\"text-align: left;\">Celem projektu jest aktywna integracja i przeciwdzia\u0142anie wykluczeniu spo\u0142ecznemu i zawodowemu w\u015br\u00f3d os\u00f3b mieszkaj\u0105cych na terenie powiatu wodzis\u0142awskiego poprzez wzrost kompetencji spo\u0142ecznych i zawodowych.<\/p>\n<p style=\"text-align: left;\"><strong>Dofinansowanie projektu:<\/strong> 3.076.853,79 z\u0142<\/p>\n<p style=\"text-align: left;\"><strong>Okres realizacji projektu:<\/strong> 1.11.2015 &#8211; 31.12.2017<\/p>\n\n\t\t<style type=\"text\/css\">\n\t\t\t#gallery-1 {\n\t\t\t\tmargin: auto;\n\t\t\t}\n\t\t\t#gallery-1 .gallery-item {\n\t\t\t\tfloat: left;\n\t\t\t\tmargin-top: 10px;\n\t\t\t\ttext-align: center;\n\t\t\t\twidth: 100%;\n\t\t\t}\n\t\t\t#gallery-1 img {\n\t\t\t\tborder: 2px solid #cfcfcf;\n\t\t\t}\n\t\t\t#gallery-1 .gallery-caption {\n\t\t\t\tmargin-left: 0;\n\t\t\t}\n\t\t\t\/* see gallery_shortcode() in wp-includes\/media.php *\/\n\t\t<\/style>\n\t\t<div id='gallery-1' class='gallery galleryid-1846 gallery-columns-1 gallery-size-medium'><dl class='gallery-item'>\n\t\t\t<dt class='gallery-icon portrait'>\n\t\t\t\t<a class=\"grouped_elements\" rel=\"tc-fancybox-group\" href=\"https:\/\/ops.radlin.pl\/ops\/wp-content\/uploads\/2017\/09\/plakat_lepsze_jutro.jpg\" title=\"plakat_lepsze_jutro\"><img loading=\"lazy\" decoding=\"async\" width=\"212\" height=\"300\" src=\"https:\/\/ops.radlin.pl\/ops\/wp-content\/uploads\/2017\/09\/plakat_lepsze_jutro-212x300.jpg\" class=\"attachment-medium size-medium no-lazy\" alt=\"Plakat projektu &quot;Lepsze Jutro&quot;\" srcset=\"https:\/\/ops.radlin.pl\/ops\/wp-content\/uploads\/2017\/09\/plakat_lepsze_jutro-212x300.jpg 212w, https:\/\/ops.radlin.pl\/ops\/wp-content\/uploads\/2017\/09\/plakat_lepsze_jutro-768x1086.jpg 768w, https:\/\/ops.radlin.pl\/ops\/wp-content\/uploads\/2017\/09\/plakat_lepsze_jutro.jpg 850w\" sizes=\"auto, (max-width: 212px) 100vw, 212px\" \/><\/a>\n\t\t\t<\/dt><\/dl><br style=\"clear: both\" \/>\n\t\t<\/div>\n\n","protected":false},"excerpt":{"rendered":"<p>Projekt \u201eLepsze Jutro\u201d realizowany jest w ramach Regionalnego Programu Operacyjnego Wojew\u00f3dztwa \u015al\u0105skiego na lata 2014-2020 (Europejski Fundusz Spo\u0142eczny) dla osi priorytetowej: IX. W\u0142\u0105czenie spo\u0142eczne dzia\u0142ania: 9.1. Aktywna integracja poddzia\u0142ania: 9.1.6. Programy aktywnej integracji os\u00f3b i grup zagro\u017conych wykluczeniem spo\u0142ecznym. Projekt realizowany jest przez Powiatowe Centrum Pomocy Rodzinie w Wodzis\u0142awiu \u015al\u0105skim w partnerstwie z: O\u015brodkiem Pomocy&hellip; <a class=\"continue\" href=\"https:\/\/ops.radlin.pl\/ops\/projekt-lepsze-jutro\/\"><strong>Czytaj wi\u0119cej:<\/strong><span> Projekt &#8222;Lepsze Jutro&#8221;<\/span><\/a><\/p>\n","protected":false},"author":1,"featured_media":0,"parent":0,"menu_order":0,"comment_status":"closed","ping_status":"closed","template":"","meta":{"footnotes":""},"class_list":["post-1846","page","type-page","status-publish","czr-hentry"],"aioseo_notices":[],"_links":{"self":[{"href":"https:\/\/ops.radlin.pl\/ops\/wp-json\/wp\/v2\/pages\/1846","targetHints":{"allow":["GET"]}}],"collection":[{"href":"https:\/\/ops.radlin.pl\/ops\/wp-json\/wp\/v2\/pages"}],"about":[{"href":"https:\/\/ops.radlin.pl\/ops\/wp-json\/wp\/v2\/types\/page"}],"author":[{"embeddable":true,"href":"https:\/\/ops.radlin.pl\/ops\/wp-json\/wp\/v2\/users\/1"}],"replies":[{"embeddable":true,"href":"https:\/\/ops.radlin.pl\/ops\/wp-json\/wp\/v2\/comments?post=1846"}],"version-history":[{"count":5,"href":"https:\/\/ops.radlin.pl\/ops\/wp-json\/wp\/v2\/pages\/1846\/revisions"}],"predecessor-version":[{"id":2206,"href":"https:\/\/ops.radlin.pl\/ops\/wp-json\/wp\/v2\/pages\/1846\/revisions\/2206"}],"wp:attachment":[{"href":"https:\/\/ops.radlin.pl\/ops\/wp-json\/wp\/v2\/media?parent=1846"}],"curies":[{"name":"wp","href":"https:\/\/api.w.org\/{rel}","templated":true}]}}