{"id":2185,"date":"2017-09-18T12:41:16","date_gmt":"2017-09-18T10:41:16","guid":{"rendered":"http:\/\/ops.radlin.pl\/ops\/?page_id=2185"},"modified":"2017-09-18T12:46:50","modified_gmt":"2017-09-18T10:46:50","slug":"projekt-nowe-horyzonty","status":"publish","type":"page","link":"https:\/\/ops.radlin.pl\/ops\/projekt-nowe-horyzonty\/","title":{"rendered":"Projekt &#8222;Nowe Horyzonty &#8211; aktywna integracja spo\u0142eczno\u015bci Radlina&#8221;"},"content":{"rendered":"<p style=\"text-align: left;\"><img loading=\"lazy\" decoding=\"async\" id=\"longdesc-return-2183\" class=\"aligncenter size-full wp-image-2183\" tabindex=\"-1\" src=\"http:\/\/ops.radlin.pl\/ops\/wp-content\/uploads\/2017\/01\/Logotyp_HN.png\" alt=\"\" width=\"850\" height=\"475\" longdesc=\"http:\/\/ops.radlin.pl\/ops?longdesc=2183&amp;referrer=2185\" srcset=\"https:\/\/ops.radlin.pl\/ops\/wp-content\/uploads\/2017\/01\/Logotyp_HN.png 850w, https:\/\/ops.radlin.pl\/ops\/wp-content\/uploads\/2017\/01\/Logotyp_HN-300x168.png 300w, https:\/\/ops.radlin.pl\/ops\/wp-content\/uploads\/2017\/01\/Logotyp_HN-768x429.png 768w\" sizes=\"auto, (max-width: 850px) 100vw, 850px\" \/><\/p>\n<p style=\"text-align: left;\">Projekt \u201eNowe Horyzonty &#8211; aktywna integracja spo\u0142eczno\u015bci Radlina\u201d realizowany by\u0142 w ramach w ramach Priorytetu VII, Dzia\u0142ania 7.1, Poddzia\u0142ania 7.1.1 Programu Operacyjnego Kapita\u0142 Ludzki.<\/p>\n<p style=\"text-align: left;\">Celem og\u00f3lnym projektu by\u0142o przywr\u00f3cenie os\u00f3b bezrobotnych na rynek pracy oraz ich integracja ze spo\u0142ecze\u0144stwem poprzez przywr\u00f3cenie tym osobom zdolno\u015bci lub mo\u017cliwo\u015bci zatrudnienia, udzielenia im wsparcia, r\u00f3wnie\u017c dochodowego oraz wyeliminowanie przeszk\u00f3d napotykanych przez te osoby i ich rodziny w procesie dost\u0119pu do praw i us\u0142ug spo\u0142ecznych.<\/p>\n<p style=\"text-align: left;\"><strong>Celami szczeg\u00f3\u0142owymi by\u0142y:<\/strong><\/p>\n<ul>\n<li>zwi\u0119kszenie poziomu wykszta\u0142cenia w\u015br\u00f3d beneficjent\u00f3w projektu,<\/li>\n<li>podniesienie ich kwalifikacji zawodowych,<\/li>\n<li>podniesienie samooceny i zwi\u0119kszenie ich motywacji zawodowej,<\/li>\n<li>zwi\u0119kszenie umiej\u0119tno\u015bci spo\u0142ecznych,<\/li>\n<li>pe\u0142nienie r\u00f3l spo\u0142ecznych,<\/li>\n<li>uzyskanie wsparcia dochodowego.<\/li>\n<\/ul>\n<p style=\"text-align: left;\">\n<p style=\"text-align: left;\"><strong>Okres realizacji projektu:<\/strong> 2008 &#8211; 2015<\/p>\n","protected":false},"excerpt":{"rendered":"<p>Projekt \u201eNowe Horyzonty &#8211; aktywna integracja spo\u0142eczno\u015bci Radlina\u201d realizowany by\u0142 w ramach w ramach Priorytetu VII, Dzia\u0142ania 7.1, Poddzia\u0142ania 7.1.1 Programu Operacyjnego Kapita\u0142 Ludzki. Celem og\u00f3lnym projektu by\u0142o przywr\u00f3cenie os\u00f3b bezrobotnych na rynek pracy oraz ich integracja ze spo\u0142ecze\u0144stwem poprzez przywr\u00f3cenie tym osobom zdolno\u015bci lub mo\u017cliwo\u015bci zatrudnienia, udzielenia im wsparcia, r\u00f3wnie\u017c dochodowego oraz wyeliminowanie przeszk\u00f3d&hellip; <a class=\"continue\" href=\"https:\/\/ops.radlin.pl\/ops\/projekt-nowe-horyzonty\/\"><strong>Czytaj wi\u0119cej:<\/strong><span> Projekt &#8222;Nowe Horyzonty &#8211; aktywna integracja spo\u0142eczno\u015bci Radlina&#8221;<\/span><\/a><\/p>\n","protected":false},"author":1,"featured_media":0,"parent":0,"menu_order":0,"comment_status":"closed","ping_status":"closed","template":"","meta":{"footnotes":""},"class_list":["post-2185","page","type-page","status-publish","czr-hentry"],"aioseo_notices":[],"_links":{"self":[{"href":"https:\/\/ops.radlin.pl\/ops\/wp-json\/wp\/v2\/pages\/2185","targetHints":{"allow":["GET"]}}],"collection":[{"href":"https:\/\/ops.radlin.pl\/ops\/wp-json\/wp\/v2\/pages"}],"about":[{"href":"https:\/\/ops.radlin.pl\/ops\/wp-json\/wp\/v2\/types\/page"}],"author":[{"embeddable":true,"href":"https:\/\/ops.radlin.pl\/ops\/wp-json\/wp\/v2\/users\/1"}],"replies":[{"embeddable":true,"href":"https:\/\/ops.radlin.pl\/ops\/wp-json\/wp\/v2\/comments?post=2185"}],"version-history":[{"count":3,"href":"https:\/\/ops.radlin.pl\/ops\/wp-json\/wp\/v2\/pages\/2185\/revisions"}],"predecessor-version":[{"id":2188,"href":"https:\/\/ops.radlin.pl\/ops\/wp-json\/wp\/v2\/pages\/2185\/revisions\/2188"}],"wp:attachment":[{"href":"https:\/\/ops.radlin.pl\/ops\/wp-json\/wp\/v2\/media?parent=2185"}],"curies":[{"name":"wp","href":"https:\/\/api.w.org\/{rel}","templated":true}]}}