{"id":2209,"date":"2017-09-18T14:20:51","date_gmt":"2017-09-18T12:20:51","guid":{"rendered":"http:\/\/ops.radlin.pl\/ops\/?page_id=2209"},"modified":"2026-03-05T11:45:14","modified_gmt":"2026-03-05T10:45:14","slug":"wolontariat","status":"publish","type":"page","link":"https:\/\/ops.radlin.pl\/ops\/wolontariat\/","title":{"rendered":"Wolontariat"},"content":{"rendered":"<div class=\"su-box su-box-style-default\" id=\"\" style=\"border-color:#a0a93b;border-radius:3px;max-width:none\"><div class=\"su-box-title\" style=\"background-color:#d3dc6e;color:#FFFFFF;border-top-left-radius:1px;border-top-right-radius:1px\">Konkurs \u201eXVII Radli\u0144ski Dzie\u0144 Wolontariusza 2023\u201d<\/div><div class=\"su-box-content su-u-clearfix su-u-trim\" style=\"border-bottom-left-radius:1px;border-bottom-right-radius:1px\">\n<p style=\"text-align: center; font-size: 110%;\"><strong>\u201eXVII Radli\u0144ski Dzie\u0144 Wolontariusza 2023\u201d<\/strong><\/p>\n<p style=\"text-align: center; font-size: 110%;\"><a href=\"https:\/\/ops.radlin.pl\/ops\/xvii-radlinski-dzien-wolontariusza-2023\/\" data-wplink-edit=\"true\">Wi\u0119cej informacji o konkursie<\/a><\/p>\n<\/div><\/div>\n\n\n<div class=\"wp-block-image\">\n<figure class=\"aligncenter\"><img loading=\"lazy\" decoding=\"async\" width=\"850\" height=\"200\" src=\"http:\/\/ops.radlin.pl\/ops\/wp-content\/uploads\/2017\/09\/logotyp-EFS-slaskie.png\" alt=\"\" class=\"wp-image-1795\" srcset=\"https:\/\/ops.radlin.pl\/ops\/wp-content\/uploads\/2017\/09\/logotyp-EFS-slaskie.png 850w, https:\/\/ops.radlin.pl\/ops\/wp-content\/uploads\/2017\/09\/logotyp-EFS-slaskie-300x71.png 300w, https:\/\/ops.radlin.pl\/ops\/wp-content\/uploads\/2017\/09\/logotyp-EFS-slaskie-768x181.png 768w\" sizes=\"auto, (max-width: 850px) 100vw, 850px\" \/><\/figure>\n<\/div>\n\n\n<p class=\"has-text-align-left\"><\/p>\n\n\n\n<p class=\"has-text-align-left\">Klub Wolontariatu dzia\u0142a przy O\u015brodku Pomocy Spo\u0142ecznej w Radlinie &#8211; ul. Ludwika Solskiego 15.<\/p>\n\n\n\n<p class=\"has-text-align-left\">Jego koordynatorem jest &#8230;<\/p>\n\n\n\n<p class=\"has-text-align-left\"><strong>Godziny dy\u017cur\u00f3w:<\/strong><\/p>\n\n\n\n<ul class=\"wp-block-list\">\n<li>wtorek w godz. 8.00 &#8211; 19.00<\/li>\n\n\n\n<li>\u015broda w godz. 8.00 &#8211; 15.30<\/li>\n<\/ul>\n\n\n\n<p class=\"has-text-align-left\"><strong>Je\u015bli chcesz pom\u00f3c lub masz pomys\u0142 na ciekawe dzia\u0142ania skontaktuj si\u0119 z nami:<\/strong><\/p>\n\n\n\n<ul class=\"wp-block-list\">\n<li>pod numerami telefon\u00f3w:&nbsp;32 456 72 31 oraz 32 456 73 63<\/li>\n\n\n\n<li>pod adresem e-mail: ops[ma\u0142pa]radlin.pl<\/li>\n<\/ul>\n\n\n\n<p>Zamiast [ma\u0142pa] prosimy o zastosowanie znaku @<\/p>\n\n\n\n<div style=\"height:25px\" aria-hidden=\"true\" class=\"wp-block-spacer\"><\/div>\n\n\n\n<h3 class=\"wp-block-heading has-text-align-center\"><strong>Informacje dla Wolontariuszy<\/strong><\/h3>\n\n\n\n<p class=\"has-text-align-left\">Zanim zostaniesz wolontariuszem spr\u00f3buj odpowiedzie\u0107 sobie na kilka prostych pyta\u0144:<\/p>\n\n\n\n<p class=\"has-text-align-left\"><strong>czy mam jeszcze wolny czas?<\/strong><\/p>\n\n\n\n<p class=\"has-text-align-left\">Zastan\u00f3w si\u0119, czy w nat\u0142oku zaj\u0119\u0107, znajdziesz jeszcze czas na dodatkowe obowi\u0105zki. Czy sw\u00f3j wolny czas chcesz po\u015bwi\u0119ci\u0107 dla innych. Je\u015bli tak to sprecyzuj ile masz tego czasu i w jakich dniach i godzinach w ci\u0105gu tygodnia. Lepiej jest powiedzie\u0107, \u017ce ma si\u0119 czas w czwartek popo\u0142udniu czy ka\u017cdego dnia do po\u0142udnia, ni\u017c \u017ce ma si\u0119 du\u017co wolnego czasu. To z pewno\u015bci\u0105 u\u0142atwi dalszy kontakt z organizacj\u0105.<\/p>\n\n\n\n<p class=\"has-text-align-left\"><strong>co chc\u0119 robi\u0107?<\/strong><\/p>\n\n\n\n<p class=\"has-text-align-left\">Pomy\u015bl jaki rodzaj i forma zaj\u0119cia Ci\u0119 interesuje.Czy chcesz robi\u0107 to co robisz na co dzie\u0144 w pracy i tym w\u0142a\u015bnie wesprze\u0107 organizacje pozarz\u0105dowe, czyli wykorzystywa\u0107 swoje do\u015bwiadczenie zawodowe czy zdobyte w szkole umiej\u0119tno\u015bci, np. w zakresie ksi\u0119gowo\u015bci, marketingu, j\u0119zyka angielskiego itp.Czy wolisz zaj\u0105\u0107 si\u0119 zupe\u0142nie czym\u015b innym? Odreagowa\u0107, oderwa\u0107 si\u0119 od pracy i nauki.<\/p>\n\n\n\n<p class=\"has-text-align-left\">Zastan\u00f3w si\u0119 czy chcesz pracowa\u0107 bezpo\u015brednio z lud\u017ami &#8211; np. pomaga\u0107 osobie starszej, czyta\u0107 osobie niewidomej, uczestniczy\u0107 w terapii dziecka autystycznego czy pracowa\u0107 z osobami niepe\u0142nosprawnymi?<\/p>\n\n\n\n<p class=\"has-text-align-left\">A mo\u017ce wolisz prac\u0119 w biurze organizacji czy instytucji \u2013 tu mo\u017cesz pom\u00f3c w realizacji projekt\u00f3w, w pracach biurowych, tworzeniu stron internetowych, projektowanie materia\u0142\u00f3w promocyjnych, organizowaniu wydarze\u0144 itd.<\/p>\n\n\n\n<p class=\"has-text-align-left\"><strong>jak szuka\u0107 miejsca pracy?<\/strong><\/p>\n\n\n\n<p class=\"has-text-align-left\">Wiedz\u0105c ju\u017c ile masz czasu i co chcesz robi\u0107 mo\u017cesz zacz\u0105\u0107 szuka\u0107 sobie miejsca, gdzie b\u0119dziesz przydatny. Na pocz\u0105tku warto rozejrze\u0107 si\u0119 wok\u00f3\u0142 siebie. Mo\u017ce obok Twojego domu, w drodze do szko\u0142y lub pracy znajduj\u0105 si\u0119 plac\u00f3wki lub organizacje pozarz\u0105dowe, kt\u00f3re mog\u0142yby by\u0107 zainteresowane Twoj\u0105 pomoc\u0105, np. miejski dom kultury, klub seniora, \u015bwietlica dla dzieci, stowarzyszenie ochrony ptak\u00f3w, fundacja pomocy osobom niepe\u0142nosprawnym itp.<\/p>\n\n\n\n<p class=\"has-text-align-left\">Je\u015bli na pierwszy rzut oka w pobli\u017cu miejsca zamieszkania nic nie ma, to warto si\u0119gn\u0105\u0107 po ksi\u0105\u017ck\u0119 telefoniczn\u0105 lub informator miejski i odnale\u017a\u0107 instytucje lub organizacje, kt\u00f3re maj\u0105 siedzib\u0119 w twojej miejscowo\u015bci. Zawsze w ksi\u0105\u017cce telefonicznej jest dzia\u0142 stowarzyszenia i fundacje. Czytaj\u0105c nazw\u0119 organizacji mo\u017cesz ju\u017c wst\u0119pnie wywnioskowa\u0107 czym si\u0119 ona zajmuje. Je\u015bli ta tematyka czy dziedzina Ci\u0119 interesuje to zr\u00f3b nast\u0119pny krok. Zajrzyj na ich stron\u0119 internetow\u0105 lub po prostu p\u00f3jd\u017a tam czy zadzwo\u0144 i zapytaj o dzia\u0142ania jakie wykonuj\u0105 i czy potrzebna jest przy nich pomoc wolontariusza. Je\u015bli tak to zaproponuj swoj\u0105 pomoc i um\u00f3w si\u0119 na spotkanie w tej organizacji, na kt\u00f3rym ustalicie szczeg\u00f3\u0142y wsp\u00f3\u0142pracy.<\/p>\n\n\n\n<p class=\"has-text-align-left\">Niezast\u0105pionym \u017ar\u00f3d\u0142em informacji jest tak\u017ce Internet, a szczeg\u00f3lnie strona www.bazy.ngo.pl &#8211; znajduj\u0105 si\u0119 tu wszystkie fundacje i stowarzyszenia w Polsce. Wystarczy wpisa\u0107 miasto a baza danych poka\u017ce wszelkie instytucje w nim si\u0119 znajduj\u0105ce<\/p>\n\n\n\n<p class=\"has-text-align-left\"><strong>co mo\u017ce robi\u0107 wolontariusz?<\/strong><\/p>\n\n\n\n<p class=\"has-text-align-left\">Wolontariusz mo\u017ce pracowa\u0107 w organizacjach pozarz\u0105dowych i instytucjach publicznych. Wolontariusz przydatny jest przede wszystkim w pracach biurowych \u2013 przepisywaniu tekst\u00f3w na komputer, wysy\u0142aniu fax\u00f3w, kserowaniu, segregowaniu dokument\u00f3w itp. Mo\u017ce te\u017c t\u0142umaczy\u0107 teksty z j\u0119zyk\u00f3w obcych czy administrowa\u0107 stron\u0119 internetow\u0105 organizacji. Je\u015bli posiada odpowiedni\u0105 wiedz\u0119 to mo\u017ce udziela\u0107 porad specjalistycznych (prawnych, ksi\u0119gowych, PR). Mo\u017ce te\u017c zaj\u0105\u0107 si\u0119 koordynacj\u0105 projekt\u00f3w czy pisaniem wniosk\u00f3w. Mo\u017ce r\u00f3wnie\u017c czuwa\u0107 przy telefonie zaufania lub mie\u0107 dy\u017cury w recepcji. Wolontariusze mog\u0105 wesprze\u0107 organizacj\u0119 uroczysto\u015bci, festyn\u00f3w, konferencji. Mog\u0105 tak\u017ce uczestniczy\u0107 w tworzeniu ulotek, folder\u00f3w, pomaga\u0107 przy ich dystrybucji. Mo\u017cna tak\u017ce wzi\u0105\u0107 udzia\u0142 w kampaniach spo\u0142ecznych, zbieraniu podpis\u00f3w pod petycjami, kwestowaniu. W\u0142a\u015bciwie to, co mo\u017cna robi\u0107 w organizacji zale\u017cy od tego, co organizacja robi, na jakiej dziedzinie dzia\u0142a i od tego, w czym wolontariusz jest dobry, na czym si\u0119 zna.<\/p>\n\n\n\n<p class=\"has-text-align-left\">Wolontariusze mog\u0105 pomaga\u0107 osobom b\u0105d\u017a rodzinom, kt\u00f3re z jaki\u015b wzgl\u0119d\u00f3w tej pomocy potrzebuj\u0105. G\u0142\u00f3wn\u0105 grupa odbiorc\u00f3w pracy wolontariuszy s\u0105 osoby niepe\u0142nosprawne. Pomoc tym osobom to przede wszystkim bycie z nimi, towarzystwo, wspieranie i motywowanie do aktywno\u015bci. Mo\u017cna z nimi wyj\u015b\u0107 na spacer, do kina, czy po prostu porozmawia\u0107. Cz\u0119sto s\u0105 to osoby samotne, kt\u00f3re otrzymuj\u0105 pomoc specjalistyczn\u0105, ale brakuje im zwyk\u0142ego kontaktu z drug\u0105 osob\u0105. Opr\u00f3cz sp\u0119dzania czasu z osobami niepe\u0142nosprawnymi, mo\u017cemy uczestniczy\u0107 w ich rehabilitacji czy terapii, oczywi\u015bcie pod okiem os\u00f3b przeszkolonych.<\/p>\n\n\n\n<p class=\"has-text-align-left\">Wielu wolontariuszy pomaga osobom niewidomym, wsp\u00f3lnie sp\u0119dzaj\u0105c czas, czytaj\u0105c pras\u0119 czy ksi\u0105\u017ck\u0119. Chodzi r\u00f3wnie\u017c o prost\u0105 pomoc w za\u0142atwianiu spraw urz\u0119dowych, wype\u0142nianiu kwitk\u00f3w na poczcie.<br>R\u00f3wnie du\u017c\u0105 grup\u0105 odbiorc\u00f3w pomocy wolontariuszy s\u0105 osoby starsze, cz\u0119sto samotne. Tak samo jak osobom niepe\u0142nosprawnym pomoc wolontariuszy polega przede wszystkim na towarzystwie, rozmowie. Cz\u0119sto seniorzy maj\u0105 du\u017co do opowiadania, ale brakuje im s\u0142uchaczy \u2013 mo\u017ce znaj\u0105 jakie\u015b pasjonuj\u0105ce historie z czas\u00f3w wojny czy chcieliby podyskutowa\u0107 o obecnej sytuacji politycznej, a po prostu nie maj\u0105, z kim.<\/p>\n\n\n\n<p class=\"has-text-align-left\">No i oczywi\u015bcie wolontariusz mo\u017ce pomaga\u0107 dzieciom, w tym dzieciom niepe\u0142nosprawnym. Pomoc w zasadzie polega na zabawie z nimi, wype\u0142nianiu im czasu wolnego. Mo\u017cna organizowa\u0107 im r\u00f3\u017cnego rodzaju zaj\u0119cia \u2013 teatralne, muzyczne, plastyczne, fotograficzne, majsterkowanie itp. Bardzo cz\u0119sto dzieci w wieku szkolnym wymagaj\u0105 pomocy w lekcjach, korepetycji z r\u00f3\u017cnych przedmiot\u00f3w.<\/p>\n\n\n\n<p class=\"has-text-align-left\">Je\u015bli kto\u015b nie chce pracowa\u0107 bezpo\u015bredni z lud\u017ami to mo\u017ce zainteresuje go praca ze zwierz\u0119tami. Mo\u017ce to by\u0107 praca w schronisku dla ps\u00f3w, czy w stajni podczas hipoterapii. Mo\u017cna r\u00f3wnie\u017c pracowa\u0107 w ogrodzie botanicznym, muzeum, galerii czy bibliotece.<\/p>\n\n\n\n<div style=\"height:25px\" aria-hidden=\"true\" class=\"wp-block-spacer\"><\/div>\n\n\n\n<figure class=\"wp-block-gallery has-nested-images columns-1 is-cropped wp-block-gallery-1 is-layout-flex wp-block-gallery-is-layout-flex\">\n<figure class=\"wp-block-image size-large\"><a href=\"https:\/\/ops.radlin.pl\/ops\/wp-content\/uploads\/2018\/10\/wolontariat2018.jpg\"><img loading=\"lazy\" decoding=\"async\" width=\"850\" height=\"1215\" data-id=\"3232\" src=\"https:\/\/ops.radlin.pl\/ops\/wp-content\/uploads\/2018\/10\/wolontariat2018.jpg\" alt=\"\" class=\"wp-image-3232\" srcset=\"https:\/\/ops.radlin.pl\/ops\/wp-content\/uploads\/2018\/10\/wolontariat2018.jpg 850w, https:\/\/ops.radlin.pl\/ops\/wp-content\/uploads\/2018\/10\/wolontariat2018-210x300.jpg 210w, https:\/\/ops.radlin.pl\/ops\/wp-content\/uploads\/2018\/10\/wolontariat2018-768x1098.jpg 768w\" sizes=\"auto, (max-width: 850px) 100vw, 850px\" \/><\/a><\/figure>\n<\/figure>\n","protected":false},"excerpt":{"rendered":"<p>Klub Wolontariatu dzia\u0142a przy O\u015brodku Pomocy Spo\u0142ecznej w Radlinie &#8211; ul. Ludwika Solskiego 15. Jego koordynatorem jest &#8230; Godziny dy\u017cur\u00f3w: Je\u015bli chcesz pom\u00f3c lub masz pomys\u0142 na ciekawe dzia\u0142ania skontaktuj si\u0119 z nami: Zamiast [ma\u0142pa] prosimy o zastosowanie znaku @ Informacje dla Wolontariuszy Zanim zostaniesz wolontariuszem spr\u00f3buj odpowiedzie\u0107 sobie na kilka prostych pyta\u0144: czy mam&hellip; <a class=\"continue\" href=\"https:\/\/ops.radlin.pl\/ops\/wolontariat\/\"><strong>Czytaj wi\u0119cej:<\/strong><span> Wolontariat<\/span><\/a><\/p>\n","protected":false},"author":1,"featured_media":0,"parent":0,"menu_order":0,"comment_status":"closed","ping_status":"closed","template":"","meta":{"footnotes":""},"class_list":["post-2209","page","type-page","status-publish","czr-hentry"],"aioseo_notices":[],"_links":{"self":[{"href":"https:\/\/ops.radlin.pl\/ops\/wp-json\/wp\/v2\/pages\/2209","targetHints":{"allow":["GET"]}}],"collection":[{"href":"https:\/\/ops.radlin.pl\/ops\/wp-json\/wp\/v2\/pages"}],"about":[{"href":"https:\/\/ops.radlin.pl\/ops\/wp-json\/wp\/v2\/types\/page"}],"author":[{"embeddable":true,"href":"https:\/\/ops.radlin.pl\/ops\/wp-json\/wp\/v2\/users\/1"}],"replies":[{"embeddable":true,"href":"https:\/\/ops.radlin.pl\/ops\/wp-json\/wp\/v2\/comments?post=2209"}],"version-history":[{"count":25,"href":"https:\/\/ops.radlin.pl\/ops\/wp-json\/wp\/v2\/pages\/2209\/revisions"}],"predecessor-version":[{"id":8472,"href":"https:\/\/ops.radlin.pl\/ops\/wp-json\/wp\/v2\/pages\/2209\/revisions\/8472"}],"wp:attachment":[{"href":"https:\/\/ops.radlin.pl\/ops\/wp-json\/wp\/v2\/media?parent=2209"}],"curies":[{"name":"wp","href":"https:\/\/api.w.org\/{rel}","templated":true}]}}