{"id":2271,"date":"2017-09-19T09:29:51","date_gmt":"2017-09-19T07:29:51","guid":{"rendered":"http:\/\/ops.radlin.pl\/ops\/?page_id=2271"},"modified":"2017-09-21T07:36:12","modified_gmt":"2017-09-21T05:36:12","slug":"pomoc-spoleczna","status":"publish","type":"page","link":"https:\/\/ops.radlin.pl\/ops\/pomoc-spoleczna\/","title":{"rendered":"Pomoc spo\u0142eczna"},"content":{"rendered":"<h3 style=\"text-align: center;\"><strong>\u015awiadczenia pieni\u0119\u017cne udzielane<br \/>\nw Referacie Pomocy Spo\u0142ecznej<\/strong><\/h3>\n<p>&nbsp;<br \/>\nInformacje og\u00f3lne:<\/p>\n<ul>\n<li><a href=\"http:\/\/ops.radlin.pl\/ops\/jak-ubiegac-sie-o-swiadczenia-z-pomocy-spolecznej\/\">jak ubiega\u0107 si\u0119 o \u015bwiadczenia z pomocy spo\u0142ecznej<\/a><\/li>\n<li><a href=\"http:\/\/ops.radlin.pl\/ops\/kryteria-przyznawania-swiadczen\/\">kryteria przyznawania \u015bwiadcze\u0144<\/a><\/li>\n<\/ul>\n<p>&nbsp;<br \/>\n\n<table id=\"tablepress-40\" class=\"tablepress tablepress-id-40\">\n<thead>\n<tr class=\"row-1\">\n\t<th class=\"column-1\">Nazwa \u015bwiadczenia<\/th><th class=\"column-2\">Kryterium dochodowe<\/th>\n<\/tr>\n<\/thead>\n<tbody class=\"row-striping row-hover\">\n<tr class=\"row-2\">\n\t<td class=\"column-1\"><a href=\"https:\/\/www.gov.pl\/web\/rodzina\/zasilek-staly\" target=\"_blank\" rel=\"noopener noreferrer\">Zasi\u0142ek sta\u0142y<\/a><\/td><td class=\"column-2\"><strong>1010 z\u0142<\/strong> dla osoby samotnie gospodaruj\u0105cej<br \/>\n<strong>823 z\u0142<\/strong> dla osoby gospodaruj\u0105cej w rodzinie<\/td>\n<\/tr>\n<tr class=\"row-3\">\n\t<td class=\"column-1\"><a href=\"https:\/\/www.gov.pl\/web\/rodzina\/zasilek-okresowy\" target=\"_blank\" rel=\"noopener noreferrer\">Zasi\u0142ek okresowy<\/a><\/td><td class=\"column-2\"><strong>1010 z\u0142<\/strong> dla osoby samotnie gospodaruj\u0105cej<br \/>\n<strong>823 z\u0142<\/strong> dla osoby gospodaruj\u0105cej w rodzinie<\/td>\n<\/tr>\n<tr class=\"row-4\">\n\t<td class=\"column-1\"><a href=\"https:\/\/www.gov.pl\/web\/rodzina\/zasilki-celowe\" target=\"_blank\" rel=\"noopener noreferrer\">Zasi\u0142ek celowy<\/a><\/td><td class=\"column-2\"><strong>1010 z\u0142<\/strong> dla osoby samotnie gospodaruj\u0105cej<br \/>\n<strong>823 z\u0142<\/strong> dla osoby gospodaruj\u0105cej w rodzinie<\/td>\n<\/tr>\n<tr class=\"row-5\">\n\t<td class=\"column-1\">\u015awiadczenie pieni\u0119\u017cne w postaci zasi\u0142ku celowego <br \/>\nna zakup \u017cywno\u015bci<\/td><td class=\"column-2\"><strong>1515 z\u0142<\/strong> dla osoby samotnie gospodaruj\u0105cej<br \/>\n<strong>1234,50 z\u0142<\/strong> dla osoby gospodaruj\u0105cej w rodzinie<\/td>\n<\/tr>\n<tr class=\"row-6\">\n\t<td class=\"column-1\"><a href=\"http:\/\/ops.radlin.pl\/ops\/pomoc-na-ekonomiczne-usamodzielnienie\/\">Zasi\u0142ek i po\u017cyczka na ekonomiczne usamodzielnienie<\/a><\/td><td class=\"column-2\">bez wzgl\u0119du na doch\u00f3d<\/td>\n<\/tr>\n<tr class=\"row-7\">\n\t<td class=\"column-1\">\u015awiadczenie pieni\u0119\u017cne na utrzymanie i pokrycie wydatk\u00f3w zwi\u0105zanych z nauk\u0105 j\u0119zyka polskiego dla cudzoziemc\u00f3w<\/td><td class=\"column-2\">wg przepis\u00f3w szczeg\u00f3lnych<\/td>\n<\/tr>\n<tr class=\"row-8\">\n\t<td class=\"column-1\">Wynagrodzenie nale\u017cne opiekunowi z tytu\u0142u sprawowania opieki przyznane przez s\u0105d<\/td><td class=\"column-2\">bez wzgl\u0119du na doch\u00f3d<\/td>\n<\/tr>\n<\/tbody>\n<\/table>\n<!-- #tablepress-40 from cache -->\n&nbsp;<\/p>\n<h3 style=\"text-align: center;\"><strong>Wsparcie niematerialne udzielane<br \/>\nw Referacie Pomocy Spo\u0142ecznej<\/strong><\/h3>\n<p>&nbsp;<br \/>\n\n<table id=\"tablepress-41\" class=\"tablepress tablepress-id-41\">\n<thead>\n<tr class=\"row-1\">\n\t<th class=\"column-1\">Nazwa \u015bwiadczenia<\/th><th class=\"column-2\">Kryterium dochodowe<\/th>\n<\/tr>\n<\/thead>\n<tbody class=\"row-striping row-hover\">\n<tr class=\"row-2\">\n\t<td class=\"column-1\">Praca socjalna<\/td><td class=\"column-2\">bez wzgl\u0119du na doch\u00f3d<\/td>\n<\/tr>\n<tr class=\"row-3\">\n\t<td class=\"column-1\">Bilet kredytowany<\/td><td class=\"column-2\"><strong>1010 z\u0142<\/strong> dla osoby samotnie gospodaruj\u0105cej<br \/>\n<strong>823 z\u0142<\/strong> dla osoby gospodaruj\u0105cej w rodzinie<\/td>\n<\/tr>\n<tr class=\"row-4\">\n\t<td class=\"column-1\">Sk\u0142adki na ubezpieczenie zdrowotne<\/td><td class=\"column-2\"><strong>1010 z\u0142<\/strong> dla osoby samotnie gospodaruj\u0105cej<br \/>\n<strong>823 z\u0142<\/strong> dla osoby gospodaruj\u0105cej w rodzinie<\/td>\n<\/tr>\n<tr class=\"row-5\">\n\t<td class=\"column-1\">Sk\u0142adki na ubezpieczenia spo\u0142eczne<\/td><td class=\"column-2\"><strong>1010 z\u0142<\/strong> dla osoby samotnie gospodaruj\u0105cej<br \/>\n<strong>823 z\u0142<\/strong> dla osoby gospodaruj\u0105cej w rodzinie<\/td>\n<\/tr>\n<tr class=\"row-6\">\n\t<td class=\"column-1\">Pomoc rzeczowa, w tym na ekonomiczne usamodzielnienie<\/td><td class=\"column-2\">wg przepis\u00f3w szczeg\u00f3lnych<\/td>\n<\/tr>\n<tr class=\"row-7\">\n\t<td class=\"column-1\">Sprawienie pogrzebu<\/td><td class=\"column-2\"><strong>1010 z\u0142<\/strong> dla osoby samotnie gospodaruj\u0105cej<br \/>\n<strong>823 z\u0142<\/strong> dla osoby gospodaruj\u0105cej w rodzinie<\/td>\n<\/tr>\n<tr class=\"row-8\">\n\t<td class=\"column-1\">Poradnictwo specjalistyczne<\/td><td class=\"column-2\">bez wzgl\u0119du na doch\u00f3d<\/td>\n<\/tr>\n<tr class=\"row-9\">\n\t<td class=\"column-1\">Interwencja kryzysowa<\/td><td class=\"column-2\">bez wzgl\u0119du na doch\u00f3d<\/td>\n<\/tr>\n<tr class=\"row-10\">\n\t<td class=\"column-1\">Schronienie<\/td><td class=\"column-2\">wg przepis\u00f3w szczeg\u00f3lnych<\/td>\n<\/tr>\n<tr class=\"row-11\">\n\t<td class=\"column-1\">Posi\u0142ek<\/td><td class=\"column-2\"><strong>1515 z\u0142<\/strong> dla osoby samotnie gospodaruj\u0105cej<br \/>\n<strong>1234,50 z\u0142<\/strong> dla osoby gospodaruj\u0105cej w rodzinie<\/td>\n<\/tr>\n<tr class=\"row-12\">\n\t<td class=\"column-1\">Niezb\u0119dne ubranie<\/td><td class=\"column-2\"><strong>1010 z\u0142<\/strong> dla osoby samotnie gospodaruj\u0105cej<br \/>\n<strong>823 z\u0142<\/strong> dla osoby gospodaruj\u0105cej w rodzinie<\/td>\n<\/tr>\n<tr class=\"row-13\">\n\t<td class=\"column-1\">Us\u0142ugi opieku\u0144cze w miejscu zamieszkania, w o\u015brodkach wsparcia oraz w rodzinnych domach pomocy<\/td><td class=\"column-2\">wg przepis\u00f3w szczeg\u00f3lnych<\/td>\n<\/tr>\n<tr class=\"row-14\">\n\t<td class=\"column-1\">Specjalistyczne us\u0142ugi opieku\u0144cze w miejscu zamieszkania oraz w o\u015brodkach wsparcia<\/td><td class=\"column-2\">wg przepis\u00f3w szczeg\u00f3lnych<\/td>\n<\/tr>\n<tr class=\"row-15\">\n\t<td class=\"column-1\">Mieszkanie chronione<\/td><td class=\"column-2\">wg przepis\u00f3w szczeg\u00f3lnych<\/td>\n<\/tr>\n<tr class=\"row-16\">\n\t<td class=\"column-1\">Pobyt i us\u0142ugi w domu pomocy spo\u0142ecznej<\/td><td class=\"column-2\">wg przepis\u00f3w szczeg\u00f3lnych<\/td>\n<\/tr>\n<tr class=\"row-17\">\n\t<td class=\"column-1\">Pomoc w uzyskaniu odpowiednich warunk\u00f3w mieszkaniowych, w tym w mieszkaniu chronionym,<br \/>\npomoc w uzyskaniu zatrudnienia, pomoc na zagospodarowanie - w formie rzeczowej dla os\u00f3b usamodzielnianych<\/td><td class=\"column-2\">wg przepis\u00f3w szczeg\u00f3lnych<\/td>\n<\/tr>\n<\/tbody>\n<\/table>\n<!-- #tablepress-41 from cache -->\n&nbsp;<\/p>\n","protected":false},"excerpt":{"rendered":"<p>\u015awiadczenia pieni\u0119\u017cne udzielane w Referacie Pomocy Spo\u0142ecznej &nbsp; Informacje og\u00f3lne: jak ubiega\u0107 si\u0119 o \u015bwiadczenia z pomocy spo\u0142ecznej kryteria przyznawania \u015bwiadcze\u0144 &nbsp; &nbsp; Wsparcie niematerialne udzielane w Referacie Pomocy Spo\u0142ecznej &nbsp; &nbsp;<\/p>\n","protected":false},"author":1,"featured_media":2457,"parent":0,"menu_order":0,"comment_status":"closed","ping_status":"closed","template":"","meta":{"footnotes":""},"class_list":["post-2271","page","type-page","status-publish","has-post-thumbnail","czr-hentry"],"aioseo_notices":[],"_links":{"self":[{"href":"https:\/\/ops.radlin.pl\/ops\/wp-json\/wp\/v2\/pages\/2271","targetHints":{"allow":["GET"]}}],"collection":[{"href":"https:\/\/ops.radlin.pl\/ops\/wp-json\/wp\/v2\/pages"}],"about":[{"href":"https:\/\/ops.radlin.pl\/ops\/wp-json\/wp\/v2\/types\/page"}],"author":[{"embeddable":true,"href":"https:\/\/ops.radlin.pl\/ops\/wp-json\/wp\/v2\/users\/1"}],"replies":[{"embeddable":true,"href":"https:\/\/ops.radlin.pl\/ops\/wp-json\/wp\/v2\/comments?post=2271"}],"version-history":[{"count":6,"href":"https:\/\/ops.radlin.pl\/ops\/wp-json\/wp\/v2\/pages\/2271\/revisions"}],"predecessor-version":[{"id":2469,"href":"https:\/\/ops.radlin.pl\/ops\/wp-json\/wp\/v2\/pages\/2271\/revisions\/2469"}],"wp:featuredmedia":[{"embeddable":true,"href":"https:\/\/ops.radlin.pl\/ops\/wp-json\/wp\/v2\/media\/2457"}],"wp:attachment":[{"href":"https:\/\/ops.radlin.pl\/ops\/wp-json\/wp\/v2\/media?parent=2271"}],"curies":[{"name":"wp","href":"https:\/\/api.w.org\/{rel}","templated":true}]}}