{"id":2946,"date":"2018-05-24T14:45:02","date_gmt":"2018-05-24T12:45:02","guid":{"rendered":"http:\/\/ops.radlin.pl\/ops\/?page_id=2946"},"modified":"2020-02-18T16:53:59","modified_gmt":"2020-02-18T15:53:59","slug":"polityka-prywatnosci","status":"publish","type":"page","link":"https:\/\/ops.radlin.pl\/ops\/polityka-prywatnosci\/","title":{"rendered":"Polityka prywatno\u015bci"},"content":{"rendered":"\n<p class=\"has-text-align-left\">Administratorem danych jest O\u015brodek Pomocy Spo\u0142ecznej w Radlinie z siedzib\u0105 przy ul. Ludwika Solskiego 15, 44-310 Radlin, tel. 32 4567363, 32 4567231<\/p>\n\n\n\n<p><strong><a href=\"http:\/\/ops.radlin.pl\/ops\/ochrona-danych-osobowych\/\">Informacje dotycz\u0105ce ochrony danych osobowych<\/a><\/strong><\/p>\n\n\n\n<p class=\"has-text-align-left\">Korzystaj\u0105c z serwisu internetowego O\u015brodka Pomocy Spo\u0142ecznej w Radlinie akceptujesz zasady niniejszej Polityki prywatno\u015bci oraz regulacje dotycz\u0105ce ochrony danych osobowych zawarte w Rozporz\u0105dzeniu Parlamentu Europejskiego i Rady (UE) 2016\/679 z dnia 27 kwietnia 2016 roku w sprawie ochrony os\u00f3b fizycznych w zwi\u0105zku z przetwarzaniem danych osobowych i w sprawie swobodnego przep\u0142ywu takich danych oraz uchylenia dyrektywy 95\/46\/WE (&#8222;RODO&#8221;).<\/p>\n\n\n\n<div style=\"height:20px\" aria-hidden=\"true\" class=\"wp-block-spacer\"><\/div>\n\n\n\n<h4 class=\"has-text-align-center wp-block-heading\"><strong>Gromadzenie danych<\/strong><\/h4>\n\n\n\n<p class=\"has-text-align-left\">Zgodnie z przyj\u0119t\u0105 praktyk\u0105 wi\u0119kszo\u015bci serwis\u00f3w WWW, przechowujemy zapytania HTTP kierowane do naszego serwera. Oznacza to, \u017ce znamy:<\/p>\n\n\n\n<ul class=\"wp-block-list\"><li>publiczny adres IP, z kt\u00f3rego u\u017cytkownik przegl\u0105da tre\u015bci informacyjne na naszym serwisie, <\/li><li>adresy URL przegl\u0105danych tre\u015bci, <\/li><li>czas nadej\u015bcia zapytania, <\/li><li>czas wys\u0142ania odpowiedzi, <\/li><li>adres URL strony poprzednio odwiedzanej przez u\u017cytkownika (referer link) &#8211; w przypadku gdy przej\u015bcie do strony o\u015brodka nast\u0105pi\u0142o przez odno\u015bnik, <\/li><li>informacje o przegl\u0105darce u\u017cytkownika, <\/li><li>informacje o systemie operacyjnym u\u017cytkownika, <\/li><li>informacje o przybli\u017conej lokalizacji u\u017cytkownika, <\/li><li>informacje o b\u0142\u0119dach, jakie nast\u0105pi\u0142y przy realizacji transakcji HTTP. <\/li><\/ul>\n\n\n\n<p class=\"has-text-align-left\">Dane te nie s\u0105 kojarzone z konkretnymi osobami przegl\u0105daj\u0105cymi serwis O\u015brodka Pomocy Spo\u0142ecznej w Radlinie. Logi s\u0105 okresowo analizowane w celu okre\u015blenia kt\u00f3re strony odwiedzane s\u0105 najcz\u0119\u015bciej, jakie przegl\u0105darki stron WWW s\u0105 stosowane, czy struktura strony nie zawiera b\u0142\u0119d\u00f3w itp.<\/p>\n\n\n\n<div style=\"height:20px\" aria-hidden=\"true\" class=\"wp-block-spacer\"><\/div>\n\n\n\n<h4 class=\"has-text-align-center wp-block-heading\"><strong>Wykorzystywanie danych<\/strong><\/h4>\n\n\n\n<p class=\"has-text-align-left\">Zebrane logi przechowywane s\u0105 jako materia\u0142 pomocniczy s\u0142u\u017c\u0105cy do administrowania serwisem. Informacje w nich zawarte nie s\u0105 ujawniane osobom trzecim. Na podstawie plik\u00f3w log\u00f3w mog\u0105 by\u0107 generowane statystyki stanowi\u0105ce pomoc w administrowaniu. Zbiorcze podsumowania w postaci takich statystyk nie zawieraj\u0105 \u017cadnych cech identyfikuj\u0105cych osoby odwiedzaj\u0105ce serwis.<\/p>\n\n\n\n<div style=\"height:20px\" aria-hidden=\"true\" class=\"wp-block-spacer\"><\/div>\n\n\n\n<h4 class=\"has-text-align-center wp-block-heading\"><strong>Mechanizm Cookies<\/strong><\/h4>\n\n\n\n<p class=\"has-text-align-left\">Serwis internetowy O\u015brodka Pomocy Spo\u0142ecznej w Radlinie wykorzystuje pliki Cookies. Stosowane pliki Cookies nie przechowuj\u0105 \u017cadnych danych osobowych.<\/p>\n\n\n\n<p>Pliki te s\u0142u\u017c\u0105 m.in. korzystaniu z r\u00f3\u017cnych funkcji przewidzianych na stronie internetowej lub potwierdzeniu, \u017ce dany u\u017cytkownik widzia\u0142 okre\u015blone tre\u015bci z danej witryny internetowej. Dzi\u0119ki plikom Cookies mo\u017cliwe jest:<\/p>\n\n\n\n<ul class=\"wp-block-list\"><li>dostosowanie zawarto\u015bci strony internetowej do preferencji U\u017cytkownika oraz optymalizacja korzystania ze stron internetowych (w szczeg\u00f3lno\u015bci pliki te pozwalaj\u0105 rozpozna\u0107 urz\u0105dzenie U\u017cytkownika i odpowiednio wy\u015bwietli\u0107 stron\u0119 internetow\u0105, dostosowan\u0105 do jego indywidualnych potrzeb),<\/li><li>zapewnienie utrzymania sesji U\u017cytkownika.<\/li><\/ul>\n\n\n\n<p>Wi\u0119cej o plikach \u201ecookies\u201d:<\/p>\n\n\n\n<ul class=\"wp-block-list\"><li><a href=\"https:\/\/pl.wikipedia.org\/wiki\/HTTP_cookie\" target=\"_blank\" rel=\"noopener noreferrer\">wikipedia.org <\/a><\/li><li><a href=\"http:\/\/wszystkoociasteczkach.pl\" target=\"_blank\" rel=\"noopener noreferrer\">wszystkoociasteczkach.pl <\/a><\/li><\/ul>\n\n\n\n<p class=\"has-text-align-left\">Ka\u017cda przegl\u0105darka internetowa umo\u017cliwia zarz\u0105dzanie sposobem korzystania z plik\u00f3w Cookies poprzez modyfikacj\u0119 jej ustawie\u0144. Nale\u017cy pami\u0119ta\u0107, \u017ce wy\u0142\u0105czaj\u0105c lub ograniczaj\u0105c obs\u0142ug\u0119 plik\u00f3w Cookies niekt\u00f3re z funkcjonalno\u015bci strony internetowej mog\u0105 by\u0107 dla u\u017cytkownika niedost\u0119pne. W ka\u017cdej chwili mo\u017cliwe jest przywr\u00f3cenie obs\u0142ugi Cookies.<\/p>\n\n\n\n<p>Informacje na temat zmiany ustawie\u0144 Cookies w najpopularniejszych przegl\u0105darkach:<\/p>\n\n\n\n<ul class=\"wp-block-list\"><li><a rel=\"noreferrer noopener\" aria-label=\"Firefox  (otwiera si\u0119 na nowej zak\u0142adce)\" href=\"https:\/\/support.mozilla.org\/pl\/kb\/usuwanie-ciasteczek-i-danych-stron-firefox\" target=\"_blank\">Firefox <\/a><\/li><li><a rel=\"noreferrer noopener\" aria-label=\"Chrome  (otwiera si\u0119 na nowej zak\u0142adce)\" href=\"https:\/\/support.google.com\/chrome\/answer\/95647?hl=pl\" target=\"_blank\">Chrome <\/a><\/li><li><a rel=\"noreferrer noopener\" aria-label=\"Opera  (otwiera si\u0119 na nowej zak\u0142adce)\" href=\"https:\/\/www.opera.com\/help\/tutorials\/security\/privacy\/\" target=\"_blank\">Opera <\/a><\/li><li><a rel=\"noreferrer noopener\" aria-label=\"Internet Explorer  (otwiera si\u0119 na nowej zak\u0142adce)\" href=\"https:\/\/support.microsoft.com\/pl-pl\/help\/17442\/windows-internet-explorer-delete-manage-cookies\" target=\"_blank\">Internet Explorer <\/a><\/li><li><a rel=\"noreferrer noopener\" aria-label=\"Edge  (otwiera si\u0119 na nowej zak\u0142adce)\" href=\"https:\/\/privacy.microsoft.com\/pl-pl\/windows-10-microsoft-edge-and-privacy\" target=\"_blank\">Edge <\/a><\/li><li><a href=\"https:\/\/support.apple.com\/kb\/PH19214?locale=pl_PL&amp;viewlocale=pl_PL\" target=\"_blank\" rel=\"noreferrer noopener\" aria-label=\"Safari  (otwiera si\u0119 na nowej zak\u0142adce)\">Safari <\/a><\/li><\/ul>\n\n\n\n<div style=\"height:20px\" aria-hidden=\"true\" class=\"wp-block-spacer\"><\/div>\n\n\n\n<h4 class=\"has-text-align-center wp-block-heading\"><strong>Odno\u015bniki do innych stron<\/strong><\/h4>\n\n\n\n<p class=\"has-text-align-left\">Serwis O\u015brodka Pomocy Spo\u0142ecznej w Radlinie zawiera odno\u015bniki do innych stron internetowych. Nie mo\u017cemy ponosi\u0107 odpowiedzialno\u015bci za zasady zachowania prywatno\u015bci obowi\u0105zuj\u0105ce na tych stronach. Namawiamy, by po przej\u015bciu na inne strony, zapozna\u0107 si\u0119 z polityka prywatno\u015bci tam ustalon\u0105. Niniejsza polityka prywatno\u015bci dotyczy tylko serwisu O\u015brodka Pomocy Spo\u0142ecznej w Radlinie.<\/p>\n\n\n\n<div style=\"height:20px\" aria-hidden=\"true\" class=\"wp-block-spacer\"><\/div>\n\n\n\n<h4 class=\"has-text-align-center wp-block-heading\"><strong>Zmiany w niniejszej Polityce prywatno\u015bci<\/strong><\/h4>\n\n\n\n<p class=\"has-text-align-left\">O\u015brodek Pomocy Spo\u0142ecznej w Radlinie zobowi\u0105zuje si\u0119 do regularnego przegl\u0105du niniejszej Polityki prywatno\u015bci i zastrzega sobie prawo do jej zmiany.<\/p>\n","protected":false},"excerpt":{"rendered":"<p>Administratorem danych jest O\u015brodek Pomocy Spo\u0142ecznej w Radlinie z siedzib\u0105 przy ul. Ludwika Solskiego 15, 44-310 Radlin, tel. 32 4567363, 32 4567231 Informacje dotycz\u0105ce ochrony danych osobowych Korzystaj\u0105c z serwisu internetowego O\u015brodka Pomocy Spo\u0142ecznej w Radlinie akceptujesz zasady niniejszej Polityki prywatno\u015bci oraz regulacje dotycz\u0105ce ochrony danych osobowych zawarte w Rozporz\u0105dzeniu Parlamentu Europejskiego i Rady (UE)&hellip; <a class=\"continue\" href=\"https:\/\/ops.radlin.pl\/ops\/polityka-prywatnosci\/\"><strong>Czytaj wi\u0119cej:<\/strong><span> Polityka prywatno\u015bci<\/span><\/a><\/p>\n","protected":false},"author":1,"featured_media":0,"parent":0,"menu_order":0,"comment_status":"closed","ping_status":"closed","template":"","meta":{"footnotes":""},"class_list":["post-2946","page","type-page","status-publish","czr-hentry"],"aioseo_notices":[],"_links":{"self":[{"href":"https:\/\/ops.radlin.pl\/ops\/wp-json\/wp\/v2\/pages\/2946","targetHints":{"allow":["GET"]}}],"collection":[{"href":"https:\/\/ops.radlin.pl\/ops\/wp-json\/wp\/v2\/pages"}],"about":[{"href":"https:\/\/ops.radlin.pl\/ops\/wp-json\/wp\/v2\/types\/page"}],"author":[{"embeddable":true,"href":"https:\/\/ops.radlin.pl\/ops\/wp-json\/wp\/v2\/users\/1"}],"replies":[{"embeddable":true,"href":"https:\/\/ops.radlin.pl\/ops\/wp-json\/wp\/v2\/comments?post=2946"}],"version-history":[{"count":19,"href":"https:\/\/ops.radlin.pl\/ops\/wp-json\/wp\/v2\/pages\/2946\/revisions"}],"predecessor-version":[{"id":4265,"href":"https:\/\/ops.radlin.pl\/ops\/wp-json\/wp\/v2\/pages\/2946\/revisions\/4265"}],"wp:attachment":[{"href":"https:\/\/ops.radlin.pl\/ops\/wp-json\/wp\/v2\/media?parent=2946"}],"curies":[{"name":"wp","href":"https:\/\/api.w.org\/{rel}","templated":true}]}}