{"id":3220,"date":"2018-10-11T13:53:44","date_gmt":"2018-10-11T11:53:44","guid":{"rendered":"http:\/\/ops.radlin.pl\/ops\/?page_id=3220"},"modified":"2018-10-11T13:53:44","modified_gmt":"2018-10-11T11:53:44","slug":"projekt-rodzina-bez-przemocy","status":"publish","type":"page","link":"https:\/\/ops.radlin.pl\/ops\/projekt-rodzina-bez-przemocy\/","title":{"rendered":"Projekt &#8222;Rodzina bez przemocy&#8221;"},"content":{"rendered":"<p style=\"text-align: left;\"><img loading=\"lazy\" decoding=\"async\" tabindex=\"-1\" id=\"longdesc-return-3221\" longdesc=\"http:\/\/ops.radlin.pl\/ops?longdesc=3221&#038;referrer=3220\" src=\"http:\/\/ops.radlin.pl\/ops\/wp-content\/uploads\/2018\/10\/baner-projekt_przemoc.png\" alt=\"\" width=\"850\" height=\"213\" class=\"aligncenter size-full wp-image-3221\" srcset=\"https:\/\/ops.radlin.pl\/ops\/wp-content\/uploads\/2018\/10\/baner-projekt_przemoc.png 850w, https:\/\/ops.radlin.pl\/ops\/wp-content\/uploads\/2018\/10\/baner-projekt_przemoc-300x75.png 300w, https:\/\/ops.radlin.pl\/ops\/wp-content\/uploads\/2018\/10\/baner-projekt_przemoc-768x192.png 768w\" sizes=\"auto, (max-width: 850px) 100vw, 850px\" \/><\/p>\n<p>&nbsp;<\/p>\n<p style=\"text-align: left;\">Projekt <strong>\u201eRodzina bez przemocy\u201d<\/strong> dofinansowany jest ze \u015brodk\u00f3w Ministerstwa Rodziny, Pracy i Polityki Spo\u0142ecznej w ramach Programu Os\u0142onowego 2018 \u2013 Wspieranie Jednostek Samorz\u0105du Terytorialnego w Tworzeniu Systemu Przeciwdzia\u0142ania Przemocy w Rodzinie.<\/p>\n<p style=\"text-align: left;\">Priorytetem projektu jest rozw\u00f3j dzia\u0142a\u0144 profilaktycznych maj\u0105cych na celu podniesienie \u015bwiadomo\u015bci spo\u0142ecznej na temat zjawiska przemocy w rodzinie. W ramach projektu realizowane b\u0119d\u0105 dzia\u0142ania maj\u0105ce na celu podniesienie \u015bwiadomo\u015bci spo\u0142ecznej w zakresie negatywnych skutk\u00f3w p\u0142yn\u0105cych ze stosowania przemocy w rodzinie, podniesienie oferty dla rodzin z terenu Radlina z zakresu przeciwdzia\u0142ania przemocy oraz poprawa komunikacji w\u015br\u00f3d os\u00f3b zajmuj\u0105cych si\u0119 na terenie Radlina przeciwdzia\u0142aniem przemocy w rodzinie.<\/p>\n<p style=\"text-align: left;\"><strong>Dofinansowanie projektu:<\/strong> 10 000,00 z\u0142<\/p>\n<p style=\"text-align: left;\"><strong>Okres realizacji projektu:<\/strong> maj \u2013 grudzie\u0144 2018 r.<\/p>\n<p>&nbsp;<\/p>\n","protected":false},"excerpt":{"rendered":"<p>&nbsp; Projekt \u201eRodzina bez przemocy\u201d dofinansowany jest ze \u015brodk\u00f3w Ministerstwa Rodziny, Pracy i Polityki Spo\u0142ecznej w ramach Programu Os\u0142onowego 2018 \u2013 Wspieranie Jednostek Samorz\u0105du Terytorialnego w Tworzeniu Systemu Przeciwdzia\u0142ania Przemocy w Rodzinie. Priorytetem projektu jest rozw\u00f3j dzia\u0142a\u0144 profilaktycznych maj\u0105cych na celu podniesienie \u015bwiadomo\u015bci spo\u0142ecznej na temat zjawiska przemocy w rodzinie. W ramach projektu realizowane b\u0119d\u0105&hellip; <a class=\"continue\" href=\"https:\/\/ops.radlin.pl\/ops\/projekt-rodzina-bez-przemocy\/\"><strong>Czytaj wi\u0119cej:<\/strong><span> Projekt &#8222;Rodzina bez przemocy&#8221;<\/span><\/a><\/p>\n","protected":false},"author":1,"featured_media":0,"parent":0,"menu_order":0,"comment_status":"closed","ping_status":"closed","template":"","meta":{"footnotes":""},"class_list":["post-3220","page","type-page","status-publish","czr-hentry"],"aioseo_notices":[],"_links":{"self":[{"href":"https:\/\/ops.radlin.pl\/ops\/wp-json\/wp\/v2\/pages\/3220","targetHints":{"allow":["GET"]}}],"collection":[{"href":"https:\/\/ops.radlin.pl\/ops\/wp-json\/wp\/v2\/pages"}],"about":[{"href":"https:\/\/ops.radlin.pl\/ops\/wp-json\/wp\/v2\/types\/page"}],"author":[{"embeddable":true,"href":"https:\/\/ops.radlin.pl\/ops\/wp-json\/wp\/v2\/users\/1"}],"replies":[{"embeddable":true,"href":"https:\/\/ops.radlin.pl\/ops\/wp-json\/wp\/v2\/comments?post=3220"}],"version-history":[{"count":2,"href":"https:\/\/ops.radlin.pl\/ops\/wp-json\/wp\/v2\/pages\/3220\/revisions"}],"predecessor-version":[{"id":3223,"href":"https:\/\/ops.radlin.pl\/ops\/wp-json\/wp\/v2\/pages\/3220\/revisions\/3223"}],"wp:attachment":[{"href":"https:\/\/ops.radlin.pl\/ops\/wp-json\/wp\/v2\/media?parent=3220"}],"curies":[{"name":"wp","href":"https:\/\/api.w.org\/{rel}","templated":true}]}}