{"id":389,"date":"2017-01-18T09:32:49","date_gmt":"2017-01-18T08:32:49","guid":{"rendered":"http:\/\/ops.radlin.pl\/ops\/?page_id=389"},"modified":"2024-10-23T09:07:02","modified_gmt":"2024-10-23T07:07:02","slug":"projekty","status":"publish","type":"page","link":"https:\/\/ops.radlin.pl\/ops\/projekty\/","title":{"rendered":"Projekty"},"content":{"rendered":"\n<h3 class=\"wp-block-heading has-text-align-center\">Lista projekt\u00f3w realizowanych<br>w O\u015brodku Pomocy Spo\u0142ecznej w Radlinie<\/h3>\n\n\n\n<div style=\"height:40px\" aria-hidden=\"true\" class=\"wp-block-spacer\"><\/div>\n\n\n\n<h3 class=\"wp-block-heading has-text-align-center\"><strong>Projekt \u201eRadli\u0144skie zielone serce\u201d<\/strong><\/h3>\n\n\n\n<figure class=\"wp-block-image size-large\"><img loading=\"lazy\" decoding=\"async\" width=\"1920\" height=\"203\" src=\"https:\/\/ops.radlin.pl\/ops\/wp-content\/uploads\/2024\/10\/FESL-kolor-1920x203.jpg\" alt=\"\" class=\"wp-image-7546\" srcset=\"https:\/\/ops.radlin.pl\/ops\/wp-content\/uploads\/2024\/10\/FESL-kolor-1920x203.jpg 1920w, https:\/\/ops.radlin.pl\/ops\/wp-content\/uploads\/2024\/10\/FESL-kolor-300x32.jpg 300w, https:\/\/ops.radlin.pl\/ops\/wp-content\/uploads\/2024\/10\/FESL-kolor-768x81.jpg 768w, https:\/\/ops.radlin.pl\/ops\/wp-content\/uploads\/2024\/10\/FESL-kolor-1536x162.jpg 1536w, https:\/\/ops.radlin.pl\/ops\/wp-content\/uploads\/2024\/10\/FESL-kolor.jpg 2015w\" sizes=\"auto, (max-width: 1920px) 100vw, 1920px\" \/><\/figure>\n\n\n\n<ul>\n<li style=\"text-align: left;\">status projektu:<span style=\"color: green;\"> Trwa<\/span><\/li>\n<li style=\"text-align: left;\"><a href=\"https:\/\/ops.radlin.pl\/ops\/projekt-radlinskie-zielone-serce\/\">podstawowe informacje o projekcie<\/a><\/li>\n<li style=\"text-align: left;\"><a href=\"http:\/\/ops.radlin.pl\/ops\/category\/radlinskie-zielone-serce\/\">aktualno\u015bci dotycz\u0105ce projektu<\/a><\/li>\n<\/ul>\n\n\n\n<div style=\"height:60px\" aria-hidden=\"true\" class=\"wp-block-spacer\"><\/div>\n\n\n\n<h3 class=\"wp-block-heading has-text-align-center\"><strong>Projekt \u201eUs\u0142ugi spo\u0142eczne na rzecz ograniczenia skutk\u00f3w kryzysu wywo\u0142anego konfliktem zbrojnym na terytorium Ukrainy \u2013 Miasto Radlin\u201d<\/strong><\/h3>\n\n\n<div class=\"wp-block-image\">\n<figure class=\"aligncenter size-full\"><img loading=\"lazy\" decoding=\"async\" width=\"1298\" height=\"127\" src=\"https:\/\/ops.radlin.pl\/ops\/wp-content\/uploads\/2023\/01\/EFS_kolor_poziom_rgb.png\" alt=\"Logotyp\" class=\"wp-image-5876\" srcset=\"https:\/\/ops.radlin.pl\/ops\/wp-content\/uploads\/2023\/01\/EFS_kolor_poziom_rgb.png 1298w, https:\/\/ops.radlin.pl\/ops\/wp-content\/uploads\/2023\/01\/EFS_kolor_poziom_rgb-300x29.png 300w, https:\/\/ops.radlin.pl\/ops\/wp-content\/uploads\/2023\/01\/EFS_kolor_poziom_rgb-768x75.png 768w\" sizes=\"auto, (max-width: 1298px) 100vw, 1298px\" \/><\/figure>\n<\/div>\n\n\n<ul>\n<li style=\"text-align: left;\">status projektu:<span style=\"color: red;\"> Zako\u0144czony<\/span><\/li>\n<li style=\"text-align: left;\"><a href=\"https:\/\/ops.radlin.pl\/ops\/projekt-uslugi-spoleczne-na-rzecz-ograniczenia-skutkow-kryzysu-wywolanego-konfliktem-zbrojnym-na-terytorium-ukrainy-miasto-radlin\/\">podstawowe informacje o projekcie<\/a><\/li>\n<li style=\"text-align: left;\"><a href=\"http:\/\/ops.radlin.pl\/ops\/category\/uslugi-spoleczne-na-rzecz-ograniczenia-skutkow-kryzysu-wywolanego-konfliktem-zbrojnym-na-terytorium-ukrainy-miasto-radlin\/\">aktualno\u015bci dotycz\u0105ce projektu<\/a><\/li>\n<\/ul>\n\n\n\n<ul class=\"wp-block-list\">\n<li><\/li>\n<\/ul>\n\n\n\n<div style=\"height:60px\" aria-hidden=\"true\" class=\"wp-block-spacer\"><\/div>\n\n\n\n<h3 style=\"text-align: center;\"><strong>Projekt &#8222;Rewitalizacja g\u00f3rniczego osiedla Emma w Radlinie \u2013 dzia\u0142ania integracyjne, aktywizacja spo\u0142eczna, kulturalna i zawodowa&#8221;<\/strong><\/h3>\n<p style=\"text-align: left;\"><\/p><figure class=\"wp-block-image size-full\"><img loading=\"lazy\" decoding=\"async\" width=\"1261\" height=\"127\" src=\"https:\/\/ops.radlin.pl\/ops\/wp-content\/uploads\/2021\/08\/EFRR_kolor_poziom_rgb.png\" alt=\"Logotyp\" class=\"wp-image-5099\" srcset=\"https:\/\/ops.radlin.pl\/ops\/wp-content\/uploads\/2021\/08\/EFRR_kolor_poziom_rgb.png 1261w, https:\/\/ops.radlin.pl\/ops\/wp-content\/uploads\/2021\/08\/EFRR_kolor_poziom_rgb-300x30.png 300w, https:\/\/ops.radlin.pl\/ops\/wp-content\/uploads\/2021\/08\/EFRR_kolor_poziom_rgb-768x77.png 768w\" sizes=\"auto, (max-width: 1261px) 100vw, 1261px\" \/><\/figure><p><\/p>\n<ul>\n<li style=\"text-align: left;\">status projektu:<span style=\"color: red;\"> Zako\u0144czony<\/span><\/li>\n<li style=\"text-align: left;\"><a href=\"http:\/\/ops.radlin.pl\/ops\/projekt-rewitalizacja-gorniczego-osiedla-emma-w-radlinie-dzialania-integracyjne-aktywizacja-spoleczna-kulturalna-i-zawodowa\">podstawowe informacje o projekcie<\/a><\/li>\n<li style=\"text-align: left;\"><a href=\"http:\/\/ops.radlin.pl\/ops\/category\/rewitalizacja-gorniczego-osiedla-emma-w-radlinie\/\">aktualno\u015bci dotycz\u0105ce projektu<\/a><\/li>\n<\/ul>\n\n\n\n<div style=\"height:60px\" aria-hidden=\"true\" class=\"wp-block-spacer\"><\/div>\n\n\n\n<h3 style=\"text-align: center;\"><strong>Projekt &#8222;Rodzina bez przemocy&#8221;<\/strong><\/h3>\n<p>&nbsp;<\/p>\n<p style=\"text-align: left;\"><img loading=\"lazy\" decoding=\"async\" id=\"longdesc-return-3221\" class=\"aligncenter size-full wp-image-3221\" tabindex=\"-1\" src=\"http:\/\/ops.radlin.pl\/ops\/wp-content\/uploads\/2018\/10\/baner-projekt_przemoc.png\" alt=\"\" longdesc=\"http:\/\/ops.radlin.pl\/ops?longdesc=3221&amp;referrer=3220\" width=\"850\" height=\"213\" srcset=\"https:\/\/ops.radlin.pl\/ops\/wp-content\/uploads\/2018\/10\/baner-projekt_przemoc.png 850w, https:\/\/ops.radlin.pl\/ops\/wp-content\/uploads\/2018\/10\/baner-projekt_przemoc-300x75.png 300w, https:\/\/ops.radlin.pl\/ops\/wp-content\/uploads\/2018\/10\/baner-projekt_przemoc-768x192.png 768w\" sizes=\"auto, (max-width: 850px) 100vw, 850px\" \/><\/p>\n<ul>\n<li style=\"text-align: left;\">status projektu:<span style=\"color: red;\"> Zako\u0144czony<\/span><\/li>\n<li style=\"text-align: left;\"><a href=\"http:\/\/ops.radlin.pl\/ops\/projekt-rodzina-bez-przemocy\/\">podstawowe informacje o projekcie<\/a><\/li>\n<li style=\"text-align: left;\"><a href=\"http:\/\/zi.radlin.pl\/zi\/category\/projekty\/rodzina-bez-przemocy\/\" target=\"_blank\" rel=\"noopener noreferrer\">aktualno\u015bci dotycz\u0105ce projektu <\/a><i class=\"fas fa-external-link-alt\"><\/i><\/li>\n<\/ul>\n\n\n\n<div style=\"height:60px\" aria-hidden=\"true\" class=\"wp-block-spacer\"><\/div>\n\n\n\n<h3 style=\"text-align: center;\"><strong>Projekt &#8222;Lepsze Jutro&#8221;<\/strong><\/h3>\n<p style=\"text-align: left;\"><img loading=\"lazy\" decoding=\"async\" id=\"longdesc-return-2193\" class=\"aligncenter size-full wp-image-2193\" tabindex=\"-1\" src=\"http:\/\/ops.radlin.pl\/ops\/wp-content\/uploads\/2017\/01\/logotyp-EFS-slaskie.png\" alt=\"\" longdesc=\"http:\/\/ops.radlin.pl\/ops?longdesc=2193&amp;referrer=389\" width=\"850\" height=\"200\" srcset=\"https:\/\/ops.radlin.pl\/ops\/wp-content\/uploads\/2017\/01\/logotyp-EFS-slaskie.png 850w, https:\/\/ops.radlin.pl\/ops\/wp-content\/uploads\/2017\/01\/logotyp-EFS-slaskie-300x71.png 300w, https:\/\/ops.radlin.pl\/ops\/wp-content\/uploads\/2017\/01\/logotyp-EFS-slaskie-768x181.png 768w\" sizes=\"auto, (max-width: 850px) 100vw, 850px\" \/><\/p>\n<ul>\n<li style=\"text-align: left;\">status projektu:<span style=\"color: red;\"> Zako\u0144czony<\/span><\/li>\n<li style=\"text-align: left;\"><a href=\"http:\/\/ops.radlin.pl\/ops\/projekt-lepsze-jutro\/\">podstawowe informacje o projekcie<\/a><\/li>\n<li style=\"text-align: left;\"><a href=\"http:\/\/ops.radlin.pl\/ops\/category\/lepsze-jutro\/\">aktualno\u015bci dotycz\u0105ce projektu<\/a><\/li>\n<\/ul>\n\n\n\n<div style=\"height:60px\" aria-hidden=\"true\" class=\"wp-block-spacer\"><\/div>\n\n\n\n<h3 style=\"text-align: center;\"><strong>Projekt &#8222;Nowe Horyzonty &#8211; aktywna integracja spo\u0142eczno\u015bci Radlina&#8221;<\/strong><\/h3>\n<p>&nbsp;<\/p>\n<p style=\"text-align: center;\"><img loading=\"lazy\" decoding=\"async\" id=\"longdesc-return-2183\" class=\"aligncenter size-full wp-image-2183\" tabindex=\"-1\" src=\"http:\/\/ops.radlin.pl\/ops\/wp-content\/uploads\/2017\/01\/Logotyp_HN.png\" alt=\"\" longdesc=\"http:\/\/ops.radlin.pl\/ops?longdesc=2183&amp;referrer=389\" width=\"850\" height=\"475\" srcset=\"https:\/\/ops.radlin.pl\/ops\/wp-content\/uploads\/2017\/01\/Logotyp_HN.png 850w, https:\/\/ops.radlin.pl\/ops\/wp-content\/uploads\/2017\/01\/Logotyp_HN-300x168.png 300w, https:\/\/ops.radlin.pl\/ops\/wp-content\/uploads\/2017\/01\/Logotyp_HN-768x429.png 768w\" sizes=\"auto, (max-width: 850px) 100vw, 850px\" \/><\/p>\n<ul>\n<li style=\"text-align: left;\">status projektu:<span style=\"color: red;\"> Zako\u0144czony<\/span><\/li>\n<li style=\"text-align: left;\"><a href=\"http:\/\/ops.radlin.pl\/ops\/projekt-nowe-horyzonty\/\">podstawowe informacje o projekcie<\/a><\/li>\n<li style=\"text-align: left;\"><a href=\"http:\/\/oldops.radlin.pl\/oldops\/index.php\/efs-po-kl.html\" target=\"_blank\" rel=\"noopener noreferrer\">aktualno\u015bci dotycz\u0105ce projektu <\/a><i class=\"fas fa-external-link-alt\"><\/i><\/li>\n<\/ul>\n","protected":false},"excerpt":{"rendered":"<p>Lista projekt\u00f3w realizowanychw O\u015brodku Pomocy Spo\u0142ecznej w Radlinie Projekt \u201eRadli\u0144skie zielone serce\u201d status projektu: Trwa podstawowe informacje o projekcie aktualno\u015bci dotycz\u0105ce projektu Projekt \u201eUs\u0142ugi spo\u0142eczne na rzecz ograniczenia skutk\u00f3w kryzysu wywo\u0142anego konfliktem zbrojnym na terytorium Ukrainy \u2013 Miasto Radlin\u201d status projektu: Zako\u0144czony podstawowe informacje o projekcie aktualno\u015bci dotycz\u0105ce projektu Projekt &#8222;Rewitalizacja g\u00f3rniczego osiedla Emma w&hellip; <a class=\"continue\" href=\"https:\/\/ops.radlin.pl\/ops\/projekty\/\"><strong>Czytaj wi\u0119cej:<\/strong><span> Projekty<\/span><\/a><\/p>\n","protected":false},"author":1,"featured_media":2420,"parent":0,"menu_order":0,"comment_status":"closed","ping_status":"closed","template":"","meta":{"footnotes":""},"class_list":["post-389","page","type-page","status-publish","has-post-thumbnail","czr-hentry"],"aioseo_notices":[],"_links":{"self":[{"href":"https:\/\/ops.radlin.pl\/ops\/wp-json\/wp\/v2\/pages\/389","targetHints":{"allow":["GET"]}}],"collection":[{"href":"https:\/\/ops.radlin.pl\/ops\/wp-json\/wp\/v2\/pages"}],"about":[{"href":"https:\/\/ops.radlin.pl\/ops\/wp-json\/wp\/v2\/types\/page"}],"author":[{"embeddable":true,"href":"https:\/\/ops.radlin.pl\/ops\/wp-json\/wp\/v2\/users\/1"}],"replies":[{"embeddable":true,"href":"https:\/\/ops.radlin.pl\/ops\/wp-json\/wp\/v2\/comments?post=389"}],"version-history":[{"count":63,"href":"https:\/\/ops.radlin.pl\/ops\/wp-json\/wp\/v2\/pages\/389\/revisions"}],"predecessor-version":[{"id":7555,"href":"https:\/\/ops.radlin.pl\/ops\/wp-json\/wp\/v2\/pages\/389\/revisions\/7555"}],"wp:featuredmedia":[{"embeddable":true,"href":"https:\/\/ops.radlin.pl\/ops\/wp-json\/wp\/v2\/media\/2420"}],"wp:attachment":[{"href":"https:\/\/ops.radlin.pl\/ops\/wp-json\/wp\/v2\/media?parent=389"}],"curies":[{"name":"wp","href":"https:\/\/api.w.org\/{rel}","templated":true}]}}