{"id":4253,"date":"2020-02-18T16:03:28","date_gmt":"2020-02-18T15:03:28","guid":{"rendered":"http:\/\/ops.radlin.pl\/ops\/?page_id=4253"},"modified":"2022-12-01T14:57:18","modified_gmt":"2022-12-01T13:57:18","slug":"klauzula","status":"publish","type":"page","link":"https:\/\/ops.radlin.pl\/ops\/klauzula\/","title":{"rendered":"Klauzula informacyjna"},"content":{"rendered":"\n<p class=\"has-text-align-left\">Zgodnie z art. 13 ust. 1 i 2 rozporz\u0105dzenia Parlamentu Europejskiego i Rady (UE) 2016\/679 z dnia 27 kwietnia 2016 r. w sprawie ochrony os\u00f3b fizycznych w zwi\u0105zku z przetwarzaniem danych osobowych i w sprawie swobodnego przep\u0142ywu takich danych oraz uchylenia dyrektywy 95\/46\/WE (og\u00f3lne rozporz\u0105dzenie o ochronie danych) zwanym dalej \u201eRODO\u201d, celem realizacji obowi\u0105zku informacyjnego podaje si\u0119 do wiadomo\u015bci nast\u0119puj\u0105ce zasady dot. przetwarzania danych osobowych obowi\u0105zuj\u0105ce w O\u015brodku Pomocy Spo\u0142ecznej w Radlinie:<\/p>\n\n\n\n<div style=\"height:20px\" aria-hidden=\"true\" class=\"wp-block-spacer\"><\/div>\n\n\n\n<h4 class=\"has-text-align-center wp-block-heading\" id=\"administrator-danych\"><strong>Administrator Danych<\/strong> <\/h4>\n\n\n\n<p class=\"has-text-align-left\">Administratorem danych jest O\u015brodek Pomocy Spo\u0142ecznej w Radlinie z siedzib\u0105 przy ul. Ludwika Solskiego 15, 44-310 Radlin, tel. 32 4567363, 32 4567231<\/p>\n\n\n\n<div style=\"height:20px\" aria-hidden=\"true\" class=\"wp-block-spacer\"><\/div>\n\n\n\n<h4 class=\"has-text-align-center wp-block-heading\" id=\"inspektor-ochrony-danych\"><strong>Inspektor Ochrony Danych<\/strong><\/h4>\n\n\n\n<p class=\"has-text-align-left\">W O\u015brodku Pomocy Spo\u0142ecznej w Radlinie funkcj\u0119 Inspektora Ochrony Danych pe\u0142ni Dawid Hewig (kontakt mo\u017cliwy jest poprzez e-mail: ops@radlin.pl)<\/p>\n\n\n\n<div style=\"height:20px\" aria-hidden=\"true\" class=\"wp-block-spacer\"><\/div>\n\n\n\n<h4 class=\"has-text-align-center wp-block-heading\" id=\"cele-i-podstawy-prawne-przetwarzania-danych-osobowych\"><strong>Cele i podstawy prawne przetwarzania danych osobowych<\/strong><\/h4>\n\n\n\n<p class=\"has-text-align-left\">Dane osobowe przetwarzane s\u0105 w celu realizacji zada\u0144 statutowych O\u015brodka Pomocy Spo\u0142ecznej w Radlinie, wype\u0142nienia obowi\u0105zk\u00f3w na\u0142o\u017conych przepisami prawa, \u015bwiadczenia us\u0142ug dla zainteresowanych nimi os\u00f3b.<\/p>\n\n\n\n<p>Dane osobowe przetwarzane s\u0105 w na podstawie art. 6 ust. 1 lit. a) &#8211; e) oraz art. 9 ust. 2 lit. a) &#8211; b) RODO oraz na podstawie przepis\u00f3w prawa, w szczeg\u00f3lno\u015bci:<\/p>\n\n\n\n<ul class=\"wp-block-list\">\n<li>ustawy z dnia 12 marca 2004 r. o pomocy spo\u0142ecznej,<\/li>\n\n\n\n<li>ustawy z dnia 28 listopada 2003 r. o \u015bwiadczeniach rodzinnych,<\/li>\n\n\n\n<li>ustawy z dnia 7 wrze\u015bnia 2007 r. o pomocy osobom uprawnionym do aliment\u00f3w,<\/li>\n\n\n\n<li>ustawy z dnia 4 kwietnia 2014 r. o ustaleniu i wyp\u0142acie zasi\u0142k\u00f3w dla opiekun\u00f3w,<\/li>\n\n\n\n<li>ustawy z dnia 11 lutego 2016 r. o pomocy pa\u0144stwa w wychowywaniu dzieci,<\/li>\n\n\n\n<li>ustawy z dnia 4 listopada 2016 r. o wsparciu kobiet w ci\u0105\u017cy i rodzin \u201eZa \u017cyciem\u201d,<\/li>\n\n\n\n<li>ustawy z dnia 27 sierpnia 2004 r. o \u015bwiadczeniach opieki zdrowotnej finansowanych ze \u015brodk\u00f3w publicznych,<\/li>\n\n\n\n<li>ustawy z dnia 29 lipca 2005 r. o przeciwdzia\u0142aniu przemocy w rodzinie,<\/li>\n\n\n\n<li>ustawy z dnia 9 czerwca 2011 r. o wspieraniu rodziny i systemie pieczy zast\u0119pczej,<\/li>\n\n\n\n<li>ustawy z dnia 21 czerwca 2001 r. o dodatkach mieszkaniowych,<\/li>\n\n\n\n<li>ustawy z dnia 17 grudnia 2021 r. o dodatku os\u0142onowym,<\/li>\n\n\n\n<li>ustawy z dnia 11 sierpnia 2022 r. o dodatku w\u0119glowym,<\/li>\n\n\n\n<li>ustawy z dnia 15 wrze\u015bnia 2022 r. o szczeg\u00f3lnych rozwi\u0105zaniach w zakresie niekt\u00f3rych \u017ar\u00f3de\u0142 ciep\u0142a w zwi\u0105zku z sytuacj\u0105 na rynku paliw,<\/li>\n\n\n\n<li>ustawy z dnia 7 pa\u017adziernika 2022 r. o szczeg\u00f3lnych rozwi\u0105zaniach s\u0142u\u017c\u0105cych ochronie odbiorc\u00f3w energii elektrycznej w 2023 roku w zwi\u0105zku z sytuacj\u0105 na rynku energii elektrycznej,<\/li>\n\n\n\n<li>innych obowi\u0105zuj\u0105cych akt\u00f3w prawnych dotycz\u0105cych pomocy spo\u0142ecznej.<\/li>\n<\/ul>\n\n\n\n<div style=\"height:20px\" aria-hidden=\"true\" class=\"wp-block-spacer\"><\/div>\n\n\n\n<h4 class=\"has-text-align-center wp-block-heading\" id=\"odbiorcy-lub-kategorie-odbiorcow-danych-osobowych\">Odbiorcy lub kategorie odbiorc\u00f3w danych osobowych<\/h4>\n\n\n\n<p class=\"has-text-align-left\">Zale\u017cnie od zakresu zbieranych danych, odbiorcami powierzonych danych mog\u0105 by\u0107:<\/p>\n\n\n\n<ul class=\"wp-block-list\">\n<li>organy administracji pa\u0144stwowej i samorz\u0105dowej (w zakresie wynikaj\u0105cym z przepis\u00f3w prawa),<\/li>\n\n\n\n<li>dostawcy us\u0142ug informatycznych (w zakresie niezb\u0119dnym do zapewnienia obs\u0142ugi informatycznej Administratora danych),<\/li>\n\n\n\n<li>komercyjne podmioty finansowe (w zakresie bie\u017c\u0105cej obs\u0142ugi finansowej Administratora danych),<\/li>\n\n\n\n<li>inne podmioty realizuj\u0105ce us\u0142ug\u0119 ko\u0144cow\u0105 (w zakresie wynikaj\u0105cym z zawartych z Administratorem danych um\u00f3w, porozumie\u0144 lub innych narz\u0119dzi prawnych).<\/li>\n<\/ul>\n\n\n\n<div style=\"height:20px\" aria-hidden=\"true\" class=\"wp-block-spacer\"><\/div>\n\n\n\n<h4 class=\"has-text-align-center wp-block-heading\" id=\"przekazywanie-danych-osobowych-do-panstwa-trzeciego-lub-organizacji-miedzynarodowych\"><strong>Przekazywanie danych osobowych do pa\u0144stwa trzeciego lub organizacji mi\u0119dzynarodowych<\/strong><\/h4>\n\n\n\n<p class=\"has-text-align-left\">Administrator danych nie zamierza przekazywa\u0107 danych osobowych do pa\u0144stw trzecich lub organizacji mi\u0119dzynarodowych.<\/p>\n\n\n\n<div style=\"height:20px\" aria-hidden=\"true\" class=\"wp-block-spacer\"><\/div>\n\n\n\n<h4 class=\"has-text-align-center wp-block-heading\" id=\"okres-przechowywania-danych\">Okres przechowywania danych<\/h4>\n\n\n\n<p>Okres przechowywania danych zale\u017cy od przedmiotu sprawy i wyznaczony zostaje na podstawie Jednolitego Rzeczowego Wykazu Akt b\u0119d\u0105cego za\u0142\u0105cznikiem do obowi\u0105zuj\u0105cej w O\u015brodku Pomocy Spo\u0142ecznej w Radlinie instrukcji kancelaryjnej.<\/p>\n\n\n\n<p>Je\u017celi Jednolity Rzeczowy Wykaz akt nie wskazuje okresu dotycz\u0105cego konkretnej sprawy dane przechowane b\u0119d\u0105 mo\u017cliwie najkr\u00f3tszy czas niezb\u0119dny do realizacji obowi\u0105zku lub us\u0142ugi.<\/p>\n\n\n\n<div style=\"height:20px\" aria-hidden=\"true\" class=\"wp-block-spacer\"><\/div>\n\n\n\n<h4 class=\"has-text-align-center wp-block-heading\" id=\"prawa-osoby-ktorej-dane-dotycza\">Prawa osoby, kt\u00f3rej dane dotycz\u0105<\/h4>\n\n\n\n<p class=\"has-text-align-left\">Ka\u017cdej z os\u00f3b kt\u00f3rej dane s\u0105 przetwarzane przys\u0142ug\u0105 nast\u0119puj\u0105ce prawa:<\/p>\n\n\n\n<ul class=\"wp-block-list\">\n<li>prawo dost\u0119pu do danych osobowych oraz otrzymania ich kopii,<\/li>\n\n\n\n<li>prawo do sprostowania (poprawiania) danych osobowych,<\/li>\n\n\n\n<li>prawo do usuni\u0119cia danych osobowych, w uzasadnionych przepisami prawa przypadkach,<\/li>\n\n\n\n<li>prawo do ograniczenia przetwarzania danych osobowych, w uzasadnionych przepisami prawa przypadkach,<\/li>\n\n\n\n<li>prawa do przeniesienia danych osobowych, o ile b\u0119dzie to technicznie mo\u017cliwe,<\/li>\n\n\n\n<li>prawo do wniesienia sprzeciwu wobec przetwarzania danych osobowych,<\/li>\n\n\n\n<li>prawo do wycofania zgody &#8211; je\u017celi przetwarzanie odbywa si\u0119 na podstawie zgody wyra\u017conej przez osob\u0119, kt\u00f3rej dane dotycz\u0105, tj. na podstawie art. 6 ust. 1 lit. a) lub art. 9 ust. 2 lit. a) RODO \u2013 wycofanie zgody nie ma wp\u0142ywu na zgodno\u015b\u0107 z prawem przetwarzania, kt\u00f3rego dokonano na podstawie zgody przed jej cofni\u0119ciem,<\/li>\n\n\n\n<li>prawo do wniesienia skargi do Prezesa Urz\u0119du Ochrony Danych Osobowych, z siedzib\u0105 w Warszawie, przy ul. Stawki 2, 00-193 Warszawa.<\/li>\n<\/ul>\n\n\n\n<div style=\"height:20px\" aria-hidden=\"true\" class=\"wp-block-spacer\"><\/div>\n\n\n\n<h4 class=\"has-text-align-center wp-block-heading\" id=\"informacja-o-wymogu-dobrowolnosci-podania-danych\">Informacja o wymogu \/ dobrowolno\u015bci podania danych<\/h4>\n\n\n\n<p class=\"has-text-align-left\">Zale\u017cnie od sprawy, podanie danych osobowych mo\u017ce by\u0107 wymogiem ustawowym, umownym lub warunkiem zawarcia umowy. Administrator danych zbiera minimaln\u0105 ilo\u015b\u0107 danych niezb\u0119dn\u0105 do podj\u0119cia dzia\u0142ania. Niepodanie wszystkich wymaganych danych mo\u017ce prowadzi\u0107 do niepodj\u0119cia dzia\u0142a\u0144 przez Administratora danych.<\/p>\n\n\n\n<div style=\"height:20px\" aria-hidden=\"true\" class=\"wp-block-spacer\"><\/div>\n\n\n\n<h4 class=\"has-text-align-center wp-block-heading\" id=\"zautomatyzowane-podejmowanie-decyzji-oraz-profilowanie\">Zautomatyzowane podejmowanie decyzji oraz profilowanie<\/h4>\n\n\n\n<p class=\"has-text-align-left\">Administrator danych nie stosuje mechanizm\u00f3w zautomatyzowanego podejmowania decyzji, w tym nie stosuje profilowania.<\/p>\n","protected":false},"excerpt":{"rendered":"<p>Zgodnie z art. 13 ust. 1 i 2 rozporz\u0105dzenia Parlamentu Europejskiego i Rady (UE) 2016\/679 z dnia 27 kwietnia 2016 r. w sprawie ochrony os\u00f3b fizycznych w zwi\u0105zku z przetwarzaniem danych osobowych i w sprawie swobodnego przep\u0142ywu takich danych oraz uchylenia dyrektywy 95\/46\/WE (og\u00f3lne rozporz\u0105dzenie o ochronie danych) zwanym dalej \u201eRODO\u201d, celem realizacji obowi\u0105zku informacyjnego&hellip; <a class=\"continue\" href=\"https:\/\/ops.radlin.pl\/ops\/klauzula\/\"><strong>Czytaj wi\u0119cej:<\/strong><span> Klauzula informacyjna<\/span><\/a><\/p>\n","protected":false},"author":1,"featured_media":0,"parent":0,"menu_order":0,"comment_status":"closed","ping_status":"closed","template":"","meta":{"footnotes":""},"class_list":["post-4253","page","type-page","status-publish","czr-hentry"],"aioseo_notices":[],"_links":{"self":[{"href":"https:\/\/ops.radlin.pl\/ops\/wp-json\/wp\/v2\/pages\/4253","targetHints":{"allow":["GET"]}}],"collection":[{"href":"https:\/\/ops.radlin.pl\/ops\/wp-json\/wp\/v2\/pages"}],"about":[{"href":"https:\/\/ops.radlin.pl\/ops\/wp-json\/wp\/v2\/types\/page"}],"author":[{"embeddable":true,"href":"https:\/\/ops.radlin.pl\/ops\/wp-json\/wp\/v2\/users\/1"}],"replies":[{"embeddable":true,"href":"https:\/\/ops.radlin.pl\/ops\/wp-json\/wp\/v2\/comments?post=4253"}],"version-history":[{"count":7,"href":"https:\/\/ops.radlin.pl\/ops\/wp-json\/wp\/v2\/pages\/4253\/revisions"}],"predecessor-version":[{"id":5772,"href":"https:\/\/ops.radlin.pl\/ops\/wp-json\/wp\/v2\/pages\/4253\/revisions\/5772"}],"wp:attachment":[{"href":"https:\/\/ops.radlin.pl\/ops\/wp-json\/wp\/v2\/media?parent=4253"}],"curies":[{"name":"wp","href":"https:\/\/api.w.org\/{rel}","templated":true}]}}