{"id":4403,"date":"2020-03-31T13:13:00","date_gmt":"2020-03-31T11:13:00","guid":{"rendered":"http:\/\/ops.radlin.pl\/ops\/?page_id=4403"},"modified":"2025-03-24T13:40:06","modified_gmt":"2025-03-24T12:40:06","slug":"deklaracja-dostepnosci","status":"publish","type":"page","link":"https:\/\/ops.radlin.pl\/ops\/deklaracja-dostepnosci\/","title":{"rendered":"Deklaracja dost\u0119pno\u015bci"},"content":{"rendered":"\n<p><span id=\"a11y-wstep\"><span id=\"a11y-podmiot\"><b>O\u015brodek Pomocy Spo\u0142ecznej w Radlinie<\/b><\/span> zobowi\u0105zuje si\u0119 zapewni\u0107 dost\u0119pno\u015b\u0107 swojej strony internetowej zgodnie z ustaw\u0105 z dnia 4 kwietnia 2019 r. o dost\u0119pno\u015bci cyfrowej stron internetowych i aplikacji mobilnych podmiot\u00f3w publicznych. O\u015bwiadczenie w sprawie dost\u0119pno\u015bci ma zastosowanie do strony internetowej <a href=\"http:\/\/ops.radlin.pl\/\" id=\"a11y-url\"><b>ops.radlin.pl<\/b><\/a>.<\/span><\/p>\n\n\n\n<p>Data publikacji strony internetowej: <span id=\"a11y-data-publikacja\"><b>2017-01-01<\/b><\/span>.<\/p>\n\n\n\n<p>Data ostatniej istotnej aktualizacji: <span id=\"a11y-data-aktualizacja\"><b>2017-01-01<\/b><\/span>.<\/p>\n\n\n\n<div style=\"height:20px\" aria-hidden=\"true\" class=\"wp-block-spacer\"><\/div>\n\n\n\n<p>Strona internetowa jest cz\u0119\u015bciowo przystosowana dla potrzeb os\u00f3b niepe\u0142nosprawnych. Serwis w znacznym stopniu spe\u0142nia wytyczne techniczne zwi\u0105zane z dost\u0119pno\u015bci\u0105 i zosta\u0142 zaprojektowany zgodnie z wymaganiami kontrastu opisanymi w Rozporz\u0105dzeniu Rady Ministr\u00f3w Krajowe Ramy Interoperacyjno\u015bci z 12 kwietnia 2012 r. Wszystkie elementy na stronie spe\u0142niaj\u0105 minimalne wymagania kontrastu koloru tre\u015bci do t\u0142a.<\/p>\n\n\n\n<p>Ponadto:<\/p>\n\n\n\n<ul class=\"wp-block-list\">\n<li>mo\u017cliwa jest zmiana wielko\u015bci czcionki,<\/li>\n\n\n\n<li>mo\u017cliwe jest prze\u0142\u0105czenie na wysoki kontrast,<\/li>\n\n\n\n<li>w ca\u0142ym serwisie zosta\u0142a wdro\u017cona konsekwentna i sp\u00f3jna nawigacja,<\/li>\n\n\n\n<li>tytu\u0142y stron oraz nag\u0142\u00f3wki zosta\u0142y wdro\u017cone w ca\u0142ym serwisie w oparciu o jeden ustalony wzorzec,<\/li>\n\n\n\n<li>linki zosta\u0142y prawid\u0142owo wdro\u017cone w ca\u0142ym serwisie,<\/li>\n\n\n\n<li>wszelkie informacje zawarte w serwisie s\u0105 redagowane w spos\u00f3b zrozumia\u0142y i czytelny,<\/li>\n\n\n\n<li>elementy graficzne i zdj\u0119cia maj\u0105 wype\u0142niony tzw. atrybut alt, w kt\u00f3rym zawarte s\u0105 opisy, odczytywane przez czytniki ekran\u00f3w czyli aplikacje u\u017cywane przez osoby niewidome i niedowidz\u0105ce.<\/li>\n<\/ul>\n\n\n\n<p>Strona internetowa jest <span id=\"a11y-status\"><b>cz\u0119\u015bciowo zgodna<\/b><\/span> z ustaw\u0105 z dnia 4 kwietnia 2019 r. o dost\u0119pno\u015bci cyfrowej stron internetowych i aplikacji mobilnych podmiot\u00f3w publicznych z powodu niezgodno\u015bci lub wy\u0142\u0105cze\u0144 wymienionych poni\u017cej:<\/p>\n\n\n\n<ul class=\"wp-block-list\">\n<li>filmy nie posiadaj\u0105 audiodeskrypcji, gdy\u017c w wi\u0119kszo\u015bci zosta\u0142y opublikowane przed wej\u015bciem w \u017cycie ustawy o dost\u0119pno\u015bci cyfrowej,<\/li>\n\n\n\n<li>cz\u0119\u015b\u0107 plik\u00f3w nie jest dost\u0119pnych cyfrowo,<\/li>\n\n\n\n<li>mapy s\u0105 wy\u0142\u0105czone z obowi\u0105zku zapewniania dost\u0119pno\u015bci.<\/li>\n<\/ul>\n\n\n\n<p>Na stronie internetowej mo\u017cna korzysta\u0107 ze standardowych skr\u00f3t\u00f3w klawiaturowych.<\/p>\n\n\n\n<div style=\"height:20px\" aria-hidden=\"true\" class=\"wp-block-spacer\"><\/div>\n\n\n\n<p>O\u015bwiadczenie sporz\u0105dzono dnia: <span id=\"a11y-data-sporzadzenie\"><b>2020-03-31<\/b><\/span>.<\/p>\n\n\n\n<p>Deklaracj\u0119 sporz\u0105dzono na podstawie samooceny przeprowadzonej przez podmiot publiczny.<\/p>\n\n\n\n<p>Data ostatniego przegl\u0105du deklaracji: <time id=\"a11y-data-przeglad\" datetime=\"2025-03-24\"><b>2025-03-24<\/b><\/time><\/p>\n\n\n\n<div style=\"height:30px\" aria-hidden=\"true\" class=\"wp-block-spacer\"><\/div>\n\n\n\n<h2 id=\"a11y-kontakt\" class=\"has-text-align-center\"><b>Informacje zwrotne i dane kontaktowe<\/b><\/h2>\n\n\n\n<div style=\"height:20px\" aria-hidden=\"true\" class=\"wp-block-spacer\"><\/div>\n\n\n\n<p>W przypadku problem\u00f3w z dost\u0119pno\u015bci\u0105 strony internetowej prosimy o kontakt. Osob\u0105 kontaktow\u0105 jest <span id=\"a11y-osoba\">Dawid Hewig<\/span>, <span id=\"a11y-email\">ops@radlin.pl<\/span>. Kontaktowa\u0107 mo\u017cna si\u0119 tak\u017ce dzwoni\u0105c na numer telefonu <span id=\"a11y-telefon\">32 4567363<\/span>. T\u0105 sam\u0105 drog\u0105 mo\u017cna sk\u0142ada\u0107 wnioski o udost\u0119pnienie informacji niedost\u0119pnej oraz sk\u0142ada\u0107 skargi na brak zapewnienia dost\u0119pno\u015bci.<\/p>\n\n\n\n<p id=\"a11y-procedura\">Ka\u017cdy ma prawo do wyst\u0105pienia z \u017c\u0105daniem zapewnienia dost\u0119pno\u015bci cyfrowej strony internetowej, aplikacji mobilnej lub jakiego\u015b ich elementu. Mo\u017cna tak\u017ce za\u017c\u0105da\u0107 udost\u0119pnienia informacji za pomoc\u0105 alternatywnego sposobu dost\u0119pu, na przyk\u0142ad przez odczytanie niedost\u0119pnego cyfrowo dokumentu, opisanie zawarto\u015bci filmu bez audiodeskrypcji itp. \u017b\u0105danie powinno zawiera\u0107 dane osoby zg\u0142aszaj\u0105cej \u017c\u0105danie, wskazanie, o kt\u00f3r\u0105 stron\u0119 internetow\u0105 lub aplikacj\u0119 mobiln\u0105 chodzi oraz spos\u00f3b kontaktu. Je\u017celi osoba \u017c\u0105daj\u0105ca zg\u0142asza potrzeb\u0119 otrzymania informacji za pomoc\u0105 alternatywnego sposobu dost\u0119pu, powinna tak\u017ce okre\u015bli\u0107 dogodny dla niej spos\u00f3b przedstawienia tej informacji. Podmiot publiczny powinien zrealizowa\u0107 \u017c\u0105danie niezw\u0142ocznie, nie p\u00f3\u017aniej ni\u017c w ci\u0105gu 7 dni od dnia wyst\u0105pienia z \u017c\u0105daniem. Je\u017celi dotrzymanie tego terminu nie jest mo\u017cliwe, podmiot publiczny niezw\u0142ocznie informuje o tym wnosz\u0105cego \u017c\u0105danie, kiedy realizacja \u017c\u0105dania b\u0119dzie mo\u017cliwa, przy czym termin ten nie mo\u017ce by\u0107 d\u0142u\u017cszy ni\u017c 2 miesi\u0105ce od dnia wyst\u0105pienia z \u017c\u0105daniem. Je\u017celi zapewnienie dost\u0119pno\u015bci cyfrowej nie jest mo\u017cliwe, podmiot publiczny mo\u017ce zaproponowa\u0107 alternatywny spos\u00f3b dost\u0119pu do informacji. W przypadku, gdy podmiot publiczny odm\u00f3wi realizacji \u017c\u0105dania zapewnienia dost\u0119pno\u015bci lub alternatywnego sposobu dost\u0119pu do informacji, wnosz\u0105cy \u017c\u0105danie mo\u017cne z\u0142o\u017cy\u0107 skarg\u0119 w sprawie zapewniana dost\u0119pno\u015bci cyfrowej strony internetowej, aplikacji mobilnej lub elementu strony internetowej, lub aplikacji mobilnej. Po wyczerpaniu wskazanej wy\u017cej procedury mo\u017cna tak\u017ce z\u0142o\u017cy\u0107 wniosek do Rzecznika Praw Obywatelskich.<\/p>\n\n\n\n<div style=\"height:30px\" aria-hidden=\"true\" class=\"wp-block-spacer\"><\/div>\n\n\n\n<h2 id=\"a11y-architektura\" class=\"has-text-align-center\"><b>Dost\u0119pno\u015b\u0107 architektoniczna<\/b><\/h2>\n\n\n\n<div style=\"height:20px\" aria-hidden=\"true\" class=\"wp-block-spacer\"><\/div>\n\n\n\n<h3 class=\"has-text-align-center\">O\u015brodek Pomocy Spo\u0142ecznej w Radlinie<br>ul. Solskiego 15, 44-310 Radlin<\/h3>\n\n\n\n<ul class=\"wp-block-list\">\n<li>do budynku prowadzi jedno wej\u015bcie od ul. Solskiego.<\/li>\n\n\n\n<li>wej\u015bcie nie jest zabezpieczone bramkami. Istnieje mo\u017cliwo\u015b\u0107 wjazdu w\u00f3zkiem (brak schod\u00f3w),<\/li>\n\n\n\n<li>na tyle budynku znajduje si\u0119 drugie wyj\u015bcie ewakuacyjne. Prowadz\u0105 do niego schody. Brak podjazdu dla w\u00f3zk\u00f3w,<\/li>\n\n\n\n<li>dla os\u00f3b na w\u00f3zkach dost\u0119pny jest tylko korytarz i cz\u0119\u015b\u0107 pomieszcze\u0144 na parterze. Do cz\u0119\u015bci korytarza prowadz\u0105 schody,<\/li>\n\n\n\n<li>w budynku nie ma windy,<\/li>\n\n\n\n<li>na parterze znajduje si\u0119 dzwonek dla os\u00f3b maj\u0105cych problem z poruszaniem si\u0119 s\u0142u\u017c\u0105cy do przywo\u0142ania pracownika O\u015brodka,<\/li>\n\n\n\n<li>toaleta dla os\u00f3b niepe\u0142nosprawnych znajduje si\u0119 na parterze,<\/li>\n\n\n\n<li>nad wej\u015bciami nie ma g\u0142o\u015bnik\u00f3w systemu naprowadzaj\u0105cego d\u017awi\u0119kowo osoby niewidome i s\u0142abowidz\u0105ce,<\/li>\n\n\n\n<li>do budynku i wszystkich jego pomieszcze\u0144 mo\u017cna wej\u015b\u0107 z psem asystuj\u0105cym i psem przewodnikiem,<\/li>\n\n\n\n<li>w O\u015brodku nie ma p\u0119tli indukcyjnych,<\/li>\n\n\n\n<li>w budynku nie ma oznacze\u0144 w alfabecie brajla ani oznacze\u0144 kontrastowych lub w druku powi\u0119kszonym dla os\u00f3b niewidomych i s\u0142abowidz\u0105cych.<\/li>\n<\/ul>\n\n\n\n<p>Osoba zainteresowania za\u0142atwieniem sprawy urz\u0119dowej przy pomocy j\u0119zyka migowego jest zobowi\u0105zana zg\u0142osi\u0107 ten fakt co najmniej na 3 dni robocze przed planowanym terminem jej za\u0142atwienia (z wy\u0142\u0105czeniem sytuacji nag\u0142ych). Zg\u0142oszenie winno by\u0107 dokonane za pomoc\u0105 dost\u0119pnych \u015brodk\u00f3w komunikacji (korespondencyjnie na adres, numer telefonu, faksu lub e-mail). Zg\u0142oszenie mo\u017ce by\u0107 r\u00f3wnie\u017c dokonane za po\u015brednictwem platformy e-PUAP, opatrzone podpisem kwalifikowanym lub profilem zaufanym.<\/p>\n\n\n\n<div style=\"height:20px\" aria-hidden=\"true\" class=\"wp-block-spacer\"><\/div>\n\n\n\n<h3 class=\"has-text-align-center\">O\u015brodek Pomocy Spo\u0142ecznej w Radlinie (Centrum Us\u0142ug Spo\u0142ecznych)<br>ul. Korfantego 87, 44-310 Radlin<\/h3>\n\n\n\n<ul class=\"wp-block-list\">\n<li>do budynku prowadzi jedno wej\u015bcie od ul. Pocztowej,<\/li>\n\n\n\n<li>wej\u015bcie nie jest zabezpieczone bramkami,<\/li>\n\n\n\n<li>od strony ul. Korfantego znajduje si\u0119 wyj\u015bcie ewakuacyjne. Prowadz\u0105 do niego schody. Brak podjazdu dla w\u00f3zk\u00f3w,<\/li>\n\n\n\n<li>na zewn\u0105trz budynku znajduje si\u0119 winda oraz dzwonek przywo\u0142uj\u0105cy pracownika obs\u0142uguj\u0105cego wind\u0119,<\/li>\n\n\n\n<li>ca\u0142y budynek jest dost\u0119pny dla os\u00f3b poruszaj\u0105cych si\u0119 na w\u00f3zkach,<\/li>\n\n\n\n<li>toaleta dla os\u00f3b niepe\u0142nosprawnych znajduje si\u0119 na parterze,<\/li>\n\n\n\n<li>przed wej\u015bciem do budynku od ul. Pocztowej wyznaczono 1 miejsce parkingowe dla osoby niepe\u0142nosprawnej,<\/li>\n\n\n\n<li>nad wej\u015bciami nie ma g\u0142o\u015bnik\u00f3w systemu naprowadzaj\u0105cego d\u017awi\u0119kowo osoby niewidome i s\u0142abowidz\u0105ce,<\/li>\n\n\n\n<li>do budynku i wszystkich jego pomieszcze\u0144 mo\u017cna wej\u015b\u0107 z psem asystuj\u0105cym i psem przewodnikiem,<\/li>\n\n\n\n<li>w budynku nie ma p\u0119tli indukcyjnych,<\/li>\n\n\n\n<li>w budynku pomieszczenia oznaczone s\u0105 w alfabecie brajla.<\/li>\n<\/ul>\n\n\n\n<p>Osoba zainteresowania za\u0142atwieniem sprawy urz\u0119dowej przy pomocy j\u0119zyka migowego jest zobowi\u0105zana zg\u0142osi\u0107 ten fakt co najmniej na 3 dni robocze przed planowanym terminem jej za\u0142atwienia (z wy\u0142\u0105czeniem sytuacji nag\u0142ych). Zg\u0142oszenie winno by\u0107 dokonane za pomoc\u0105 dost\u0119pnych \u015brodk\u00f3w komunikacji (korespondencyjnie na adres, numer telefonu, faksu lub e-mail). Zg\u0142oszenie mo\u017ce by\u0107 r\u00f3wnie\u017c dokonane za po\u015brednictwem platformy e-PUAP, opatrzone podpisem kwalifikowanym lub profilem zaufanym.<\/p>\n\n\n\n<div style=\"height:30px\" aria-hidden=\"true\" class=\"wp-block-spacer\"><\/div>\n\n\n\n<h2 class=\"has-text-align-center\"><b>Koordynator do spraw dost\u0119pno\u015bci<\/b><\/h3>\n\n\n\n<div style=\"height:20px\" aria-hidden=\"true\" class=\"wp-block-spacer\"><\/div>\n\n\n\n<p>Funkcj\u0119 <b>koordynator\u00f3w do spraw dost\u0119pno\u015bci<\/b> pe\u0142ni\u0105 pracownicy Urz\u0119du Miasta Radlin. Dane kontaktowe koordynator\u00f3w oraz pozosta\u0142e informacje dot. zapewnienia dost\u0119pno\u015bci osobom ze szczeg\u00f3lnymi potrzebami publikowane s\u0105 w Biuletynie Informacji Publicznej Miasta Radlin pod adresem <a href=\"https:\/\/radlin.pl\/dostepnosc\" target=\"_blank\" rel=\"noopener noreferrer\"><b>radlin.pl\/dostepnosc<\/b><\/a> <i class=\"fas fa-external-link-alt\"><\/i>.<\/p>\n\n\n\n<div style=\"height:30px\" aria-hidden=\"true\" class=\"wp-block-spacer\"><\/div>\n\n\n\n<h2 class=\"has-text-align-center\"><b>Raporty o stanie zapewniania dost\u0119pno\u015bci<\/br>(stan w dniu 01.01.2025 r.)<\/b><\/h3>\n\n\n\n<div style=\"height:20px\" aria-hidden=\"true\" class=\"wp-block-spacer\"><\/div>\n\n\n\n<p><a href=\"https:\/\/miasto.radlin.pl\/zapewnienie-dostepnosci-osobom-ze-szczegolnymi-potrzebami\/\" target=\"_blank\" rel=\"noopener noreferrer\"><b>radlin.pl\/dostepnosc [LINK]<\/b><\/a> <i class=\"fas fa-external-link-alt\"><\/i>.<\/p>\n\n\n\n<div style=\"height:20px\" aria-hidden=\"true\" class=\"wp-block-spacer\"><\/div>\n","protected":false},"excerpt":{"rendered":"<p>O\u015brodek Pomocy Spo\u0142ecznej w Radlinie zobowi\u0105zuje si\u0119 zapewni\u0107 dost\u0119pno\u015b\u0107 swojej strony internetowej zgodnie z ustaw\u0105 z dnia 4 kwietnia 2019 r. o dost\u0119pno\u015bci cyfrowej stron internetowych i aplikacji mobilnych podmiot\u00f3w publicznych. O\u015bwiadczenie w sprawie dost\u0119pno\u015bci ma zastosowanie do strony internetowej ops.radlin.pl. Data publikacji strony internetowej: 2017-01-01. Data ostatniej istotnej aktualizacji: 2017-01-01. Strona internetowa jest cz\u0119\u015bciowo&hellip; <a class=\"continue\" href=\"https:\/\/ops.radlin.pl\/ops\/deklaracja-dostepnosci\/\"><strong>Czytaj wi\u0119cej:<\/strong><span> Deklaracja dost\u0119pno\u015bci<\/span><\/a><\/p>\n","protected":false},"author":1,"featured_media":0,"parent":0,"menu_order":0,"comment_status":"closed","ping_status":"closed","template":"","meta":{"footnotes":""},"class_list":["post-4403","page","type-page","status-publish","czr-hentry"],"aioseo_notices":[],"_links":{"self":[{"href":"https:\/\/ops.radlin.pl\/ops\/wp-json\/wp\/v2\/pages\/4403","targetHints":{"allow":["GET"]}}],"collection":[{"href":"https:\/\/ops.radlin.pl\/ops\/wp-json\/wp\/v2\/pages"}],"about":[{"href":"https:\/\/ops.radlin.pl\/ops\/wp-json\/wp\/v2\/types\/page"}],"author":[{"embeddable":true,"href":"https:\/\/ops.radlin.pl\/ops\/wp-json\/wp\/v2\/users\/1"}],"replies":[{"embeddable":true,"href":"https:\/\/ops.radlin.pl\/ops\/wp-json\/wp\/v2\/comments?post=4403"}],"version-history":[{"count":28,"href":"https:\/\/ops.radlin.pl\/ops\/wp-json\/wp\/v2\/pages\/4403\/revisions"}],"predecessor-version":[{"id":7842,"href":"https:\/\/ops.radlin.pl\/ops\/wp-json\/wp\/v2\/pages\/4403\/revisions\/7842"}],"wp:attachment":[{"href":"https:\/\/ops.radlin.pl\/ops\/wp-json\/wp\/v2\/media?parent=4403"}],"curies":[{"name":"wp","href":"https:\/\/api.w.org\/{rel}","templated":true}]}}