{"id":4615,"date":"2020-09-10T10:02:07","date_gmt":"2020-09-10T08:02:07","guid":{"rendered":"https:\/\/ops.radlin.pl\/ops\/?page_id=4615"},"modified":"2020-10-14T14:49:24","modified_gmt":"2020-10-14T12:49:24","slug":"klauzula-monitoring-wizyjny","status":"publish","type":"page","link":"https:\/\/ops.radlin.pl\/ops\/klauzula-monitoring-wizyjny\/","title":{"rendered":"Klauzula informacyjna &#8211; monitoring wizyjny"},"content":{"rendered":"\n<p class=\"has-text-align-left\">Zgodnie z art. 13 ust. 1 i 2 rozporz\u0105dzenia Parlamentu Europejskiego i Rady (UE) 2016\/679 z dnia 27 kwietnia 2016 r. w sprawie ochrony os\u00f3b fizycznych w zwi\u0105zku z przetwarzaniem danych osobowych i w sprawie swobodnego przep\u0142ywu takich danych oraz uchylenia dyrektywy 95\/46\/WE (og\u00f3lne rozporz\u0105dzenie o ochronie danych) zwanym dalej \u201eRODO\u201d, celem realizacji obowi\u0105zku informacyjnego podaje si\u0119 do wiadomo\u015bci nast\u0119puj\u0105ce zasady dot. przetwarzania danych osobowych obowi\u0105zuj\u0105ce w O\u015brodku Pomocy Spo\u0142ecznej w Radlinie:<\/p>\n\n\n\n<div style=\"height:20px\" aria-hidden=\"true\" class=\"wp-block-spacer\"><\/div>\n\n\n\n<h4 class=\"has-text-align-center wp-block-heading\"><strong>Administrator Danych<\/strong> <\/h4>\n\n\n\n<p class=\"has-text-align-left\">Administratorem danych jest O\u015brodek Pomocy Spo\u0142ecznej w Radlinie z siedzib\u0105 przy ul. Ludwika Solskiego 15, 44-310 Radlin, tel. 32 4567363, 32 4567231<\/p>\n\n\n\n<div style=\"height:20px\" aria-hidden=\"true\" class=\"wp-block-spacer\"><\/div>\n\n\n\n<h4 class=\"has-text-align-center wp-block-heading\"><strong>Inspektor Ochrony Danych<\/strong><\/h4>\n\n\n\n<p class=\"has-text-align-left\">W O\u015brodku Pomocy Spo\u0142ecznej w Radlinie funkcj\u0119 Inspektora Ochrony Danych pe\u0142ni Dawid Hewig (kontakt mo\u017cliwy jest poprzez e-mail: ops@radlin.pl)<\/p>\n\n\n\n<div style=\"height:20px\" aria-hidden=\"true\" class=\"wp-block-spacer\"><\/div>\n\n\n\n<h4 class=\"has-text-align-center wp-block-heading\"><strong>Cele i podstawy prawne przetwarzania danych osobowych<\/strong><\/h4>\n\n\n\n<p>Pani\/Pana dane osobowe zarejestrowane przez system monitoringu wizyjnego przetwarzane b\u0119d\u0105 przez Administratora na podstawie art. 6 ust.1 lit e) RODO, w zwi\u0105zku z art. 9a ustawy z dnia 8 marca 1990 r. o samorz\u0105dzie gminnym oraz art. 22<sup>2<\/sup> ustawy z dnia 26 czerwca 1974 r. Kodeks pracy w celu:<\/p>\n\n\n\n<ul class=\"wp-block-list\"><li>zapewnienia bezpiecze\u0144stwa pracownik\u00f3w,<\/li><li>ochrony mienia,<\/li><li>zachowania tajemnicy informacji, kt\u00f3rych ujawnienie mog\u0142oby narazi\u0107 Administratora na szkod\u0119.<\/li><\/ul>\n\n\n\n<div style=\"height:20px\" aria-hidden=\"true\" class=\"wp-block-spacer\"><\/div>\n\n\n\n<h4 class=\"has-text-align-center wp-block-heading\">Odbiorcy lub kategorie odbiorc\u00f3w danych osobowych<\/h4>\n\n\n\n<p>Odbiorcami danych osobowych mog\u0105 by\u0107 podmioty uprawnione do ich uzyskania na podstawie przepis\u00f3w prawa lub um\u00f3w zawartych z Administratorem.<\/p>\n\n\n\n<div style=\"height:20px\" aria-hidden=\"true\" class=\"wp-block-spacer\"><\/div>\n\n\n\n<h4 class=\"has-text-align-center wp-block-heading\"><strong>Przekazywanie danych osobowych do pa\u0144stwa trzeciego lub organizacji mi\u0119dzynarodowych<\/strong><\/h4>\n\n\n\n<p class=\"has-text-align-left\">Administrator danych nie zamierza przekazywa\u0107 danych osobowych do pa\u0144stw trzecich lub organizacji mi\u0119dzynarodowych.<\/p>\n\n\n\n<div style=\"height:20px\" aria-hidden=\"true\" class=\"wp-block-spacer\"><\/div>\n\n\n\n<h4 class=\"has-text-align-center wp-block-heading\">Okres przechowywania danych<\/h4>\n\n\n\n<p class=\"has-text-align-left\">Pani\/Pana dane osobowe w postaci wizerunku b\u0119d\u0105 przechowywane przez Administratora przez okres nie d\u0142u\u017cszy ni\u017c 30 dni. Po up\u0142ywie tego czasu zarejestrowany materia\u0142 zostanie trwale nadpisany przez nowe dane.<\/p>\n\n\n\n<p class=\"has-text-align-left\">W przypadku, w kt\u00f3rym nagrania obrazu stanowi\u0105 dow\u00f3d w post\u0119powaniu prowadzonym na podstawie przepis\u00f3w prawa lub Administrator powzi\u0105\u0142 wiadomo\u015b\u0107, i\u017c mog\u0105 stanowi\u0107 dow\u00f3d w post\u0119powaniu, wskazany termin ulega przed\u0142u\u017ceniu do czasu prawomocnego zako\u0144czenia post\u0119powania. Dane os\u00f3b, kt\u00f3re wnioskowa\u0142y o zabezpieczenie materia\u0142u z monitoringu b\u0119d\u0105 przechowywane zgodnie z przepisami dotycz\u0105cymi archiwizowania danych obowi\u0105zuj\u0105cych u Administratora.<\/p>\n\n\n\n<div style=\"height:20px\" aria-hidden=\"true\" class=\"wp-block-spacer\"><\/div>\n\n\n\n<h4 class=\"has-text-align-center wp-block-heading\">Prawa osoby, kt\u00f3rej dane dotycz\u0105<\/h4>\n\n\n\n<p class=\"has-text-align-left\">Ka\u017cdej z os\u00f3b kt\u00f3rej dane s\u0105 przetwarzane przys\u0142ug\u0105 nast\u0119puj\u0105ce prawa:<\/p>\n\n\n\n<ul class=\"wp-block-list\"><li>prawo do dost\u0119pu do informacji o istnieniu monitoringu wizyjnego, jego zakresie i celu stosowania, o nazwie Administratora, jego danych rejestrowych i kontaktowych,<\/li><li>prawo dost\u0119pu do danych osobowych (nagra\u0144) \u2013 w uzasadnionych przypadkach,<\/li><li>prawo do ograniczenia przetwarzania danych osobowych \u2013 w uzasadnionych przypadkach,<\/li><li>prawo do usuni\u0119cia danych osobowych \u2013 w uzasadnionych przypadkach,<\/li><li>prawo do wniesienia sprzeciwu wobec przetwarzania danych osobowych,<\/li><li>prawo do wniesienia skargi do Prezesa Urz\u0119du Ochrony Danych Osobowych, z siedzib\u0105 w Warszawie, przy ul. Stawki 2, 00-193 Warszawa.<\/li><\/ul>\n\n\n\n<div style=\"height:20px\" aria-hidden=\"true\" class=\"wp-block-spacer\"><\/div>\n\n\n\n<h4 class=\"has-text-align-center wp-block-heading\">Informacja o wymogu \/ dobrowolno\u015bci podania danych<\/h4>\n\n\n\n<p>Przebywanie na terenie obj\u0119tym monitoringiem, spowoduje automatyczne pozyskanie danych osobowych przez Administratora.<\/p>\n\n\n\n<div style=\"height:20px\" aria-hidden=\"true\" class=\"wp-block-spacer\"><\/div>\n\n\n\n<h4 class=\"has-text-align-center wp-block-heading\">Zautomatyzowane podejmowanie decyzji oraz profilowanie<\/h4>\n\n\n\n<p class=\"has-text-align-left\">Administrator danych nie stosuje mechanizm\u00f3w zautomatyzowanego podejmowania decyzji, w tym nie stosuje profilowania.<\/p>\n","protected":false},"excerpt":{"rendered":"<p>Zgodnie z art. 13 ust. 1 i 2 rozporz\u0105dzenia Parlamentu Europejskiego i Rady (UE) 2016\/679 z dnia 27 kwietnia 2016 r. w sprawie ochrony os\u00f3b fizycznych w zwi\u0105zku z przetwarzaniem danych osobowych i w sprawie swobodnego przep\u0142ywu takich danych oraz uchylenia dyrektywy 95\/46\/WE (og\u00f3lne rozporz\u0105dzenie o ochronie danych) zwanym dalej \u201eRODO\u201d, celem realizacji obowi\u0105zku informacyjnego&hellip; <a class=\"continue\" href=\"https:\/\/ops.radlin.pl\/ops\/klauzula-monitoring-wizyjny\/\"><strong>Czytaj wi\u0119cej:<\/strong><span> Klauzula informacyjna &#8211; monitoring wizyjny<\/span><\/a><\/p>\n","protected":false},"author":1,"featured_media":0,"parent":0,"menu_order":0,"comment_status":"closed","ping_status":"closed","template":"","meta":{"footnotes":""},"class_list":["post-4615","page","type-page","status-publish","czr-hentry"],"aioseo_notices":[],"_links":{"self":[{"href":"https:\/\/ops.radlin.pl\/ops\/wp-json\/wp\/v2\/pages\/4615","targetHints":{"allow":["GET"]}}],"collection":[{"href":"https:\/\/ops.radlin.pl\/ops\/wp-json\/wp\/v2\/pages"}],"about":[{"href":"https:\/\/ops.radlin.pl\/ops\/wp-json\/wp\/v2\/types\/page"}],"author":[{"embeddable":true,"href":"https:\/\/ops.radlin.pl\/ops\/wp-json\/wp\/v2\/users\/1"}],"replies":[{"embeddable":true,"href":"https:\/\/ops.radlin.pl\/ops\/wp-json\/wp\/v2\/comments?post=4615"}],"version-history":[{"count":3,"href":"https:\/\/ops.radlin.pl\/ops\/wp-json\/wp\/v2\/pages\/4615\/revisions"}],"predecessor-version":[{"id":4683,"href":"https:\/\/ops.radlin.pl\/ops\/wp-json\/wp\/v2\/pages\/4615\/revisions\/4683"}],"wp:attachment":[{"href":"https:\/\/ops.radlin.pl\/ops\/wp-json\/wp\/v2\/media?parent=4615"}],"curies":[{"name":"wp","href":"https:\/\/api.w.org\/{rel}","templated":true}]}}