{"id":7888,"date":"2025-04-14T11:45:11","date_gmt":"2025-04-14T09:45:11","guid":{"rendered":"https:\/\/ops.radlin.pl\/ops\/?page_id=7888"},"modified":"2025-04-14T11:47:58","modified_gmt":"2025-04-14T09:47:58","slug":"program-fundusze-europejskie-na-pomoc-zywnosciowa-2021-2027-2025-r","status":"publish","type":"page","link":"https:\/\/ops.radlin.pl\/ops\/program-fundusze-europejskie-na-pomoc-zywnosciowa-2021-2027-2025-r\/","title":{"rendered":"Program Fundusze Europejskie na Pomoc \u017bywno\u015bciow\u0105 2021-2027 (2025 r.)"},"content":{"rendered":"<div class=\"wp-block-image\">\n<figure class=\"aligncenter size-full\"><img loading=\"lazy\" decoding=\"async\" width=\"1606\" height=\"169\" src=\"https:\/\/ops.radlin.pl\/ops\/wp-content\/uploads\/2024\/11\/FEPZ.png\" alt=\"Logo FEPZ\" class=\"wp-image-7616\" srcset=\"https:\/\/ops.radlin.pl\/ops\/wp-content\/uploads\/2024\/11\/FEPZ.png 1606w, https:\/\/ops.radlin.pl\/ops\/wp-content\/uploads\/2024\/11\/FEPZ-300x32.png 300w, https:\/\/ops.radlin.pl\/ops\/wp-content\/uploads\/2024\/11\/FEPZ-768x81.png 768w, https:\/\/ops.radlin.pl\/ops\/wp-content\/uploads\/2024\/11\/FEPZ-1536x162.png 1536w\" sizes=\"auto, (max-width: 1606px) 100vw, 1606px\" \/><\/figure>\n<\/div>\n\n\n<div style=\"height:30px\" aria-hidden=\"true\" class=\"wp-block-spacer\"><\/div>\n\n\n\n<p class=\"has-text-align-left\"><br>Informujemy, i\u017c rozpoczyna si\u0119 kolejny etap wsparcia \u017cywno\u015bciowego dla os\u00f3b potrzebuj\u0105cych:<br><strong>Program Fundusze Europejskie na Pomoc \u017bywno\u015bciow\u0105 2021-2027 wsp\u00f3\u0142finansowany z Europejskiego Funduszu Spo\u0142ecznego Plus,<\/strong> kt\u00f3ry zaplanowany jest na okres luty &#8211; wrzesie\u0144 2025.<\/p>\n\n\n\n<p class=\"has-text-align-left\">O\u015brodek Pomocy Spo\u0142ecznej w Radlinie wsp\u00f3\u0142pracuj\u0105cy z \u015al\u0105skim Bankiem \u017bywno\u015bci w Chorzowie wspiera osoby potrzebuj\u0105ce z wojew\u00f3dztwa \u015bl\u0105skiego, na terenie powiatu wodzis\u0142awskiego w gminie Radlin.<\/p>\n\n\n\n<p class=\"has-text-align-left\"><strong>Cel programu jest udzielanie<\/strong> pomocy \u017cywno\u015bciowej osobom najbardziej potrzebuj\u0105cym oraz zapewnianie \u015brodk\u00f3w towarzysz\u0105cych, wspieraj\u0105cych ich w\u0142\u0105czenie spo\u0142eczne.<\/p>\n\n\n\n<div style=\"height:15px\" aria-hidden=\"true\" class=\"wp-block-spacer\"><\/div>\n\n\n\n<h4 class=\"wp-block-heading has-text-align-center\">ODBIORCY POMOCY \u017bYWNO\u015aCIOWEJ I DZIA\u0141A\u0143 TOWARZYSZ\u0104CYCH:<\/h4>\n\n\n\n<p class=\"has-text-align-left\">Z pomocy \u017cywno\u015bciowej mog\u0105 skorzysta\u0107 osoby i rodziny znajduj\u0105ce si\u0119 w trudnej sytuacji \u017cyciowej, spe\u0142niaj\u0105ce:<\/p>\n\n\n\n<ul class=\"wp-block-list\">\n<li>kryteria okre\u015blone w art. 7 ustawy z dnia 12 marca 2004 r. o pomocy spo\u0142ecznej (Dz. U. z 2023 poz. 901 i 1693)<\/li>\n\n\n\n<li>kryterium dochodowe wynosz\u0105ce <strong>2 676,50 PLN dla osoby samotnie gospodaruj\u0105cej i<\/strong> <strong>2 180,95 PLN dla osoby w rodzinie.<\/strong><\/li>\n<\/ul>\n\n\n\n<p class=\"has-text-align-left\"><strong>Pomoc mog\u0105 uzyska\u0107 osoby najbardziej potrzebuj\u0105ce, kt\u00f3re otrzyma\u0142y skierowanie z O\u015brodka Pomocy Spo\u0142ecznej.<\/strong><\/p>\n\n\n\n<div style=\"height:15px\" aria-hidden=\"true\" class=\"wp-block-spacer\"><\/div>\n\n\n\n<h4 class=\"wp-block-heading has-text-align-center\">POMOC \u017bYWNO\u015aCIOWA<\/h4>\n\n\n\n<p class=\"has-text-align-left\">W ramach programu ka\u017cda osoba skierowana do pomocy \u017cywno\u015bciowej mo\u017ce otrzyma\u0107 BEZP\u0141ATNIE min. ok. 30 kg artyku\u0142\u00f3w spo\u017cywczych w formie kilku paczek \u017cywno\u015bciowych:<\/p>\n\n\n\n<figure class=\"wp-block-table\"><table class=\"has-fixed-layout\"><thead><tr><th>Nazwa artyku\u0142u spo\u017cywczego FEP\u017b<\/th><th>Maksymalna ilo\u015b\u0107 sztuk\/kg na osob\u0119<\/th><\/tr><\/thead><tbody><tr><td>Groszek z marchewk\u0105<\/td><td>5 szt. \/ 2 kg<\/td><\/tr><tr><td>Koncentrat pomidorowy<\/td><td>7 szt. \/ 1,12 kg<\/td><\/tr><tr><td>D\u017cem truskawkowy<\/td><td>5 szt. \/ 1,5 kg<\/td><\/tr><tr><td>Makaron jajeczny \u015bwiderki<\/td><td>6 szt. \/ 3 kg<\/td><\/tr><tr><td>M\u0105ka pszenna<\/td><td>4 szt. \/ 4 kg<\/td><\/tr><tr><td>P\u0142atki owsiane<\/td><td>3 szt. \/ 1,5 kg<\/td><\/tr><tr><td>Kawa zbo\u017cowa rozpuszczalna<\/td><td>2 szt. \/ 0,4 kg<\/td><\/tr><tr><td>Mleko UHT<\/td><td>7 szt. \/ 7 l<\/td><\/tr><tr><td>Ser podpuszczkowy dojrzewaj\u0105cy<\/td><td>3 szt. \/1,2 kg<\/td><\/tr><tr><td>Szynka wieprzowa mielona<\/td><td>5 szt. \/ 1,5 kg<\/td><\/tr><tr><td>Szynka drobiowa<\/td><td>5 szt. \/ 1,5 kg<\/td><\/tr><tr><td>Pasztet wieprzowy<\/td><td>4 szt. \/ 0,64 kg<\/td><\/tr><tr><td>Szprot w oleju<\/td><td>5 szt. \/ 0,85 kg<\/td><\/tr><tr><td>Cukier bia\u0142y<\/td><td>4 szt. \/ 4 kg<\/td><\/tr><tr><td>Mi\u00f3d nektarowy wielokwiatowy<\/td><td>2 szt. \/ 0,8 kg<\/td><\/tr><tr><td>Olej rzepakowy<\/td><td>4 szt. \/ 4 l<\/td><\/tr><tr><td>Fasolka po breto\u0144sku<\/td><td>4 szt. \/ 2 kg<\/td><\/tr><tr><td>Herbatniki<\/td><td>3 szt. \/ 0,6 kg<\/td><\/tr><\/tbody><\/table><\/figure>\n\n\n\n<p class=\"has-text-align-left\"><strong>Je\u015bli rodzina liczy 5 os\u00f3b, to ka\u017cda z tych os\u00f3b otrzyma taki sam zestaw artyku\u0142\u00f3w spo\u017cywczych.<\/strong><\/p>\n\n\n\n<div style=\"height:15px\" aria-hidden=\"true\" class=\"wp-block-spacer\"><\/div>\n\n\n\n<h4 class=\"wp-block-heading has-text-align-center\">DZIA\u0141ANIA TOWARZYSZ\u0104CE<\/h4>\n\n\n\n<p class=\"has-text-align-left\">Dodatkowo O\u015brodek Pomocy Spo\u0142ecznej w Radlinie wraz z Bankiem \u017bywno\u015bci b\u0119dzie realizowa\u0142 nast\u0119puj\u0105ce, planowane dzia\u0142ania towarzysz\u0105ce w\u015br\u00f3d os\u00f3b potrzebuj\u0105cych, wspieraj\u0105ce ich w\u0142\u0105cznie spo\u0142eczne:<\/p>\n\n\n\n<ul class=\"wp-block-list\">\n<li>Cykle edukacyjne tematyczne: edukacji ekonomicznej, \u017cywieniowo-dietetyczne, kulinarne, dotycz\u0105ce praw konsumenta.<\/li>\n\n\n\n<li>Warsztaty edukacyjne z zakresu: niemarnowania \u017cywno\u015bci, prawid\u0142owej segregacji odpad\u00f3w, kulinarne, psychodietetyczne, gospodarowanie bud\u017cetem domowym.<\/li>\n\n\n\n<li>Dzia\u0142ania o charakterze w\u0142\u0105czeniowo-integracyjnym (cykle).<\/li>\n\n\n\n<li>Dy\u017cury konsultacyjne.<\/li>\n<\/ul>\n\n\n\n<p class=\"has-text-align-left\"><em>Wi\u0119cej informacji o dzia\u0142alno\u015bci\u00a0Bank\u00f3w \u017bywno\u015bci\u00a0oraz sposobie realizacji programu na stronie internetowej <a href=\"http:\/\/www.fepz.bankizywnosci.pl\" target=\"_blank\" rel=\"noopener\" title=\"\">www.fepz.bankizywnosci.pl<\/a><\/em><\/p>\n\n\n\n<div style=\"height:15px\" aria-hidden=\"true\" class=\"wp-block-spacer\"><\/div>\n\n\n\n<h4 class=\"wp-block-heading has-text-align-center\">DANE KONTAKTOWE<\/h4>\n\n\n\n<p class=\"has-text-align-left\">Osoby, kt\u00f3re chc\u0105 skorzysta\u0107 z pomocy\u00a0\u017cywno\u015bciowej w ramach realizacji <strong>Programu Fundusze Europejskie na Pomoc \u017bywno\u015bciow\u0105 2021-2027 wsp\u00f3\u0142finansowanego z Europejskiego Funduszu Spo\u0142ecznego Plus<\/strong> proszone s\u0105 o kontakt \u00a0z pracownikami:<\/p>\n\n\n\n<ul class=\"wp-block-list\">\n<li>O\u015brodka Pomocy Spo\u0142ecznej w Radlinie, ul. Solskiego 15, 44-310 Radlin osobi\u015bcie lub pod nr tel. 32 4567231<\/li>\n<\/ul>\n\n\n\n<div style=\"height:23px\" aria-hidden=\"true\" class=\"wp-block-spacer\"><\/div>\n\n\n\n<h3 class=\"wp-block-heading has-text-align-center\"><strong>Aktualno\u015bci<\/strong><\/h3>\n\n\n\n<ul class=\"wp-block-list\">\n<li><a href=\"https:\/\/ops.radlin.pl\/ops\/program-fundusze-europejskie-na-pomoc-zywnosciowa-2021-2027-fepz\/\" title=\"\">FEP\u017b &#8211; 2021-2027 (2024)<\/a><\/li>\n\n\n\n<li><a href=\"https:\/\/ops.radlin.pl\/ops\/category\/popz-podprogram-2021-2\/\" title=\"\">POP\u017b &#8211; Podprogram 2021 Plus<\/a><\/li>\n\n\n\n<li><a href=\"https:\/\/ops.radlin.pl\/ops\/category\/popz-podprogram-2021\/\">POP\u017b &#8211; Podprogram 2021<\/a><\/li>\n\n\n\n<li><a href=\"https:\/\/ops.radlin.pl\/ops\/category\/popz-podprogram-2020\/\">POP\u017b &#8211; Podprogram 2020<\/a><\/li>\n\n\n\n<li><a href=\"http:\/\/ops.radlin.pl\/ops\/category\/popz-podprogram-2019\/\">POP\u017b &#8211; Podprogram 2019<\/a><\/li>\n\n\n\n<li><a href=\"http:\/\/ops.radlin.pl\/ops\/category\/popz-podprogram-2018\/\">POP\u017b &#8211; Podprogram 2018<\/a><\/li>\n\n\n\n<li><a href=\"http:\/\/ops.radlin.pl\/ops\/category\/popz-podprogram-2017\/\">POP\u017b &#8211; Podprogram 2017<\/a><\/li>\n\n\n\n<li><a href=\"http:\/\/ops.radlin.pl\/ops\/category\/popz\/\">POP\u017b &#8211; Podprogram 2016<\/a><\/li>\n<\/ul>\n\n\n\n<p><\/p>\n","protected":false},"excerpt":{"rendered":"<p>Informujemy, i\u017c rozpoczyna si\u0119 kolejny etap wsparcia \u017cywno\u015bciowego dla os\u00f3b potrzebuj\u0105cych:Program Fundusze Europejskie na Pomoc \u017bywno\u015bciow\u0105 2021-2027 wsp\u00f3\u0142finansowany z Europejskiego Funduszu Spo\u0142ecznego Plus, kt\u00f3ry zaplanowany jest na okres luty &#8211; wrzesie\u0144 2025. O\u015brodek Pomocy Spo\u0142ecznej w Radlinie wsp\u00f3\u0142pracuj\u0105cy z \u015al\u0105skim Bankiem \u017bywno\u015bci w Chorzowie wspiera osoby potrzebuj\u0105ce z wojew\u00f3dztwa \u015bl\u0105skiego, na terenie powiatu wodzis\u0142awskiego w&hellip; <a class=\"continue\" href=\"https:\/\/ops.radlin.pl\/ops\/program-fundusze-europejskie-na-pomoc-zywnosciowa-2021-2027-2025-r\/\"><strong>Czytaj wi\u0119cej:<\/strong><span> Program Fundusze Europejskie na Pomoc \u017bywno\u015bciow\u0105 2021-2027 (2025 r.)<\/span><\/a><\/p>\n","protected":false},"author":1,"featured_media":0,"parent":0,"menu_order":0,"comment_status":"closed","ping_status":"closed","template":"","meta":{"footnotes":""},"class_list":["post-7888","page","type-page","status-publish","czr-hentry"],"aioseo_notices":[],"_links":{"self":[{"href":"https:\/\/ops.radlin.pl\/ops\/wp-json\/wp\/v2\/pages\/7888","targetHints":{"allow":["GET"]}}],"collection":[{"href":"https:\/\/ops.radlin.pl\/ops\/wp-json\/wp\/v2\/pages"}],"about":[{"href":"https:\/\/ops.radlin.pl\/ops\/wp-json\/wp\/v2\/types\/page"}],"author":[{"embeddable":true,"href":"https:\/\/ops.radlin.pl\/ops\/wp-json\/wp\/v2\/users\/1"}],"replies":[{"embeddable":true,"href":"https:\/\/ops.radlin.pl\/ops\/wp-json\/wp\/v2\/comments?post=7888"}],"version-history":[{"count":3,"href":"https:\/\/ops.radlin.pl\/ops\/wp-json\/wp\/v2\/pages\/7888\/revisions"}],"predecessor-version":[{"id":7891,"href":"https:\/\/ops.radlin.pl\/ops\/wp-json\/wp\/v2\/pages\/7888\/revisions\/7891"}],"wp:attachment":[{"href":"https:\/\/ops.radlin.pl\/ops\/wp-json\/wp\/v2\/media?parent=7888"}],"curies":[{"name":"wp","href":"https:\/\/api.w.org\/{rel}","templated":true}]}}