{"id":8070,"date":"2025-09-19T08:56:08","date_gmt":"2025-09-19T06:56:08","guid":{"rendered":"https:\/\/ops.radlin.pl\/ops\/?page_id=8070"},"modified":"2026-04-28T09:26:18","modified_gmt":"2026-04-28T07:26:18","slug":"program-korpus-wsparcia-seniorow-na-rok-2025","status":"publish","type":"page","link":"https:\/\/ops.radlin.pl\/ops\/program-korpus-wsparcia-seniorow-na-rok-2025\/","title":{"rendered":"Program \u201eKorpus Wsparcia Senior\u00f3w\u201d na rok 2025"},"content":{"rendered":"<div class=\"wp-block-image\">\n<figure class=\"aligncenter size-full\"><img loading=\"lazy\" decoding=\"async\" width=\"850\" height=\"150\" src=\"https:\/\/ops.radlin.pl\/ops\/wp-content\/uploads\/2021\/06\/FS2.png\" alt=\"Logo\" class=\"wp-image-5026\" srcset=\"https:\/\/ops.radlin.pl\/ops\/wp-content\/uploads\/2021\/06\/FS2.png 850w, https:\/\/ops.radlin.pl\/ops\/wp-content\/uploads\/2021\/06\/FS2-300x53.png 300w, https:\/\/ops.radlin.pl\/ops\/wp-content\/uploads\/2021\/06\/FS2-768x136.png 768w\" sizes=\"auto, (max-width: 850px) 100vw, 850px\" \/><\/figure>\n<\/div>\n\n\n<div style=\"height:10px\" aria-hidden=\"true\" class=\"wp-block-spacer\"><\/div>\n\n\n\n<p class=\"has-text-align-center\"><strong>O\u015brodek Pomocy Spo\u0142ecznej realizuje Program \u201eKorpus Wsparcia Senior\u00f3w\u201d na rok 2025.<\/strong><\/p>\n\n\n\n<p class=\"has-text-align-center\"><strong>Program finansowany jest ze \u015brodk\u00f3w dotacji celowej z bud\u017cetu pa\u0144stwa.<\/strong><\/p>\n\n\n\n<div style=\"height:40px\" aria-hidden=\"true\" class=\"wp-block-spacer\"><\/div>\n\n\n\n<p class=\"has-text-align-left\"><strong>Warto\u015b\u0107 dofinansowania ze \u015brodk\u00f3w dotacji celowej w 2025 r. dla Gminy Radlin na finansowanie zadania:<\/strong><\/p>\n\n\n\n<p class=\"has-text-align-left\">29 867 z\u0142 (dwadzie\u015bcia dziewi\u0119\u0107 tysi\u0119cy osiemset sze\u015b\u0107dziesi\u0105t siedem z\u0142otych).<\/p>\n\n\n\n<p class=\"has-text-align-left\"><strong><strong>Ca\u0142kowity koszt realizacji tego zadania wynosi w 2025 r.:<\/strong><\/strong><\/p>\n\n\n\n<p class=\"has-text-align-left\">37 333,75 z\u0142 (trzydzie\u015bci siedem tysi\u0119cy trzysta trzydzie\u015bci trzy z\u0142ote 75\/100).<\/p>\n\n\n\n<div style=\"height:40px\" aria-hidden=\"true\" class=\"wp-block-spacer\"><\/div>\n\n\n\n<p class=\"has-text-align-left\">Realizacja Programu obejmuje swoim zakresem:<\/p>\n\n\n\n<div style=\"height:20px\" aria-hidden=\"true\" class=\"wp-block-spacer\"><\/div>\n\n\n\n<p class=\"has-text-align-left\"><strong>Modu\u0142 II<\/strong><\/p>\n\n\n\n<p class=\"has-text-align-left\">Ma na celu popraw\u0119 bezpiecze\u0144stwa oraz mo\u017cliwo\u015bci samodzielnego funkcjonowania w miejscu zamieszkania os\u00f3b starszych przez dost\u0119p do tzw. \u201eopieki na odleg\u0142o\u015b\u0107\u201d.<\/p>\n\n\n\n<p class=\"has-text-align-left\">Adresatami Modu\u0142u II s\u0105 seniorzy w wieku 60 lat i wi\u0119cej z terenu Miasta Radlin, kt\u00f3rzy maj\u0105 problemy z samodzielnym funkcjonowaniem ze wzgl\u0119du na stan zdrowia, prowadz\u0105cy samodzielne gospodarstwa domowe lub mieszkaj\u0105cy z osobami bliskimi, kt\u00f3re nie s\u0105 w stanie zapewni\u0107 im wystarczaj\u0105cego wsparcia.<\/p>\n\n\n\n<p class=\"has-text-align-left\"><strong>Opis us\u0142ug wsparcia:<\/strong><\/p>\n\n\n\n<p class=\"has-text-align-left\">W ramach programu seniorom w wieku 60 lat i wi\u0119cej z terenu Miasta Radlin zostanie zapewniony dost\u0119p do tzw. \u201eopasek i urz\u0105dze\u0144 bezpiecze\u0144stwa\u201d wyposa\u017conych w co najmniej trzy z nast\u0119puj\u0105cych funkcji:<\/p>\n\n\n\n<ul class=\"wp-block-list\">\n<li>przycisk bezpiecze\u0144stwa \u2013 sygna\u0142 SOS,<\/li>\n\n\n\n<li>detektor upadku,<\/li>\n\n\n\n<li>czujnik zdj\u0119cia opaski,<\/li>\n\n\n\n<li>lokalizator GPS,<\/li>\n\n\n\n<li>funkcje umo\u017cliwiaj\u0105ce komunikowanie si\u0119 z centrum obs\u0142ugi i opiekunami,<\/li>\n\n\n\n<li>funkcje monitoruj\u0105ce podstawowe czynno\u015bci \u017cyciowe (puls i saturacja).<\/li>\n<\/ul>\n\n\n\n<p class=\"has-text-align-left\">Opaska i urz\u0105dzenie bezpiecze\u0144stwa b\u0119d\u0105 po\u0142\u0105czone z us\u0142ug\u0105 operatora pomocy \u2013 w przypadku trudnej sytuacji lub nag\u0142ego zagro\u017cenia wci\u015bni\u0119cie guzika alarmowego, umo\u017cliwia po\u0142\u0105czenie si\u0119 ze stale gotow\u0105 do interwencji central\u0105. Opaska oraz urz\u0105dzenie bezpiecze\u0144stwa pod wzgl\u0119dem funkcjonalno\u015bci oraz dopasowania dla os\u00f3b w wieku 60 lat i wi\u0119cej s\u0105 proste w obs\u0142udze. Po odebraniu zg\u0142oszenia dyspozytor (ratownik medyczny, opiekun medyczny, piel\u0119gniarka) podejmie decyzj\u0119 o sposobie udzielenia pomocy seniorowi. W zale\u017cno\u015bci od sytuacji b\u0119dzie on m\u00f3g\u0142 zapewni\u0107 wsparcie emocjonalne przez telefon, poprosi\u0107 o interwencj\u0119 kogo\u015b z jego najbli\u017cszego otoczenia (rodzin\u0119, s\u0105siad\u00f3w, opiekun\u00f3w), poprosi\u0107 o interwencj\u0119 pracownika O\u015brodka Pomocy Spo\u0142ecznej w Radlinie lub wezwa\u0107 s\u0142u\u017cby ratunkowe.<\/p>\n\n\n\n<p>Z tego typu wsparcia korzysta dotychczas 30 senior\u00f3w z terenu miasta.<\/p>\n\n\n\n<div style=\"height:20px\" aria-hidden=\"true\" class=\"wp-block-spacer\"><\/div>\n\n\n\n<p class=\"has-text-align-left\"><strong>Wi\u0119cej informacji:<\/strong><\/p>\n\n\n\n<p>O\u015brodek Pomocy Spo\u0142ecznej,<br>ul. Solskiego 15, 44-310 Radlin,<br>tel. 32 4567363, mail: <a href=\"mailto:ops@radlin.pl\">ops<\/a>[ma\u0142pa]radlin.pl<\/p>\n\n\n\n<p>Zamiast [ma\u0142pa] prosimy o zastosowanie znaku @<\/p>\n\n\n\n<div style=\"height:50px\" aria-hidden=\"true\" class=\"wp-block-spacer\"><\/div>\n\n\n\n<p>Wi\u0119cej informacji:<\/p>\n\n\n\n<ul class=\"wp-block-list\">\n<li><a href=\"https:\/\/www.gov.pl\/web\/rodzina\/program-korpus-wsparcia-seniorow-na-2025-rok\" target=\"_blank\" rel=\"noopener\" title=\"\">https:\/\/www.gov.pl\/web\/rodzina\/program-korpus-wsparcia-seniorow-na-2025-rok<\/a><\/li>\n<\/ul>\n\n\n\n<div style=\"height:50px\" aria-hidden=\"true\" class=\"wp-block-spacer\"><\/div>\n\n\n\n<h3 class=\"wp-block-heading has-text-align-center\"><strong>Informacja<\/strong><\/h3>\n\n\n\n<div style=\"height:20px\" aria-hidden=\"true\" class=\"wp-block-spacer\"><\/div>\n\n\n\n<p class=\"has-text-align-left\">Stanowisko Ministerstwa Rodziny Pracy i Polityki Spo\u0142ecznej dotycz\u0105ce ustalenia, czy opaska bezpiecze\u0144stwa w ramach programu Program Korpus Wsparcia Senior\u00f3w ma mie\u0107 status wyrobu medycznego.<\/p>\n\n\n\n<p class=\"has-text-align-left\">W opinii Departamentu Pomocy Spo\u0142ecznej ww. ministerstwa urz\u0105dzenie bezpiecze\u0144stwa, o kt\u00f3rym mowa w Programie Korpus Wsparcia Senior\u00f3w, nie jest wyrobem medycznym. Opaska czy te\u017c inne<br>urz\u0105dzenie bezpiecze\u0144stwa s\u0142u\u017cy \u015bwiadczeniu us\u0142ug spo\u0142ecznych, nie za\u015b monitorowaniu<br>funkcji \u017cyciowych.<\/p>\n\n\n\n<p class=\"has-text-align-left\">W ramach ww. programu, osobom w wieku 60 lat i wi\u0119cej zostanie zapewniony dost\u0119p do tzw. opasek lub innych urz\u0105dze\u0144 bezpiecze\u0144stwa wyposa\u017conych w nast\u0119puj\u0105ce funkcje:<\/p>\n\n\n\n<ul class=\"wp-block-list\">\n<li>przycisk bezpiecze\u0144stwa \u2013 sygna\u0142 SOS,<\/li>\n\n\n\n<li>detektor upadku,<\/li>\n\n\n\n<li>czujnik zdj\u0119cia opaski\/urz\u0105dzenia,<\/li>\n\n\n\n<li>lokalizator GPS,<\/li>\n\n\n\n<li>funkcje umo\u017cliwiaj\u0105ce komunikowanie si\u0119 z centrum obs\u0142ugi i opiekunami,<\/li>\n\n\n\n<li>funkcje monitoruj\u0105ce podstawowe czynno\u015bci \u017cyciowe (puls i saturacja),<\/li>\n\n\n\n<li>funkcje umo\u017cliwiaj\u0105ce monitorowanie czasu realizowanej opieki przez osoby \u015bwiadcz\u0105ce us\u0142ugi opieku\u0144cze lub pomoc s\u0105siedzk\u0105.<\/li>\n<\/ul>\n\n\n\n<p class=\"has-text-align-left\">Samorz\u0105d gminny na podstawie zapotrzebowania, okre\u015bla funkcje opaski lub innego urz\u0105dzenia bezpiecze\u0144stwa (urz\u0105dzenie nie musi spe\u0142nia\u0107 wszystkich ww. funkcji) w przeprowadzanym post\u0119powaniu wyboru realizatora.<\/p>\n","protected":false},"excerpt":{"rendered":"<p>O\u015brodek Pomocy Spo\u0142ecznej realizuje Program \u201eKorpus Wsparcia Senior\u00f3w\u201d na rok 2025. Program finansowany jest ze \u015brodk\u00f3w dotacji celowej z bud\u017cetu pa\u0144stwa. Warto\u015b\u0107 dofinansowania ze \u015brodk\u00f3w dotacji celowej w 2025 r. dla Gminy Radlin na finansowanie zadania: 29 867 z\u0142 (dwadzie\u015bcia dziewi\u0119\u0107 tysi\u0119cy osiemset sze\u015b\u0107dziesi\u0105t siedem z\u0142otych). Ca\u0142kowity koszt realizacji tego zadania wynosi w 2025 r.:&hellip; <a class=\"continue\" href=\"https:\/\/ops.radlin.pl\/ops\/program-korpus-wsparcia-seniorow-na-rok-2025\/\"><strong>Czytaj wi\u0119cej:<\/strong><span> Program \u201eKorpus Wsparcia Senior\u00f3w\u201d na rok 2025<\/span><\/a><\/p>\n","protected":false},"author":1,"featured_media":0,"parent":0,"menu_order":0,"comment_status":"closed","ping_status":"closed","template":"","meta":{"footnotes":""},"class_list":["post-8070","page","type-page","status-publish","czr-hentry"],"aioseo_notices":[],"_links":{"self":[{"href":"https:\/\/ops.radlin.pl\/ops\/wp-json\/wp\/v2\/pages\/8070","targetHints":{"allow":["GET"]}}],"collection":[{"href":"https:\/\/ops.radlin.pl\/ops\/wp-json\/wp\/v2\/pages"}],"about":[{"href":"https:\/\/ops.radlin.pl\/ops\/wp-json\/wp\/v2\/types\/page"}],"author":[{"embeddable":true,"href":"https:\/\/ops.radlin.pl\/ops\/wp-json\/wp\/v2\/users\/1"}],"replies":[{"embeddable":true,"href":"https:\/\/ops.radlin.pl\/ops\/wp-json\/wp\/v2\/comments?post=8070"}],"version-history":[{"count":6,"href":"https:\/\/ops.radlin.pl\/ops\/wp-json\/wp\/v2\/pages\/8070\/revisions"}],"predecessor-version":[{"id":8496,"href":"https:\/\/ops.radlin.pl\/ops\/wp-json\/wp\/v2\/pages\/8070\/revisions\/8496"}],"wp:attachment":[{"href":"https:\/\/ops.radlin.pl\/ops\/wp-json\/wp\/v2\/media?parent=8070"}],"curies":[{"name":"wp","href":"https:\/\/api.w.org\/{rel}","templated":true}]}}