{"id":8439,"date":"2026-02-10T13:11:48","date_gmt":"2026-02-10T12:11:48","guid":{"rendered":"https:\/\/ops.radlin.pl\/ops\/?page_id=8439"},"modified":"2026-03-05T11:40:45","modified_gmt":"2026-03-05T10:40:45","slug":"program-asystent-osobisty-osoby-z-niepelnosprawnoscia-dla-jednostek-samorzadu-terytorialnego-edycja-2026","status":"publish","type":"page","link":"https:\/\/ops.radlin.pl\/ops\/program-asystent-osobisty-osoby-z-niepelnosprawnoscia-dla-jednostek-samorzadu-terytorialnego-edycja-2026\/","title":{"rendered":"Program \u201eAsystent osobisty osoby z niepe\u0142nosprawno\u015bci\u0105\u201d dla Jednostek Samorz\u0105du Terytorialnego \u2013 edycja 2026"},"content":{"rendered":"<div class=\"wp-block-image\">\n<figure class=\"aligncenter size-full\"><img loading=\"lazy\" decoding=\"async\" width=\"850\" height=\"150\" src=\"https:\/\/ops.radlin.pl\/ops\/wp-content\/uploads\/2021\/06\/FS2.png\" alt=\"Logo\" class=\"wp-image-5026\" srcset=\"https:\/\/ops.radlin.pl\/ops\/wp-content\/uploads\/2021\/06\/FS2.png 850w, https:\/\/ops.radlin.pl\/ops\/wp-content\/uploads\/2021\/06\/FS2-300x53.png 300w, https:\/\/ops.radlin.pl\/ops\/wp-content\/uploads\/2021\/06\/FS2-768x136.png 768w\" sizes=\"auto, (max-width: 850px) 100vw, 850px\" \/><\/figure>\n<\/div>\n\n\n<div style=\"height:35px\" aria-hidden=\"true\" class=\"wp-block-spacer\"><\/div>\n\n\n\n<p class=\"has-text-align-center\"><strong>O\u015brodek Pomocy Spo\u0142ecznej realizuje<br>Program &#8222;Asystent osobisty osoby z niepe\u0142nosprawno\u015bci\u0105&#8221;<br>dla Jednostek Samorz\u0105du Terytorialnego \u2013 edycja 2026<\/strong><\/p>\n\n\n\n<div style=\"height:30px\" aria-hidden=\"true\" class=\"wp-block-spacer\"><\/div>\n\n\n\n<p class=\"has-text-align-center\"><strong>Program finansowany jest ze \u015brodk\u00f3w pa\u0144stwowego funduszu celowego zwanego Funduszem Solidarno\u015bciowym.<\/strong><\/p>\n\n\n<div class=\"wp-block-image\">\n<figure class=\"aligncenter size-full\"><img loading=\"lazy\" decoding=\"async\" width=\"750\" height=\"219\" src=\"https:\/\/ops.radlin.pl\/ops\/wp-content\/uploads\/2023\/10\/mprips.png\" alt=\"\" class=\"wp-image-6809\" srcset=\"https:\/\/ops.radlin.pl\/ops\/wp-content\/uploads\/2023\/10\/mprips.png 750w, https:\/\/ops.radlin.pl\/ops\/wp-content\/uploads\/2023\/10\/mprips-300x88.png 300w\" sizes=\"auto, (max-width: 750px) 100vw, 750px\" \/><\/figure>\n<\/div>\n\n\n<div style=\"height:15px\" aria-hidden=\"true\" class=\"wp-block-spacer\"><\/div>\n\n\n\n<p class=\"has-text-align-left\"><strong>Warto\u015b\u0107 dofinansowania ze \u015brodk\u00f3w Funduszu Solidarno\u015bciowego w 2026 r.:<\/strong><\/p>\n\n\n\n<p class=\"has-text-align-left\">995 004,90 z\u0142 (dziewi\u0119\u0107set dziewi\u0119\u0107dziesi\u0105t pi\u0119\u0107 tysi\u0119cy cztery z\u0142ote 90\/100).<\/p>\n\n\n\n<p class=\"has-text-align-left\"><strong>Ca\u0142kowity koszt realizacji tego zadania wynosi w 2026 r.:<\/strong><\/p>\n\n\n\n<p class=\"has-text-align-left\">995 004,90 z\u0142 (dziewi\u0119\u0107set dziewi\u0119\u0107dziesi\u0105t pi\u0119\u0107 tysi\u0119cy cztery z\u0142ote 90\/100).<\/p>\n\n\n\n<div style=\"height:40px\" aria-hidden=\"true\" class=\"wp-block-spacer\"><\/div>\n\n\n\n<p class=\"has-text-align-left\">G\u0142\u00f3wnym celem Programu jest wprowadzenie us\u0142ug asystenta jako formy og\u00f3lnodost\u0119pnego wsparcia w wykonywaniu codziennych czynno\u015bci oraz funkcjonowaniu w \u017cyciu spo\u0142ecznym, kt\u00f3rej adresatami s\u0105:<\/p>\n\n\n\n<ul class=\"wp-block-list\">\n<li>dzieci od uko\u0144czenia 2. roku \u017cycia do uko\u0144czenia 16. roku \u017cycia posiadaj\u0105ce orzeczenie o niepe\u0142nosprawno\u015bci \u0142\u0105cznie ze wskazaniami w pkt 7 i 8 w orzeczeniu o niepe\u0142nosprawno\u015bci &#8211; konieczno\u015bci sta\u0142ej lub d\u0142ugotrwa\u0142ej opieki lub pomocy innej osoby w zwi\u0105zku ze znacznie ograniczon\u0105 mo\u017cliwo\u015bci\u0105 samodzielnej egzystencji oraz konieczno\u015bci sta\u0142ego wsp\u00f3\u0142udzia\u0142u na co dzie\u0144 opiekuna dziecka w procesie jego leczenia, rehabilitacji i edukacji oraz<\/li>\n\n\n\n<li>osoby z niepe\u0142nosprawno\u015bciami posiadaj\u0105ce orzeczenie:\n<ul class=\"wp-block-list\">\n<li>o znacznym stopniu niepe\u0142nosprawno\u015bci albo<\/li>\n\n\n\n<li>o umiarkowanym stopniu niepe\u0142nosprawno\u015bci albo<\/li>\n\n\n\n<li>traktowane na r\u00f3wni z orzeczeniami wymienionymi w lit. a i b, zgodnie z art. 5 i art. 62 ustawy z dnia 27 sierpnia 1997 r. o rehabilitacji zawodowej i spo\u0142ecznej oraz zatrudnianiu os\u00f3b niepe\u0142nosprawnych.<\/li>\n<\/ul>\n<\/li>\n<\/ul>\n\n\n\n<div style=\"height:20px\" aria-hidden=\"true\" class=\"wp-block-spacer\"><\/div>\n\n\n\n<p class=\"has-text-align-left\"><strong>Us\u0142ugi asystenta osobistego osoby niepe\u0142nosprawnej \u015bwiadczone s\u0105 bezp\u0142atnie w ramach Programu.<\/strong><\/p>\n\n\n\n<p class=\"has-text-align-left\">Us\u0142ugi asystencji osobistej polegaj\u0105 na wspieraniu przez asystenta osoby z niepe\u0142nosprawno\u015bci\u0105 w r\u00f3\u017cnych sferach \u017cycia, w tym:<\/p>\n\n\n\n<ul class=\"wp-block-list\">\n<li>wsparcia uczestnika w czynno\u015bciach samoobs\u0142ugowych, w tym utrzymaniu higieny osobistej;<\/li>\n\n\n\n<li>wsparcia uczestnika w prowadzeniu gospodarstwa domowego i wype\u0142nianiu r\u00f3l w rodzinie;<\/li>\n\n\n\n<li>wsparcia uczestnika w przemieszczaniu si\u0119 poza miejscem zamieszkania;<\/li>\n\n\n\n<li>wsparcia uczestnika w podejmowaniu aktywno\u015bci \u017cyciowej i komunikowaniu si\u0119 z otoczeniem.<\/li>\n<\/ul>\n\n\n\n<div style=\"height:20px\" aria-hidden=\"true\" class=\"wp-block-spacer\"><\/div>\n\n\n\n<p class=\"has-text-align-left\">Limit godzin us\u0142ug asystencji osobistej finansowanych ze \u015brodk\u00f3w Funduszu przypadaj\u0105cych na 1 uczestnika wynosi nie wi\u0119cej ni\u017c:<\/p>\n\n\n\n<p class=\"has-text-align-left\">840 godzin rocznie dla os\u00f3b z niepe\u0142nosprawno\u015bciami posiadaj\u0105cych orzeczenie:<\/p>\n\n\n\n<ul class=\"wp-block-list\">\n<li>o znacznym stopniu niepe\u0142nosprawno\u015bci z niepe\u0142nosprawno\u015bci\u0105 sprz\u0119\u017con\u0105,<\/li>\n\n\n\n<li>traktowane na r\u00f3wni z orzeczeniem o znacznym stopniu niepe\u0142nosprawno\u015bci, zgodnie z art. 5 i art. 62 ustawy z dnia 27 sierpnia 1997 r. o rehabilitacji zawodowej i spo\u0142ecznej oraz zatrudnianiu os\u00f3b niepe\u0142nosprawnych, z niepe\u0142nosprawno\u015bci\u0105 sprz\u0119\u017con\u0105;<\/li>\n<\/ul>\n\n\n\n<p class=\"has-text-align-left\">720 godzin rocznie dla os\u00f3b z niepe\u0142nosprawno\u015bciami posiadaj\u0105cych orzeczenie:<\/p>\n\n\n\n<ul class=\"wp-block-list\">\n<li>o znacznym stopniu niepe\u0142nosprawno\u015bci,<\/li>\n\n\n\n<li>traktowane na r\u00f3wni z orzeczeniem o znacznym stopniu niepe\u0142nosprawno\u015bci, zgodnie z art. 5 i art. 62 ustawy z dnia 27 sierpnia 1997 r. o rehabilitacji zawodowej i spo\u0142ecznej oraz zatrudnianiu os\u00f3b niepe\u0142nosprawnych;<\/li>\n<\/ul>\n\n\n\n<p class=\"has-text-align-left\">480 godzin rocznie dla os\u00f3b z niepe\u0142nosprawno\u015bciami posiadaj\u0105cych orzeczenie:<\/p>\n\n\n\n<ul class=\"wp-block-list\">\n<li>o umiarkowanym stopniu niepe\u0142nosprawno\u015bci z niepe\u0142nosprawno\u015bci\u0105 sprz\u0119\u017con\u0105,<\/li>\n\n\n\n<li>traktowane na r\u00f3wni z orzeczeniem o umiarkowanym stopniu niepe\u0142nosprawno\u015bci, zgodnie z art. 5 i art. 62 ustawy z dnia 27 sierpnia 1997 r. o rehabilitacji zawodowej i spo\u0142ecznej oraz zatrudnianiu os\u00f3b niepe\u0142nosprawnych, z niepe\u0142nosprawno\u015bci\u0105 sprz\u0119\u017con\u0105 ;<\/li>\n<\/ul>\n\n\n\n<p class=\"has-text-align-left\">360 godzin rocznie dla:<\/p>\n\n\n\n<ul class=\"wp-block-list\">\n<li>os\u00f3b z niepe\u0142nosprawno\u015bciami posiadaj\u0105cych orzeczenie o umiarkowanym stopniu niepe\u0142nosprawno\u015bci,<\/li>\n\n\n\n<li>os\u00f3b z niepe\u0142nosprawno\u015bciami posiadaj\u0105cych orzeczenie traktowane na r\u00f3wni z orzeczeniem o umiarkowanym stopniu niepe\u0142nosprawno\u015bci, zgodnie z art. 5 i art. 62 ustawy z dnia 27 sierpnia 1997 r. o rehabilitacji zawodowej i spo\u0142ecznej oraz zatrudnianiu os\u00f3b niepe\u0142nosprawnych;<\/li>\n\n\n\n<li>dzieci od uko\u0144czenia 2. roku \u017cycia do uko\u0144czenia 16. roku \u017cycia z orzeczeniem o niepe\u0142nosprawno\u015bci \u0142\u0105cznie ze wskazaniami w pkt 7 i 8 w orzeczeniu o niepe\u0142nosprawno\u015bci &#8211; konieczno\u015bci sta\u0142ej lub d\u0142ugotrwa\u0142ej opieki lub pomocy innej osoby w zwi\u0105zku ze znacznie ograniczon\u0105 mo\u017cliwo\u015bci\u0105 samodzielnej egzystencji oraz konieczno\u015bci sta\u0142ego wsp\u00f3\u0142udzia\u0142u na co dzie\u0144 opiekuna dziecka w procesie jego leczenia, rehabilitacji i edukacji.<\/li>\n<\/ul>\n\n\n\n<div style=\"height:40px\" aria-hidden=\"true\" class=\"wp-block-spacer\"><\/div>\n\n\n\n<p class=\"has-text-align-left\"><strong>Pliki do pobrania:<\/strong><\/p>\n\n\n\n<ul class=\"wp-block-list\">\n<li><a href=\"https:\/\/ops.radlin.pl\/ops\/pliki\/inne\/AOOZN2025\/Program-AOON-JST-2026-10.pdf\" target=\"_blank\" rel=\"noopener\" title=\"\">Program \u201eAsystent osobisty osoby z niepe\u0142nosprawno\u015bci\u0105\u201d dla Jednostek Samorz\u0105du Terytorialnego &#8211; edycja 2026 (.pdf)<\/a><\/li>\n\n\n\n<li><a href=\"https:\/\/ops.radlin.pl\/ops\/pliki\/inne\/AOOZN2025\/Zalacznik-nr-7-do-Programu-AOON-JST-2026_karta zgloszenia.DOCX\" target=\"_blank\" rel=\"noopener\" title=\"\">Za\u0142\u0105cznik nr 7 do Programu &#8211; karta zg\u0142oszenia (.docx)<\/a><\/li>\n\n\n\n<li><a href=\"https:\/\/ops.radlin.pl\/ops\/pliki\/inne\/AOOZN2025\/Zalacznik-nr-8-do-Programu-AOON-JST-2026_karta zakresu czynnosci.DOCX\" target=\"_blank\" rel=\"noopener\" title=\"\">Za\u0142\u0105cznik nr 8 do Programu &#8211; karta zakresu czynno\u015bci (.docx)<\/a><\/li>\n\n\n\n<li><a href=\"https:\/\/ops.radlin.pl\/ops\/pliki\/inne\/AOOZN2025\/Zalacznik-nr-9-do-Programu-AOON-JST-2026_karta_realizacji_uslug.docx\" target=\"_blank\" rel=\"noopener\" title=\"\">Za\u0142\u0105cznik nr 9 do Programu &#8211; karta realizacji us\u0142ug (.docx)<\/a><\/li>\n\n\n\n<li><a href=\"https:\/\/ops.radlin.pl\/ops\/pliki\/inne\/AOOZN2025\/Zalacznik-nr-10-do-Programu-AOON-JST-2026_ewidencja_przebiegu_pojazdu.DOC\" target=\"_blank\" rel=\"noopener\" title=\"\">Za\u0142\u0105cznik nr 10 do Programu &#8211; ewidencja przebiegu pojazdu (.doc)<\/a><\/li>\n\n\n\n<li><a href=\"https:\/\/ops.radlin.pl\/ops\/pliki\/inne\/AOOZN2025\/Zalacznik-nr-11-do-Programu-AOON-JST-2026_ewidencja_przejazdu_innym_srodkiem_transportu.docx\" target=\"_blank\" rel=\"noopener\" title=\"\">Za\u0142\u0105cznik nr 11 do Programu &#8211; ewidencja przejazdu innym \u015brodkiem transportu (.docx)<\/a><\/li>\n\n\n\n<li><a href=\"https:\/\/ops.radlin.pl\/ops\/pliki\/inne\/AOOZN2025\/Zalacznik-nr-12-do-Programu-AOON-JST-2026_ewidencja_biletow.docx\" target=\"_blank\" rel=\"noopener\" title=\"\">Za\u0142\u0105cznik nr 12 do Programu &#8211; ewidencja bilet\u00f3w (.docx)<\/a><\/li>\n<\/ul>\n\n\n\n<div style=\"height:40px\" aria-hidden=\"true\" class=\"wp-block-spacer\"><\/div>\n\n\n\n<p class=\"has-text-align-center has-background\" style=\"background-color:#d3dc6e\"><strong><a href=\"https:\/\/ops.radlin.pl\/ops\/ogloszenie-o-naborze-wnioskow-do-programu-asystent-osobisty-osoby-z-niepelnosprawnoscia-dla-jednostek-samorzadu-terytorialnego-edycja-2026\/\" target=\"_blank\" rel=\"noopener\" title=\"\">Informacja o naborze do Program &#8222;Asystent osobisty osoby z niepe\u0142nosprawno\u015bci\u0105&#8221; dla Jednostek Samorz\u0105du Terytorialnego \u2013 edycja 2026<\/a><\/strong><\/p>\n\n\n\n<div style=\"height:40px\" aria-hidden=\"true\" class=\"wp-block-spacer\"><\/div>\n\n\n\n<p class=\"has-text-align-left\"><strong>Wi\u0119cej informacji:<\/strong><\/p>\n\n\n\n<p class=\"has-text-align-left\">Tomasz Sto\u0144ski &#8211; Koordynator Programu<\/p>\n\n\n\n<p class=\"has-text-align-left\">Centrum Us\u0142ug Spo\u0142ecznych,<br>ul. Korfantego 87, 44-310 Radlin,<br>tel. 737 266 660, mail: cus.ops[ma\u0142pa]radlin.pl<\/p>\n\n\n\n<p>Zamiast [ma\u0142pa] prosimy o zastosowanie znaku @<\/p>\n\n\n\n<div style=\"height:40px\" aria-hidden=\"true\" class=\"wp-block-spacer\"><\/div>\n\n\n<div class=\"wp-block-image\">\n<figure class=\"aligncenter size-full\"><img loading=\"lazy\" decoding=\"async\" width=\"760\" height=\"1073\" src=\"https:\/\/ops.radlin.pl\/ops\/wp-content\/uploads\/2026\/02\/plakat-AOON-2026.png\" alt=\"Plakat dofinansowanie AOOzN 2026\" class=\"wp-image-8440\" srcset=\"https:\/\/ops.radlin.pl\/ops\/wp-content\/uploads\/2026\/02\/plakat-AOON-2026.png 760w, https:\/\/ops.radlin.pl\/ops\/wp-content\/uploads\/2026\/02\/plakat-AOON-2026-212x300.png 212w\" sizes=\"auto, (max-width: 760px) 100vw, 760px\" \/><\/figure>\n<\/div>\n\n\n<div style=\"height:30px\" aria-hidden=\"true\" class=\"wp-block-spacer\"><\/div>\n","protected":false},"excerpt":{"rendered":"<p>O\u015brodek Pomocy Spo\u0142ecznej realizujeProgram &#8222;Asystent osobisty osoby z niepe\u0142nosprawno\u015bci\u0105&#8221;dla Jednostek Samorz\u0105du Terytorialnego \u2013 edycja 2026 Program finansowany jest ze \u015brodk\u00f3w pa\u0144stwowego funduszu celowego zwanego Funduszem Solidarno\u015bciowym. Warto\u015b\u0107 dofinansowania ze \u015brodk\u00f3w Funduszu Solidarno\u015bciowego w 2026 r.: 995 004,90 z\u0142 (dziewi\u0119\u0107set dziewi\u0119\u0107dziesi\u0105t pi\u0119\u0107 tysi\u0119cy cztery z\u0142ote 90\/100). Ca\u0142kowity koszt realizacji tego zadania wynosi w 2026 r.: 995&hellip; <a class=\"continue\" href=\"https:\/\/ops.radlin.pl\/ops\/program-asystent-osobisty-osoby-z-niepelnosprawnoscia-dla-jednostek-samorzadu-terytorialnego-edycja-2026\/\"><strong>Czytaj wi\u0119cej:<\/strong><span> Program \u201eAsystent osobisty osoby z niepe\u0142nosprawno\u015bci\u0105\u201d dla Jednostek Samorz\u0105du Terytorialnego \u2013 edycja 2026<\/span><\/a><\/p>\n","protected":false},"author":1,"featured_media":0,"parent":0,"menu_order":0,"comment_status":"closed","ping_status":"closed","template":"","meta":{"footnotes":""},"class_list":["post-8439","page","type-page","status-publish","czr-hentry"],"aioseo_notices":[],"_links":{"self":[{"href":"https:\/\/ops.radlin.pl\/ops\/wp-json\/wp\/v2\/pages\/8439","targetHints":{"allow":["GET"]}}],"collection":[{"href":"https:\/\/ops.radlin.pl\/ops\/wp-json\/wp\/v2\/pages"}],"about":[{"href":"https:\/\/ops.radlin.pl\/ops\/wp-json\/wp\/v2\/types\/page"}],"author":[{"embeddable":true,"href":"https:\/\/ops.radlin.pl\/ops\/wp-json\/wp\/v2\/users\/1"}],"replies":[{"embeddable":true,"href":"https:\/\/ops.radlin.pl\/ops\/wp-json\/wp\/v2\/comments?post=8439"}],"version-history":[{"count":5,"href":"https:\/\/ops.radlin.pl\/ops\/wp-json\/wp\/v2\/pages\/8439\/revisions"}],"predecessor-version":[{"id":8469,"href":"https:\/\/ops.radlin.pl\/ops\/wp-json\/wp\/v2\/pages\/8439\/revisions\/8469"}],"wp:attachment":[{"href":"https:\/\/ops.radlin.pl\/ops\/wp-json\/wp\/v2\/media?parent=8439"}],"curies":[{"name":"wp","href":"https:\/\/api.w.org\/{rel}","templated":true}]}}