{"id":923,"date":"2017-05-31T10:02:25","date_gmt":"2017-05-31T08:02:25","guid":{"rendered":"http:\/\/ops.radlin.pl\/ops\/?page_id=923"},"modified":"2017-09-21T07:35:15","modified_gmt":"2017-09-21T05:35:15","slug":"polecane-strony","status":"publish","type":"page","link":"https:\/\/ops.radlin.pl\/ops\/polecane-strony\/","title":{"rendered":"Polecane strony"},"content":{"rendered":"<h3 style=\"text-align: center;\"><strong>Strony z naszego miasta<\/strong><\/h3>\n<p>&nbsp;<br \/>\n\n<table id=\"tablepress-26\" class=\"tablepress tablepress-id-26\">\n<thead>\n<tr class=\"row-1\">\n\t<td class=\"column-1\"><\/td><th class=\"column-2\">Link<\/th><th class=\"column-3\">Opis<\/th>\n<\/tr>\n<\/thead>\n<tbody class=\"row-striping row-hover\">\n<tr class=\"row-2\">\n\t<td class=\"column-1\"><img loading=\"lazy\" decoding=\"async\" src=\"http:\/\/ops.radlin.pl\/ops\/wp-content\/uploads\/2017\/06\/link.png\" alt=\"\" width=\"32\" height=\"31\" class=\"aligncenter size-full wp-image-1094\" \/><\/td><td class=\"column-2\"><a href=\"https:\/\/miasto.radlin.pl\" target=\"_blank\">Miasto Radlin<\/a> <i class=\"fa fa-external-link\" aria-hidden=\"true\"><\/i><\/td><td class=\"column-3\">Strona Urz\u0119du Miasta Radlin<\/td>\n<\/tr>\n<tr class=\"row-3\">\n\t<td class=\"column-1\"><img loading=\"lazy\" decoding=\"async\" src=\"http:\/\/ops.radlin.pl\/ops\/wp-content\/uploads\/2017\/06\/link.png\" alt=\"\" width=\"32\" height=\"31\" class=\"aligncenter size-full wp-image-1094\" \/><\/td><td class=\"column-2\"><a href=\"http:\/\/mok.radlin.pl\" target=\"_blank\">Miejski O\u015brodek Kultury<\/a> <i class=\"fa fa-external-link\" aria-hidden=\"true\"><\/i><\/td><td class=\"column-3\">Strona radli\u0144skiego MOK'u<\/td>\n<\/tr>\n<tr class=\"row-4\">\n\t<td class=\"column-1\"><img loading=\"lazy\" decoding=\"async\" src=\"http:\/\/ops.radlin.pl\/ops\/wp-content\/uploads\/2017\/06\/link.png\" alt=\"\" width=\"32\" height=\"31\" class=\"aligncenter size-full wp-image-1094\" \/><\/td><td class=\"column-2\"><a href=\"http:\/\/www.ska.radlin.pl\/ska\" target=\"_blank\">Stowarzyszenie Kobiet Aktywnych<\/a> <i class=\"fa fa-external-link\" aria-hidden=\"true\"><\/i><\/td><td class=\"column-3\">Strona Stowarzyszenia Kobiet Aktywnych w Radlinie<\/td>\n<\/tr>\n<\/tbody>\n<\/table>\n<!-- #tablepress-26 from cache -->\n&nbsp;<\/p>\n<h3 style=\"text-align: center;\"><strong>Strony z naszego regionu<\/strong><\/h3>\n<p>&nbsp;<br \/>\n\n<table id=\"tablepress-27\" class=\"tablepress tablepress-id-27\">\n<thead>\n<tr class=\"row-1\">\n\t<td class=\"column-1\"><\/td><th class=\"column-2\">Link<\/th><th class=\"column-3\">Opis<\/th>\n<\/tr>\n<\/thead>\n<tbody class=\"row-striping row-hover\">\n<tr class=\"row-2\">\n\t<td class=\"column-1\"><img loading=\"lazy\" decoding=\"async\" src=\"http:\/\/ops.radlin.pl\/ops\/wp-content\/uploads\/2017\/06\/link.png\" alt=\"\" width=\"32\" height=\"31\" class=\"aligncenter size-full wp-image-1094\" \/><\/td><td class=\"column-2\"><a href=\"http:\/\/www.cris.org.pl\" target=\"_blank\">Centrum Rozwoju Inicjatyw Spo\u0142ecznych<\/a><\/td><td class=\"column-3\">Strona Stowarzyszenia CRIS<\/td>\n<\/tr>\n<tr class=\"row-3\">\n\t<td class=\"column-1\"><img loading=\"lazy\" decoding=\"async\" src=\"http:\/\/ops.radlin.pl\/ops\/wp-content\/uploads\/2017\/06\/link.png\" alt=\"\" width=\"32\" height=\"31\" class=\"aligncenter size-full wp-image-1094\" \/><\/td><td class=\"column-2\"><a href=\"http:\/\/wodzislawslaski.praca.gov.pl\" target=\"_blank\">PUP w Wodzis\u0142awiu \u015al\u0105skim<\/a><\/td><td class=\"column-3\">Strona Powiatowego Urz\u0119du Pracy w Wodzis\u0142awiu \u015al\u0105skim<\/td>\n<\/tr>\n<tr class=\"row-4\">\n\t<td class=\"column-1\"><img loading=\"lazy\" decoding=\"async\" src=\"http:\/\/ops.radlin.pl\/ops\/wp-content\/uploads\/2017\/06\/link.png\" alt=\"\" width=\"32\" height=\"31\" class=\"aligncenter size-full wp-image-1094\" \/><\/td><td class=\"column-2\"><a href=\"http:\/\/www.powiatwodzislawski.pl\" target=\"_blank\">Starostwo Powiatowe<\/a><\/td><td class=\"column-3\">Strona Starostwa Powiatowego w Wodzis\u0142awiu \u015al\u0105skim<\/td>\n<\/tr>\n<tr class=\"row-5\">\n\t<td class=\"column-1\"><img loading=\"lazy\" decoding=\"async\" src=\"http:\/\/ops.radlin.pl\/ops\/wp-content\/uploads\/2017\/06\/link.png\" alt=\"\" width=\"32\" height=\"31\" class=\"aligncenter size-full wp-image-1094\" \/><\/td><td class=\"column-2\"><a href=\"http:\/\/www.pcpr-wodzislaw.pl\" target=\"_blank\">PCPR w Wodzis\u0142awiu \u015al.<\/a><\/td><td class=\"column-3\">Strona Powiatowego Centrum Pomocy rodzinie w Wodzis\u0142awiu \u015al\u0105skim<\/td>\n<\/tr>\n<tr class=\"row-6\">\n\t<td class=\"column-1\"><img loading=\"lazy\" decoding=\"async\" src=\"http:\/\/ops.radlin.pl\/ops\/wp-content\/uploads\/2017\/06\/link.png\" alt=\"\" width=\"32\" height=\"31\" class=\"aligncenter size-full wp-image-1094\" \/><\/td><td class=\"column-2\"><a href=\"http:\/\/wodzislaw-slaski.pl\" target=\"_blank\">Miasto Wodzis\u0142aw \u015al\u0105ski<\/a><\/td><td class=\"column-3\">Strona Urz\u0119du Miasta Wodzis\u0142aw \u015al\u0105ski<\/td>\n<\/tr>\n<tr class=\"row-7\">\n\t<td class=\"column-1\"><img loading=\"lazy\" decoding=\"async\" src=\"http:\/\/ops.radlin.pl\/ops\/wp-content\/uploads\/2017\/06\/link.png\" alt=\"\" width=\"32\" height=\"31\" class=\"aligncenter size-full wp-image-1094\" \/><\/td><td class=\"column-2\"><a href=\"https:\/\/www.rybnik.eu\" target=\"_blank\">Miasto Rybnik<\/a><\/td><td class=\"column-3\">Strona Urz\u0119du Miasta Rybnik<\/td>\n<\/tr>\n<tr class=\"row-8\">\n\t<td class=\"column-1\"><img loading=\"lazy\" decoding=\"async\" src=\"http:\/\/ops.radlin.pl\/ops\/wp-content\/uploads\/2017\/06\/link.png\" alt=\"\" width=\"32\" height=\"31\" class=\"aligncenter size-full wp-image-1094\" \/><\/td><td class=\"column-2\"><a href=\"http:\/\/www.pszow.pl\" target=\"_blank\">Miasto Psz\u00f3w<\/a><\/td><td class=\"column-3\">Strona Urz\u0119du Miasta Psz\u00f3w<\/td>\n<\/tr>\n<tr class=\"row-9\">\n\t<td class=\"column-1\"><img loading=\"lazy\" decoding=\"async\" src=\"http:\/\/ops.radlin.pl\/ops\/wp-content\/uploads\/2017\/06\/link.png\" alt=\"\" width=\"32\" height=\"31\" class=\"aligncenter size-full wp-image-1094\" \/><\/td><td class=\"column-2\"><a href=\"http:\/\/www.rydultowy.pl\" target=\"_blank\">Miasto Rydu\u0142towy<\/a><\/td><td class=\"column-3\">Strona Urz\u0119du Miasta Rydu\u0142towy<\/td>\n<\/tr>\n<tr class=\"row-10\">\n\t<td class=\"column-1\"><img loading=\"lazy\" decoding=\"async\" src=\"http:\/\/ops.radlin.pl\/ops\/wp-content\/uploads\/2017\/06\/link.png\" alt=\"\" width=\"32\" height=\"31\" class=\"aligncenter size-full wp-image-1094\" \/><\/td><td class=\"column-2\"><a href=\"http:\/\/www.marklowice.pl\" target=\"_blank\">Gmina Marklowice<\/a><\/td><td class=\"column-3\">Strona Urz\u0119du Gminy Rydu\u0142towy<\/td>\n<\/tr>\n<\/tbody>\n<\/table>\n<!-- #tablepress-27 from cache -->\n&nbsp;<\/p>\n<h3 style=\"text-align: center;\"><strong>Strony urz\u0119d\u00f3w centralnych i regionalnych<\/strong><\/h3>\n<p>&nbsp;<br \/>\n\n<table id=\"tablepress-29\" class=\"tablepress tablepress-id-29\">\n<thead>\n<tr class=\"row-1\">\n\t<td class=\"column-1\"><\/td><th class=\"column-2\">Link<\/th><th class=\"column-3\">Opis<\/th>\n<\/tr>\n<\/thead>\n<tbody class=\"row-striping row-hover\">\n<tr class=\"row-2\">\n\t<td class=\"column-1\"><img loading=\"lazy\" decoding=\"async\" src=\"http:\/\/ops.radlin.pl\/ops\/wp-content\/uploads\/2017\/06\/link.png\" alt=\"\" width=\"32\" height=\"31\" class=\"aligncenter size-full wp-image-1094\" \/><\/td><td class=\"column-2\"><a href=\"https:\/\/www.gov.pl\/web\/rodzina\" target=\"_blank\">MRPiPS<\/a><\/td><td class=\"column-3\">Strona Ministerstwa Rodziny, Pracy i Polityki Spo\u0142ecznej<\/td>\n<\/tr>\n<tr class=\"row-3\">\n\t<td class=\"column-1\"><img loading=\"lazy\" decoding=\"async\" src=\"http:\/\/ops.radlin.pl\/ops\/wp-content\/uploads\/2017\/06\/link.png\" alt=\"\" width=\"32\" height=\"31\" class=\"aligncenter size-full wp-image-1094\" \/><\/td><td class=\"column-2\"><a href=\"http:\/\/brpd.gov.pl\" target=\"_blank\">Rzecznik Praw Dziecka<\/a><\/td><td class=\"column-3\">Strona Rzecznika Praw Dziecka w Polsce<\/td>\n<\/tr>\n<tr class=\"row-4\">\n\t<td class=\"column-1\"><img loading=\"lazy\" decoding=\"async\" src=\"http:\/\/ops.radlin.pl\/ops\/wp-content\/uploads\/2017\/06\/link.png\" alt=\"\" width=\"32\" height=\"31\" class=\"aligncenter size-full wp-image-1094\" \/><\/td><td class=\"column-2\"><a href=\"https:\/\/www.rpo.gov.pl\" target=\"_blank\">Rzecznik Praw Obywatelskich<\/a><\/td><td class=\"column-3\">Strona Rzecznika Praw Obywatelskich<\/td>\n<\/tr>\n<tr class=\"row-5\">\n\t<td class=\"column-1\"><img loading=\"lazy\" decoding=\"async\" src=\"http:\/\/ops.radlin.pl\/ops\/wp-content\/uploads\/2017\/06\/link.png\" alt=\"\" width=\"32\" height=\"31\" class=\"aligncenter size-full wp-image-1094\" \/><\/td><td class=\"column-2\"><a href=\"http:\/\/www.pfron.org.pl\" target=\"_blank\">PFRON<\/a><\/td><td class=\"column-3\">Strona Pa\u0144stwowego Funduszu Rehabilitacji Os\u00f3b Niepe\u0142nosprawnych<\/td>\n<\/tr>\n<tr class=\"row-6\">\n\t<td class=\"column-1\"><img loading=\"lazy\" decoding=\"async\" src=\"http:\/\/ops.radlin.pl\/ops\/wp-content\/uploads\/2017\/06\/link.png\" alt=\"\" width=\"32\" height=\"31\" class=\"aligncenter size-full wp-image-1094\" \/><\/td><td class=\"column-2\"><a href=\"https:\/\/rops-katowice.pl\" target=\"_blank\">ROPS Katowice<\/a><\/td><td class=\"column-3\">Strona Regionalnego O\u015brodka Polityki Spo\u0142ecznej<\/td>\n<\/tr>\n<tr class=\"row-7\">\n\t<td class=\"column-1\"><img loading=\"lazy\" decoding=\"async\" src=\"http:\/\/ops.radlin.pl\/ops\/wp-content\/uploads\/2017\/06\/link.png\" alt=\"\" width=\"32\" height=\"31\" class=\"aligncenter size-full wp-image-1094\" \/><\/td><td class=\"column-2\"><a href=\"https:\/\/stat.gov.pl\/index.php\" target=\"_blank\">G\u0142\u00f3wny Urz\u0105d Statystyczny<\/a><\/td><td class=\"column-3\">Strona G\u0142\u00f3wnego Urz\u0119du Statystycznego<\/td>\n<\/tr>\n<tr class=\"row-8\">\n\t<td class=\"column-1\"><img loading=\"lazy\" decoding=\"async\" src=\"http:\/\/ops.radlin.pl\/ops\/wp-content\/uploads\/2017\/06\/link.png\" alt=\"\" width=\"32\" height=\"31\" class=\"aligncenter size-full wp-image-1094\" \/><\/td><td class=\"column-2\"><a href=\"https:\/\/www.uokik.gov.pl\" target=\"_blank\">Urz\u0105d Ochrony Konkurencji i Konsument\u00f3w <\/a><\/td><td class=\"column-3\">Strona Urzedu Ochrony Konkurencji i Konsument\u00f3w <\/td>\n<\/tr>\n<tr class=\"row-9\">\n\t<td class=\"column-1\"><img loading=\"lazy\" decoding=\"async\" src=\"http:\/\/ops.radlin.pl\/ops\/wp-content\/uploads\/2017\/06\/link.png\" alt=\"\" width=\"32\" height=\"31\" class=\"aligncenter size-full wp-image-1094\" \/><\/td><td class=\"column-2\"><a href=\"https:\/\/uodo.gov.pl\/\" target=\"_blank\">Urz\u0105d Ochrony Danych Osobowych<\/a><\/td><td class=\"column-3\">Serwis Urz\u0119du Ochrony Danych Osobowych<\/td>\n<\/tr>\n<\/tbody>\n<\/table>\n<!-- #tablepress-29 from cache -->\n&nbsp;<\/p>\n<h3 style=\"text-align: center;\"><strong>Pozosta\u0142e strony<\/strong><\/h3>\n<p>&nbsp;<br \/>\n\n<table id=\"tablepress-28\" class=\"tablepress tablepress-id-28\">\n<thead>\n<tr class=\"row-1\">\n\t<td class=\"column-1\"><\/td><th class=\"column-2\">Link<\/th><th class=\"column-3\">Opis<\/th>\n<\/tr>\n<\/thead>\n<tbody class=\"row-striping row-hover\">\n<tr class=\"row-2\">\n\t<td class=\"column-1\"><img loading=\"lazy\" decoding=\"async\" src=\"http:\/\/ops.radlin.pl\/ops\/wp-content\/uploads\/2017\/06\/link.png\" alt=\"\" width=\"32\" height=\"31\" class=\"aligncenter size-full wp-image-1094\" \/><\/td><td class=\"column-2\"><a href=\"http:\/\/www.ngo.pl\" target=\"_blank\">Portal organizacji pozarz\u0105dowych<\/a><\/td><td class=\"column-3\">Portal organizacji pozarz\u0105dowych<\/td>\n<\/tr>\n<tr class=\"row-3\">\n\t<td class=\"column-1\"><img loading=\"lazy\" decoding=\"async\" src=\"http:\/\/ops.radlin.pl\/ops\/wp-content\/uploads\/2017\/06\/link.png\" alt=\"\" width=\"32\" height=\"31\" class=\"aligncenter size-full wp-image-1094\" \/><\/td><td class=\"column-2\"><a href=\"http:\/\/ops.pl\" target=\"_blank\">\tPortal Pomocy Spo\u0142ecznej<\/a><\/td><td class=\"column-3\">Portal Pomocy Spo\u0142ecznej<\/td>\n<\/tr>\n<\/tbody>\n<\/table>\n<!-- #tablepress-28 from cache -->\n&nbsp;<\/p>\n","protected":false},"excerpt":{"rendered":"<p>Strony z naszego miasta &nbsp; &nbsp; Strony z naszego regionu &nbsp; &nbsp; Strony urz\u0119d\u00f3w centralnych i regionalnych &nbsp; &nbsp; Pozosta\u0142e strony &nbsp; &nbsp;<\/p>\n","protected":false},"author":1,"featured_media":0,"parent":0,"menu_order":0,"comment_status":"closed","ping_status":"closed","template":"","meta":{"footnotes":""},"class_list":["post-923","page","type-page","status-publish","czr-hentry"],"aioseo_notices":[],"_links":{"self":[{"href":"https:\/\/ops.radlin.pl\/ops\/wp-json\/wp\/v2\/pages\/923","targetHints":{"allow":["GET"]}}],"collection":[{"href":"https:\/\/ops.radlin.pl\/ops\/wp-json\/wp\/v2\/pages"}],"about":[{"href":"https:\/\/ops.radlin.pl\/ops\/wp-json\/wp\/v2\/types\/page"}],"author":[{"embeddable":true,"href":"https:\/\/ops.radlin.pl\/ops\/wp-json\/wp\/v2\/users\/1"}],"replies":[{"embeddable":true,"href":"https:\/\/ops.radlin.pl\/ops\/wp-json\/wp\/v2\/comments?post=923"}],"version-history":[{"count":15,"href":"https:\/\/ops.radlin.pl\/ops\/wp-json\/wp\/v2\/pages\/923\/revisions"}],"predecessor-version":[{"id":2468,"href":"https:\/\/ops.radlin.pl\/ops\/wp-json\/wp\/v2\/pages\/923\/revisions\/2468"}],"wp:attachment":[{"href":"https:\/\/ops.radlin.pl\/ops\/wp-json\/wp\/v2\/media?parent=923"}],"curies":[{"name":"wp","href":"https:\/\/api.w.org\/{rel}","templated":true}]}}